{"id":1824,"date":"2021-04-24T14:28:00","date_gmt":"2021-04-24T12:28:00","guid":{"rendered":"https:\/\/poedelwitz.test.dorde.de\/home\/"},"modified":"2025-07-31T13:00:44","modified_gmt":"2025-07-31T11:00:44","slug":"vision","status":"publish","type":"page","link":"https:\/\/www.poedelwitz.de\/de\/vision","title":{"rendered":"Unsere Vision"},"content":{"rendered":"\n<div style=\"height:100px\" aria-hidden=\"true\" class=\"wp-block-spacer\"><\/div>\n\n\n\n\n\n<hr class=\"wp-block-separator has-alpha-channel-opacity\"\/>\n\n\n\n<div style=\"height:49px\" aria-hidden=\"true\" class=\"wp-block-spacer\"><\/div>\n\n\n\n<h1 class=\"wp-block-heading has-text-align-center\"><span style=\"color: var(--nv-primary-accent);\" class=\"stk-highlight\">P\u00f6delwitz \u2013 ein Modelldorf der \u00f6kologischen und sozialen Nachhaltigkeit<\/span><\/h1>\n\n\n\n<p class=\"has-medium-font-size\"><strong>Jahrzehntelang war P\u00f6delwitz vom Braunkohle-Tagebau gepr\u00e4gt \u2013 erst als Arbeitsplatz und sp\u00e4ter als Bedrohung durch Abbaggerung und der damit einhergehenden Absiedlung. Der Braunkohletagebau hat nicht nur die Erde aufgerissen, sondern auch die Dorfgemeinschaft erodiert und verweht. Mit dem Kohleausstieg und der Bewahrung vor der Abbaggerung muss sich P\u00f6delwitz neu erfinden. <\/strong><\/p>\n\n\n\n<p class=\"has-medium-font-size\">Wir wollen diesen Prozess proaktiv gestalten und eine Vorreiterrolle einnehmen f\u00fcr all die anderen Orte in Strukturwandelregionen, die in den n\u00e4chsten Jahrzehnten neue Formen des Lebens, des Arbeitens und des Wirtschaftens finden m\u00fcssen. Wir wollen inmitten der globalen Urbanisierung eine kleine Einheit bilden, die gesellschaftliche Transformation praktisch erprobt und sich mit anderen einzigartigen Orten verbindet, die zukunftsf\u00e4hige Lebensstile erfinden. Unsere G\u00e4ste wollen wir f\u00fcr ein lebenswertes Morgen begeistern \u2013 nicht nur in \u00f6kologischer, sondern auch in kultureller, sozialer und \u00f6konomischer Hinsicht. Auf dieser Seite k\u00f6nnen Sie mehr \u00fcber unsere Vision f\u00fcr P\u00f6delwitz erfahren.<\/p>\n\n\n\n<h2 class=\"wp-block-heading\"><a href=\"#positionspapier\" title=\"\"><strong>Zum Positionspapier springen.<\/strong><\/a><\/h2>\n\n\n\n<div style=\"height:100px\" aria-hidden=\"true\" class=\"wp-block-spacer\"><\/div>\n\n\n\n<div style=\"height:0px\" aria-hidden=\"true\" class=\"wp-block-spacer\"><\/div>\n\n\n\n<div class=\"wp-block-columns is-layout-flex wp-container-core-columns-is-layout-9d6595d7 wp-block-columns-is-layout-flex\">\n<div class=\"wp-block-column is-layout-flow wp-block-column-is-layout-flow\" style=\"flex-basis:100%\">\n<div class=\"wp-block-stackable-columns alignwide stk-block-columns stk-block stk-570000e\" data-block-id=\"570000e\"><div class=\"stk-row stk-inner-blocks stk-block-content stk-content-align stk-570000e-column alignwide\">\n<div class=\"wp-block-stackable-column stk-block-column stk-column stk-block stk-7f3332a\" data-v=\"4\" data-block-id=\"7f3332a\"><style>@media screen and (min-width:768px){.stk-7f3332a{flex:var(--stk-flex-grow,1) 1 calc(30.9% - var(--stk-column-gap,0px) * 1 \/ 2 ) !important}}<\/style><div class=\"stk-column-wrapper stk-block-column__content stk-container stk-7f3332a-container stk--no-background stk--no-padding\"><div class=\"stk-block-content stk-inner-blocks stk-7f3332a-inner-blocks\">\n<figure class=\"wp-block-image size-large is-resized animated slideInLeft\"><img decoding=\"async\" width=\"691\" height=\"1024\" src=\"https:\/\/www.poedelwitz.de\/wp-content\/uploads\/2022\/02\/korb-691x1024.png\" alt=\"\" class=\"wp-image-3626\" style=\"width:346px;height:512px\" srcset=\"https:\/\/www.poedelwitz.de\/wp-content\/uploads\/2022\/02\/korb-691x1024.png 691w, https:\/\/www.poedelwitz.de\/wp-content\/uploads\/2022\/02\/korb-202x300.png 202w, https:\/\/www.poedelwitz.de\/wp-content\/uploads\/2022\/02\/korb-8x12.png 8w, https:\/\/www.poedelwitz.de\/wp-content\/uploads\/2022\/02\/korb.png 696w\" sizes=\"(max-width: 691px) 100vw, 691px\" \/><\/figure>\n<\/div><\/div><\/div>\n\n\n\n<div class=\"wp-block-stackable-column stk-block-column stk-column stk-block stk-f397c07\" data-v=\"4\" data-block-id=\"f397c07\"><style>@media screen and (min-width:768px){.stk-f397c07{flex:var(--stk-flex-grow,1) 1 calc(69.1% - var(--stk-column-gap,0px) * 1 \/ 2 ) !important}}<\/style><div class=\"stk-column-wrapper stk-block-column__content stk-container stk-f397c07-container stk--no-background stk--no-padding\"><div class=\"stk-block-content stk-inner-blocks stk-f397c07-inner-blocks\">\n<h1 class=\"wp-block-heading has-large-font-size\" id=\"umwelt-und-klimaschutz-als-grundsatz\">Umwelt- und Klimaschutz als Grundsatz<\/h1>\n\n\n\n<p class=\"has-medium-font-size\">Die Klimakrise ist die gr\u00f6\u00dfte Herausforderung unserer Gesellschaft. Wir m\u00fcssen heute die Weichen daf\u00fcr stellen, dass auch zuk\u00fcnftige Generationen noch in einer lebenswerten Welt leben k\u00f6nnen. Aus diesem Grund stehen alle Strukturen und Prozesse, die wir in P\u00f6delwitz schaffen unter der Ma\u00dfgabe des Klima- und Umweltschutzes.<\/p>\n<\/div><\/div><\/div>\n<\/div><\/div>\n<\/div>\n<\/div>\n\n\n\n<div style=\"height:100px\" aria-hidden=\"true\" class=\"wp-block-spacer\"><\/div>\n\n\n\n<div class=\"wp-block-columns alignwide are-vertically-aligned-center ColumnPictureRight is-layout-flex wp-container-core-columns-is-layout-9d6595d7 wp-block-columns-is-layout-flex\">\n<div class=\"wp-block-column is-vertically-aligned-center is-layout-flow wp-block-column-is-layout-flow\" style=\"flex-basis:58%\">\n<h1 class=\"wp-block-heading has-large-font-size\" id=\"leben-organisieren-und-arbeiten-in-gemeinschaft\">Leben, Organisieren und Arbeiten in Gemeinschaft<\/h1>\n\n\n\n<p class=\"has-medium-font-size\">Die brennenden Fragen unserer Zeit kann kein Mensch alleine beantworten. Daher stehen Gemeinschaftsbildung und die Entwicklung eines solidarischen Miteinanders ganz oben auf unserer Agenda. Wir planen in kollektiven und partizipativen Prozessen und entscheiden basisdemokratisch. Damit geben wir Allen im Ort die M\u00f6glichkeit sich einzubringen und an Entscheidungen teilzuhaben. Uns ist bewusst, dass diese Prozesse ge\u00fcbt werden m\u00fcssen, dass sie teilweise l\u00e4nger dauern und die Teilnehmenden auch Ambivalenzen aushalten m\u00fcssen \u2013 die Vorteile \u00fcberwiegen aber klar.<\/p>\n<\/div>\n\n\n\n<div class=\"wp-block-column is-vertically-aligned-center is-layout-flow wp-block-column-is-layout-flow\" style=\"flex-basis:42%\">\n<figure class=\"wp-block-image size-full animated slideInRight delay-100ms faster\"><img decoding=\"async\" width=\"749\" height=\"800\" src=\"https:\/\/www.poedelwitz.de\/wp-content\/uploads\/2022\/02\/coworking.png\" alt=\"\" class=\"wp-image-3624\" srcset=\"https:\/\/www.poedelwitz.de\/wp-content\/uploads\/2022\/02\/coworking.png 749w, https:\/\/www.poedelwitz.de\/wp-content\/uploads\/2022\/02\/coworking-281x300.png 281w, https:\/\/www.poedelwitz.de\/wp-content\/uploads\/2022\/02\/coworking-11x12.png 11w\" sizes=\"(max-width: 749px) 100vw, 749px\" \/><\/figure>\n<\/div>\n<\/div>\n\n\n\n<div style=\"height:100px\" aria-hidden=\"true\" class=\"wp-block-spacer\"><\/div>\n\n\n\n<div class=\"wp-block-columns is-layout-flex wp-container-core-columns-is-layout-9d6595d7 wp-block-columns-is-layout-flex\">\n<div class=\"wp-block-column is-vertically-aligned-center is-layout-flow wp-block-column-is-layout-flow\" style=\"flex-basis:42%\">\n<figure class=\"wp-block-image size-full animated slideInLeft\"><img decoding=\"async\" width=\"800\" height=\"792\" src=\"https:\/\/www.poedelwitz.de\/wp-content\/uploads\/2022\/02\/SolaWi.png\" alt=\"\" class=\"wp-image-3601\" srcset=\"https:\/\/www.poedelwitz.de\/wp-content\/uploads\/2022\/02\/SolaWi.png 800w, https:\/\/www.poedelwitz.de\/wp-content\/uploads\/2022\/02\/SolaWi-300x297.png 300w, https:\/\/www.poedelwitz.de\/wp-content\/uploads\/2022\/02\/SolaWi-768x760.png 768w, https:\/\/www.poedelwitz.de\/wp-content\/uploads\/2022\/02\/SolaWi-12x12.png 12w\" sizes=\"(max-width: 800px) 100vw, 800px\" \/><\/figure>\n<\/div>\n\n\n\n<div class=\"wp-block-column is-vertically-aligned-center is-layout-flow wp-block-column-is-layout-flow\" style=\"flex-basis:58%\">\n<h1 class=\"wp-block-heading\" id=\"ein-ort-der-kurzen-wege-in-podelwitz-wohnen-und-arbeiten\">Ein Ort der kurzen Wege \u2013<br>in P\u00f6delwitz wohnen und arbeiten<\/h1>\n\n\n\n<p class=\"has-medium-font-size\">P\u00f6delwitz zeichnet sich dadurch aus, dass viele Menschen dort ihren Lebensmittelpunkt haben. Wohnen, Arbeiten und Freizeit verbindet sich. Das Gem\u00fcse wird auf Feldern in der Region angebaut und im Dorfladen angeboten oder direkt in der Dorfkantine oder dem Dorfcaf\u00e9 verarbeitet. Der l\u00e4ndliche Coworking-Space ersetzt die t\u00e4gliche Fahrt ins Leipziger B\u00fcro und bietet mit seinem schnellen Internet, dem Besprechungsraum, dem gemeinschaftlichen Kopierer und mehr eine viel bessere Infrastruktur als das Homeoffice. Das Kulturzentrum bietet Raum f\u00fcr Veranstaltungen wie lesungen, Konzerte oder Diskussionsabende. Diese Konzepte sollen in die Region strahlen und Menschen aus den umliegenden Ortschaften anziehen.<\/p>\n<\/div>\n<\/div>\n\n\n\n<div style=\"height:100px\" aria-hidden=\"true\" class=\"wp-block-spacer\"><\/div>\n\n\n\n<div class=\"wp-block-columns alignwide ColumnPictureRight is-layout-flex wp-container-core-columns-is-layout-9d6595d7 wp-block-columns-is-layout-flex\">\n<div class=\"wp-block-column is-layout-flow wp-block-column-is-layout-flow\" style=\"flex-basis:58%\">\n<h1 class=\"wp-block-heading has-large-font-size\" id=\"neue-formen-des-wirtschaftens-und-besitzens-ausprobieren-und-lernen\">Neue Formen des Wirtschaftens und Besitzens ausprobieren und lernen<\/h1>\n\n\n\n<p class=\"has-medium-font-size\">Die meisten von uns sind in einer Welt aufgewachsen, in der alle G\u00fcter Felder, W\u00e4lder und Grundst\u00fccke jemandem geh\u00f6ren \u2013 seien es Institutionen oder Personen. Das war nicht immer so, in fr\u00fcheren Zeiten gab es eine Vielzahl an Gemeing\u00fctern (Commons), auf die alle zugreifen konnten. Die erlernten Prozesse von Besitz und Tauschlogik wollen wir reflektieren und teilweise versuchen im Alltag zu \u00fcberwinden. Wir wollen Techniken und Strukturen schaffen und Strategien finden, die Teilen und das Schaffen von Gemeing\u00fctern erleichtern. Dieses Gelernte wollen wir wiederum an andere weitergeben.<\/p>\n<\/div>\n\n\n\n<div class=\"wp-block-column is-layout-flow wp-block-column-is-layout-flow\" style=\"flex-basis:42%\">\n<figure class=\"wp-block-image size-full animated slideInRight\"><img decoding=\"async\" width=\"800\" height=\"738\" src=\"https:\/\/www.poedelwitz.de\/wp-content\/uploads\/2022\/02\/laden.png\" alt=\"\" class=\"wp-image-3607\" srcset=\"https:\/\/www.poedelwitz.de\/wp-content\/uploads\/2022\/02\/laden.png 800w, https:\/\/www.poedelwitz.de\/wp-content\/uploads\/2022\/02\/laden-300x277.png 300w, https:\/\/www.poedelwitz.de\/wp-content\/uploads\/2022\/02\/laden-768x708.png 768w, https:\/\/www.poedelwitz.de\/wp-content\/uploads\/2022\/02\/laden-13x12.png 13w\" sizes=\"(max-width: 800px) 100vw, 800px\" \/><\/figure>\n<\/div>\n<\/div>\n\n\n\n<div style=\"height:100px\" aria-hidden=\"true\" class=\"wp-block-spacer\"><\/div>\n\n\n\n<div class=\"wp-block-columns alignwide is-layout-flex wp-container-core-columns-is-layout-9d6595d7 wp-block-columns-is-layout-flex\">\n<div class=\"wp-block-column is-vertically-aligned-center is-layout-flow wp-block-column-is-layout-flow\" style=\"flex-basis:42%\">\n<figure class=\"wp-block-image size-full animated slideInLeft\"><img decoding=\"async\" width=\"800\" height=\"702\" src=\"https:\/\/www.poedelwitz.de\/wp-content\/uploads\/2022\/02\/carsharing.png\" alt=\"\" class=\"wp-image-3605\" srcset=\"https:\/\/www.poedelwitz.de\/wp-content\/uploads\/2022\/02\/carsharing.png 800w, https:\/\/www.poedelwitz.de\/wp-content\/uploads\/2022\/02\/carsharing-300x263.png 300w, https:\/\/www.poedelwitz.de\/wp-content\/uploads\/2022\/02\/carsharing-768x674.png 768w, https:\/\/www.poedelwitz.de\/wp-content\/uploads\/2022\/02\/carsharing-14x12.png 14w\" sizes=\"(max-width: 800px) 100vw, 800px\" \/><\/figure>\n<\/div>\n\n\n\n<div class=\"wp-block-column is-layout-flow wp-block-column-is-layout-flow\" style=\"flex-basis:58%\">\n<h1 class=\"wp-block-heading has-large-font-size\" id=\"nachhaltige-mobilitat\">Nachhaltige Mobilit\u00e4t<\/h1>\n\n\n\n<p class=\"has-medium-font-size\">Auch wir k\u00f6nnen und wollen nicht auf Mobilit\u00e4t verzichten, doch wir wollen sie demokratisieren und \u00f6kologisch nachhaltig gestalten. Statt Privatautos, die den Gro\u00dfteil der Zeit nicht bewegt werden, setzen wir auf privates Carsharing. Private Autos aller Gr\u00f6\u00dfe werden dorfintern per App verliehen. Auch Fahrgemeinschaften werden mit der App einfach organisiert.<\/p>\n<\/div>\n<\/div>\n\n\n\n<div style=\"height:100px\" aria-hidden=\"true\" class=\"wp-block-spacer\"><\/div>\n\n\n\n<div class=\"wp-block-columns alignwide are-vertically-aligned-center is-layout-flex wp-container-core-columns-is-layout-9d6595d7 wp-block-columns-is-layout-flex\">\n<div class=\"wp-block-column is-vertically-aligned-center ColumnPictureRight is-layout-flow wp-block-column-is-layout-flow\" style=\"flex-basis:58%\">\n<h1 class=\"wp-block-heading has-large-font-size\" id=\"energie-und-warmeversorgung-umweltbewusst-und-selbstgemacht\">Energie- und W\u00e4rmeversorgung umweltbewusst und selbstgemacht<\/h1>\n\n\n\n<p class=\"has-medium-font-size\">Mit einer eigenen Energie- und W\u00e4rmeversorgung aus erneuerbaren Energien schaffen wir eine eigene unabh\u00e4ngige und resiliente Infrastruktur und erzeugen die Energie dort, wo sie verbraucht wird. Damit leisten wir einen Beitrag zum Ausbau der erneuerbaren Energien und zu den Zielen des Klimaschutzgesetzes.<\/p>\n<\/div>\n\n\n\n<div class=\"wp-block-column is-vertically-aligned-center is-layout-flow wp-block-column-is-layout-flow\" style=\"flex-basis:42%\">\n<figure class=\"wp-block-image size-full animated slideInRight\"><img decoding=\"async\" width=\"753\" height=\"800\" src=\"https:\/\/www.poedelwitz.de\/wp-content\/uploads\/2022\/02\/po\u0308del-blitz.png\" alt=\"\" class=\"wp-image-3603\" srcset=\"https:\/\/www.poedelwitz.de\/wp-content\/uploads\/2022\/02\/po\u0308del-blitz.png 753w, https:\/\/www.poedelwitz.de\/wp-content\/uploads\/2022\/02\/po\u0308del-blitz-282x300.png 282w, https:\/\/www.poedelwitz.de\/wp-content\/uploads\/2022\/02\/po\u0308del-blitz-11x12.png 11w\" sizes=\"(max-width: 753px) 100vw, 753px\" \/><\/figure>\n<\/div>\n<\/div>\n\n\n\n<div style=\"height:100px\" aria-hidden=\"true\" class=\"wp-block-spacer\"><\/div>\n\n\n\n<div class=\"wp-block-columns alignwide are-vertically-aligned-center is-layout-flex wp-container-core-columns-is-layout-9d6595d7 wp-block-columns-is-layout-flex\">\n<div class=\"wp-block-column is-vertically-aligned-center is-layout-flow wp-block-column-is-layout-flow\" style=\"flex-basis:42%\">\n<figure class=\"wp-block-image size-full animated slideInLeft\"><img decoding=\"async\" width=\"800\" height=\"464\" src=\"https:\/\/www.poedelwitz.de\/wp-content\/uploads\/2022\/02\/wagenplatz.png\" alt=\"\" class=\"wp-image-3620\" srcset=\"https:\/\/www.poedelwitz.de\/wp-content\/uploads\/2022\/02\/wagenplatz.png 800w, https:\/\/www.poedelwitz.de\/wp-content\/uploads\/2022\/02\/wagenplatz-300x174.png 300w, https:\/\/www.poedelwitz.de\/wp-content\/uploads\/2022\/02\/wagenplatz-768x445.png 768w, https:\/\/www.poedelwitz.de\/wp-content\/uploads\/2022\/02\/wagenplatz-18x10.png 18w\" sizes=\"(max-width: 800px) 100vw, 800px\" \/><\/figure>\n<\/div>\n\n\n\n<div class=\"wp-block-column is-vertically-aligned-center is-layout-flow wp-block-column-is-layout-flow\" style=\"flex-basis:58%\">\n<h1 class=\"wp-block-heading has-large-font-size\" id=\"bezahlbarer-wohnraum-fur-alle\">Bezahlbarer Wohnraum f\u00fcr Alle<\/h1>\n\n\n\n<p class=\"has-medium-font-size\">Wir wollen es erm\u00f6glichen, dass in P\u00f6delwitz alle Menschen einen Wohnraum finden, unabh\u00e4ngig von finanziellem Hintergrund, F\u00e4higkeiten oder Herkunft. Ein Blick in die umliegenden Regionen zeigt, das ist keine Selbstverst\u00e4ndlichkeit im Speckg\u00fcrtel von Leipzig, wo die neu Hinzuziehenden eine betr\u00e4chtliche Summe Geld zahlen m\u00fcssen. Auch Menschen, die Schwierigkeiten haben, auf dem freien Wohnungsmarkt ein Zuhause zu finden \u2013 wie etwa Migrant:innen \u2013 wollen wir explizit Wohnen erm\u00f6glichen. Die Wohnkonzepte sollen dabei eine gro\u00dfe Bandbreite bieten, ob Einfamilienhaus, Wagenplatz, Wohngemeinschaft oder Mehrgenerationenhaus.<\/p>\n<\/div>\n<\/div>\n\n\n\n<div style=\"height:100px\" aria-hidden=\"true\" class=\"wp-block-spacer\"><\/div>\n\n\n\n<div class=\"wp-block-columns alignwide are-vertically-aligned-center is-layout-flex wp-container-core-columns-is-layout-9d6595d7 wp-block-columns-is-layout-flex\">\n<div class=\"wp-block-column is-vertically-aligned-center ColumnPictureRight is-layout-flow wp-block-column-is-layout-flow\" style=\"flex-basis:58%\">\n<h1 class=\"wp-block-heading has-large-font-size\" id=\"generationsubergreifend-versorgt-sensibel-gepflegt\">Generations\u00fcbergreifend versorgt,<br>sensibel gepflegt<\/h1>\n\n\n\n<p class=\"has-medium-font-size\">Egal wie alt, in P\u00f6delwitz soll f\u00fcr alle gesorgt sein, alle sollen sich hier wohlf\u00fchlen! So streben wir den Aufbau einer Kita an und planen eine dorfinterne Betreuung f\u00fcr Senior:innen. Dabei ist uns wichtig, dass gepflegte Menschen sie selbst bleiben k\u00f6nnen und sich nicht dem Pflegesystem anpassen m\u00fcssen.<\/p>\n<\/div>\n\n\n\n<div class=\"wp-block-column is-vertically-aligned-center is-layout-flow wp-block-column-is-layout-flow\" style=\"flex-basis:42%\">\n<figure class=\"wp-block-image size-full animated slideInRight\"><img decoding=\"async\" width=\"800\" height=\"598\" src=\"https:\/\/www.poedelwitz.de\/wp-content\/uploads\/2022\/02\/wu\u0308hlma\u0308use.png\" alt=\"\" class=\"wp-image-3618\" srcset=\"https:\/\/www.poedelwitz.de\/wp-content\/uploads\/2022\/02\/wu\u0308hlma\u0308use.png 800w, https:\/\/www.poedelwitz.de\/wp-content\/uploads\/2022\/02\/wu\u0308hlma\u0308use-300x224.png 300w, https:\/\/www.poedelwitz.de\/wp-content\/uploads\/2022\/02\/wu\u0308hlma\u0308use-768x574.png 768w, https:\/\/www.poedelwitz.de\/wp-content\/uploads\/2022\/02\/wu\u0308hlma\u0308use-16x12.png 16w\" sizes=\"(max-width: 800px) 100vw, 800px\" \/><\/figure>\n<\/div>\n<\/div>\n\n\n\n<div style=\"height:100px\" aria-hidden=\"true\" class=\"wp-block-spacer\"><\/div>\n\n\n\n<div class=\"wp-block-columns alignwide are-vertically-aligned-center is-layout-flex wp-container-core-columns-is-layout-9d6595d7 wp-block-columns-is-layout-flex\">\n<div class=\"wp-block-column is-vertically-aligned-center is-layout-flow wp-block-column-is-layout-flow\" style=\"flex-basis:42%\">\n<figure class=\"wp-block-image size-full animated slideInLeft\"><img decoding=\"async\" width=\"800\" height=\"616\" src=\"https:\/\/www.poedelwitz.de\/wp-content\/uploads\/2022\/02\/betreutes_wohnen.png\" alt=\"\" class=\"wp-image-3609\" srcset=\"https:\/\/www.poedelwitz.de\/wp-content\/uploads\/2022\/02\/betreutes_wohnen.png 800w, https:\/\/www.poedelwitz.de\/wp-content\/uploads\/2022\/02\/betreutes_wohnen-300x231.png 300w, https:\/\/www.poedelwitz.de\/wp-content\/uploads\/2022\/02\/betreutes_wohnen-768x591.png 768w, https:\/\/www.poedelwitz.de\/wp-content\/uploads\/2022\/02\/betreutes_wohnen-16x12.png 16w\" sizes=\"(max-width: 800px) 100vw, 800px\" \/><\/figure>\n<\/div>\n\n\n\n<div class=\"wp-block-column is-vertically-aligned-center is-layout-flow wp-block-column-is-layout-flow\" style=\"flex-basis:58%\">\n<h1 class=\"wp-block-heading has-large-font-size\" id=\"inklusiver-wohnort-fur-menschen-mit-einschrankungen\">Inklusiver Wohnort f\u00fcr Menschen mit Einschr\u00e4nkungen<\/h1>\n\n\n\n<p class=\"has-medium-font-size\">Eingebettet in das Gesamtkonzept des Ortes planen wir den Aufbau eines Wohnzentrums f\u00fcr Menschen mit Einschr\u00e4nkungen. Mit den betreuten Wohn- und Aufenthaltsgeb\u00e4uden des Zentrums gibt es einen Ort des R\u00fcckzugs. Die vielf\u00e4ltige Dorfgemeinschaft und das Konzept der kurzen Wege bieten aber auch M\u00f6glichkeiten am Dorfleben teilzunehmen. Mit leichten T\u00e4tigkeiten bei der solidarischen Landwirtschaft oder anderen niedrigschwelligen Angeboten bei \u00f6rtlichen Betrieben gibt es auch R\u00e4ume, an denen die Bewohner:innen des Wohnzentrums einer Arbeit nachgehen k\u00f6nnen, die ein wichtiger Identifikationsfaktor sein kann. Das Pflegepersonal soll die M\u00f6glichkeit bekommen, mit ihren Familien in P\u00f6delwitz zu wohnen und so Teil des Konzeptes der kurzen Wege zu werden.<\/p>\n<\/div>\n<\/div>\n\n\n\n<div style=\"height:100px\" aria-hidden=\"true\" class=\"wp-block-spacer\"><\/div>\n\n\n\n<div class=\"wp-block-columns alignwide are-vertically-aligned-center is-layout-flex wp-container-core-columns-is-layout-9d6595d7 wp-block-columns-is-layout-flex\">\n<div class=\"wp-block-column is-vertically-aligned-center is-layout-flow wp-block-column-is-layout-flow\" style=\"flex-basis:58%\">\n<h1 class=\"wp-block-heading ColumnPictureRight has-large-font-size\" id=\"leben-im-einklang-mit-der-natur-fur-mehr-biodiversitat-und-bessere-boden\">Leben im Einklang mit der Natur \u2013 f\u00fcr mehr Biodiversit\u00e4t und bessere B\u00f6den<\/h1>\n\n\n\n<p class=\"has-medium-font-size\">Mit Schmetterlingswiesen, einem Mahdregime und der Verwendung alter Sorten in der Solidarischen Landwirtschaft tragen wir f\u00fcr den Erhalt und der Vergr\u00f6\u00dferung der Biodiversit\u00e4t bei. Mit dem Konzept der Permakultur bei der Solidarischen Landwirtschaft und bei verschiedenen G\u00e4rten im Ort zielen wir auf die Verbesserung des Bodens und auf einen langfristigen Bewirtschaftungskreislauf.<\/p>\n<\/div>\n\n\n\n<div class=\"wp-block-column is-vertically-aligned-center is-layout-flow wp-block-column-is-layout-flow\" style=\"flex-basis:42%\">\n<figure class=\"wp-block-image size-full animated slideInRight\"><img decoding=\"async\" width=\"651\" height=\"800\" src=\"https:\/\/www.poedelwitz.de\/wp-content\/uploads\/2022\/02\/essbares_dorf.png\" alt=\"\" class=\"wp-image-3613\" srcset=\"https:\/\/www.poedelwitz.de\/wp-content\/uploads\/2022\/02\/essbares_dorf.png 651w, https:\/\/www.poedelwitz.de\/wp-content\/uploads\/2022\/02\/essbares_dorf-244x300.png 244w, https:\/\/www.poedelwitz.de\/wp-content\/uploads\/2022\/02\/essbares_dorf-10x12.png 10w\" sizes=\"(max-width: 651px) 100vw, 651px\" \/><\/figure>\n<\/div>\n<\/div>\n\n\n\n<div style=\"height:100px\" aria-hidden=\"true\" class=\"wp-block-spacer\"><\/div>\n\n\n\n<div class=\"wp-block-columns alignwide are-vertically-aligned-center is-layout-flex wp-container-core-columns-is-layout-9d6595d7 wp-block-columns-is-layout-flex\">\n<div class=\"wp-block-column is-vertically-aligned-center is-layout-flow wp-block-column-is-layout-flow\" style=\"flex-basis:42%\">\n<figure class=\"wp-block-image size-full animated slideInLeft\"><img decoding=\"async\" width=\"800\" height=\"558\" src=\"https:\/\/www.poedelwitz.de\/wp-content\/uploads\/2022\/02\/kulturjurte.png\" alt=\"\" class=\"wp-image-3615\" srcset=\"https:\/\/www.poedelwitz.de\/wp-content\/uploads\/2022\/02\/kulturjurte.png 800w, https:\/\/www.poedelwitz.de\/wp-content\/uploads\/2022\/02\/kulturjurte-300x209.png 300w, https:\/\/www.poedelwitz.de\/wp-content\/uploads\/2022\/02\/kulturjurte-768x536.png 768w, https:\/\/www.poedelwitz.de\/wp-content\/uploads\/2022\/02\/kulturjurte-18x12.png 18w\" sizes=\"(max-width: 800px) 100vw, 800px\" \/><\/figure>\n<\/div>\n\n\n\n<div class=\"wp-block-column is-vertically-aligned-center is-layout-flow wp-block-column-is-layout-flow\" style=\"flex-basis:58%\">\n<h1 class=\"wp-block-heading has-large-font-size\" id=\"ein-zentrum-fur-kultur-und-austausch\">Ein Zentrum f\u00fcr Kultur und Austausch<\/h1>\n\n\n\n<p class=\"has-medium-font-size\">Mit einem Kulturzentrum und der Veranstaltungskirche wollen wir regelm\u00e4\u00dfige Veranstaltungen wie Workshops, Seminare, Lesungen, Konzerte, Diskussionsveranstaltungen und mehr f\u00fcr die Dorfgemeinschaft und die umliegenden Ortschaften anbieten. Damit wollen wir einen Beitrag f\u00fcr die kulturelle Vielfalt in der Region leisten.<\/p>\n<\/div>\n<\/div>\n\n\n\n<div style=\"height:100px\" aria-hidden=\"true\" class=\"wp-block-spacer\"><\/div>\n\n\n\n<div class=\"wp-block-columns alignwide are-vertically-aligned-center is-layout-flex wp-container-core-columns-is-layout-9d6595d7 wp-block-columns-is-layout-flex\">\n<div class=\"wp-block-column is-vertically-aligned-center is-layout-flow wp-block-column-is-layout-flow\" style=\"flex-basis:58%\">\n<h1 class=\"wp-block-heading has-large-font-size\" id=\"labor-lern-und-lehrort\">Labor, Lern- und Lehrort<\/h1>\n\n\n\n<p class=\"ColumnPictureRight has-medium-font-size\">F\u00fcr nachhaltige, komplexe L\u00f6sungen gibt es keine simple Blaupause, und so ist Experimentierfreude eine der wichtigsten Zutaten des Wandels. In P\u00f6delwitz lebende Menschen sind oft Lernende und Lehrende zugleich, die neben Fachkompetenz \u00fcber einen Schatz an Erfahrungswissen verf\u00fcgen. Neu gelerntes, wird im Alltag direkt umgesetzt, ausprobiert und gegebenenfalls verbessert. So flie\u00dfen die Erfahrungen zur\u00fcck in die Lerninhalte. Besucher:innen sind im Rahmen von Veranstaltungen eingeladen, vor Ort dabei zu sein: Ganzheitlich wahrnehmend einzutauchen und authentische Erfahrungen zu sammeln. Ein Seminarhaus mit Schlafm\u00f6glichkeiten schafft einen festen Rahmen f\u00fcr die Bildungsangebote, die inhaltlich von Permakulturdesign, \u00fcber Energieautarkie oder Pflege bis hin zu Orgelseminaren reichen k\u00f6nnen.<\/p>\n<\/div>\n\n\n\n<div class=\"wp-block-column is-vertically-aligned-center is-layout-flow wp-block-column-is-layout-flow\" style=\"flex-basis:42%\">\n<figure class=\"wp-block-image size-full animated slideInRight\"><img decoding=\"async\" width=\"800\" height=\"668\" src=\"https:\/\/www.poedelwitz.de\/wp-content\/uploads\/2022\/02\/ro\u0308delwitz.png\" alt=\"\" class=\"wp-image-3616\" srcset=\"https:\/\/www.poedelwitz.de\/wp-content\/uploads\/2022\/02\/ro\u0308delwitz.png 800w, https:\/\/www.poedelwitz.de\/wp-content\/uploads\/2022\/02\/ro\u0308delwitz-300x251.png 300w, https:\/\/www.poedelwitz.de\/wp-content\/uploads\/2022\/02\/ro\u0308delwitz-768x641.png 768w, https:\/\/www.poedelwitz.de\/wp-content\/uploads\/2022\/02\/ro\u0308delwitz-14x12.png 14w\" sizes=\"(max-width: 800px) 100vw, 800px\" \/><\/figure>\n<\/div>\n<\/div>\n\n\n\n<div style=\"height:100px\" aria-hidden=\"true\" class=\"wp-block-spacer\"><\/div>\n\n\n\n<div class=\"wp-block-columns alignwide are-vertically-aligned-center is-layout-flex wp-container-core-columns-is-layout-9d6595d7 wp-block-columns-is-layout-flex\">\n<div class=\"wp-block-column is-vertically-aligned-center is-layout-flow wp-block-column-is-layout-flow\" style=\"flex-basis:42%\">\n<figure class=\"wp-block-image size-full animated slideInLeft\"><img decoding=\"async\" width=\"800\" height=\"621\" src=\"https:\/\/www.poedelwitz.de\/wp-content\/uploads\/2022\/02\/bu\u0308rgihaus.png\" alt=\"\" class=\"wp-image-3622\" srcset=\"https:\/\/www.poedelwitz.de\/wp-content\/uploads\/2022\/02\/bu\u0308rgihaus.png 800w, https:\/\/www.poedelwitz.de\/wp-content\/uploads\/2022\/02\/bu\u0308rgihaus-300x233.png 300w, https:\/\/www.poedelwitz.de\/wp-content\/uploads\/2022\/02\/bu\u0308rgihaus-768x596.png 768w, https:\/\/www.poedelwitz.de\/wp-content\/uploads\/2022\/02\/bu\u0308rgihaus-15x12.png 15w\" sizes=\"(max-width: 800px) 100vw, 800px\" \/><\/figure>\n<\/div>\n\n\n\n<div class=\"wp-block-column is-vertically-aligned-center is-layout-flow wp-block-column-is-layout-flow\" style=\"flex-basis:58%\">\n<h1 class=\"wp-block-heading has-large-font-size\" id=\"austausch-mit-der-region\">Austausch mit der Region<\/h1>\n\n\n\n<p class=\"has-medium-font-size\">Ein kleiner Ort wie P\u00f6delwitz kann und soll nicht alleine funktionieren. All unsere Aktivit\u00e4ten sollen in die Region strahlen und Menschen in Austausch bringen. Wir wollen Aktivit\u00e4ten mit anderen Ortschaften gemeinsam planen Synergieffekte nutzen und uns gegenseitig unterst\u00fctzen. Infrastrukturen sollen so geplant werden, dass sie sinnvoll sind und gegebenenfalls gemeinsam genutzt werden.<\/p>\n<\/div>\n<\/div>\n\n\n\n<div style=\"height:100px\" aria-hidden=\"true\" class=\"wp-block-spacer\"><\/div>\n\n\n\n<h1 class=\"wp-block-heading has-text-align-center has-large-font-size\" id=\"das-ergebnis-eine-lebendige-dorfgemeinschaft-mit-einer-gesunden-umwelt\"><strong>Das Ergebnis: <\/strong>Eine lebendige Dorfgemeinschaft mit einer gesunden Umwelt<\/h1>\n\n\n\n<p class=\"has-medium-font-size\">All die oben genannten Ideen und Konzepte greifen ineinander und verbinden sich zu einem Gesamtkonzept, das langfristig eine lebendige Dorfgemeinschaft sichert und das Leben im Ort f\u00fcr alle Generationen attraktiv macht.<\/p>\n\n\n\n<h2 class=\"wp-block-heading has-text-align-center\" id=\"positionspapier\"><strong>Unser Positionspapier zum Lesen<\/strong><\/h2>\n\n\n\n<div data-wp-interactive=\"core\/file\" class=\"wp-block-file\"><object data-wp-bind--hidden=\"!state.hasPdfPreview\" hidden class=\"wp-block-file__embed\" data=\"https:\/\/www.poedelwitz.de\/wp-content\/uploads\/2022\/06\/Poedelwitz_Positionspapier-2022.pdf\" type=\"application\/pdf\" style=\"width:100%;height:600px\" aria-label=\"Einbettung von P\u00f6delwitz_Positionspapier-2022.\"><\/object><a id=\"wp-block-file--media-433f3792-1ab7-4cac-8c67-1ffc95e6f954\" href=\"https:\/\/www.poedelwitz.de\/wp-content\/uploads\/2022\/06\/Poedelwitz_Positionspapier-2022.pdf\">P\u00f6delwitz_Positionspapier-2022<\/a><a href=\"https:\/\/www.poedelwitz.de\/wp-content\/uploads\/2022\/06\/Poedelwitz_Positionspapier-2022.pdf\" class=\"wp-block-file__button wp-element-button\" download aria-describedby=\"wp-block-file--media-433f3792-1ab7-4cac-8c67-1ffc95e6f954\">Herunterladen<\/a><\/div>\n\n\n\n<div style=\"height:100px\" aria-hidden=\"true\" class=\"wp-block-spacer\"><\/div>\n\n\n\n<p class=\"has-text-align-right\"><strong><em>Alle Illustrationen auf dieser Seite stammen von Nadine Kradorf<\/em><\/strong><\/p>\n","protected":false},"excerpt":{"rendered":"<p>P\u00f6delwitz \u2013 ein Modelldorf der \u00f6kologischen und sozialen Nachhaltigkeit Jahrzehntelang war P\u00f6delwitz vom Braunkohle-Tagebau gepr\u00e4gt \u2013 erst als Arbeitsplatz und sp\u00e4ter als Bedrohung durch Abbaggerung und der damit einhergehenden Absiedlung. Der Braunkohletagebau hat nicht nur die Erde aufgerissen, sondern auch die Dorfgemeinschaft erodiert und verweht. Mit dem Kohleausstieg und der Bewahrung vor der Abbaggerung muss [&hellip;]<\/p>\n","protected":false},"author":1,"featured_media":0,"parent":0,"menu_order":0,"comment_status":"closed","ping_status":"closed","template":"","meta":{"inline_featured_image":false,"footnotes":""},"class_list":["post-1824","page","type-page","status-publish","hentry"],"_links":{"self":[{"href":"https:\/\/www.poedelwitz.de\/de\/wp-json\/wp\/v2\/pages\/1824","targetHints":{"allow":["GET"]}}],"collection":[{"href":"https:\/\/www.poedelwitz.de\/de\/wp-json\/wp\/v2\/pages"}],"about":[{"href":"https:\/\/www.poedelwitz.de\/de\/wp-json\/wp\/v2\/types\/page"}],"author":[{"embeddable":true,"href":"https:\/\/www.poedelwitz.de\/de\/wp-json\/wp\/v2\/users\/1"}],"replies":[{"embeddable":true,"href":"https:\/\/www.poedelwitz.de\/de\/wp-json\/wp\/v2\/comments?post=1824"}],"version-history":[{"count":208,"href":"https:\/\/www.poedelwitz.de\/de\/wp-json\/wp\/v2\/pages\/1824\/revisions"}],"predecessor-version":[{"id":5463,"href":"https:\/\/www.poedelwitz.de\/de\/wp-json\/wp\/v2\/pages\/1824\/revisions\/5463"}],"wp:attachment":[{"href":"https:\/\/www.poedelwitz.de\/de\/wp-json\/wp\/v2\/media?parent=1824"}],"curies":[{"name":"wp","href":"https:\/\/api.w.org\/{rel}","templated":true}]}}