{"id":1837,"date":"2021-04-24T18:08:06","date_gmt":"2021-04-24T16:08:06","guid":{"rendered":"https:\/\/poedelwitz.test.dorde.de\/?page_id=1837"},"modified":"2026-01-27T21:05:25","modified_gmt":"2026-01-27T20:05:25","slug":"press","status":"publish","type":"page","link":"https:\/\/www.poedelwitz.de\/en\/press","title":{"rendered":"Press"},"content":{"rendered":"<div style=\"height:75px\" aria-hidden=\"true\" class=\"wp-block-spacer\"><\/div>\n\n\n\n<h1 class=\"wp-block-heading has-text-align-center\">Press Contact<\/h1>\n\n\n\n<h2 class=\"wp-block-heading has-text-align-center\"><span style=\"color: var(--nv-text-color);\" class=\"ugb-highlight\">Wir stehen Journalist*innen f\u00fcr weitere Informationen <\/span><br><span style=\"color: var(--nv-text-color);\" class=\"ugb-highlight\">gerne zur Verf\u00fcgung. Anfragen k\u00f6nnen an unsere <a href=\"mailto:presse@poedelwitz.de\"> AG \u00d6ffentlichkeitsarbeit<\/a> <\/span><br><span style=\"color: var(--nv-text-color);\" class=\"ugb-highlight\">gestellt werden (<a href=\"https:\/\/keys.openpgp.org\/vks\/v1\/by-fingerprint\/01F7FBDCE4148B56FC3A2B0EC16C5D3E056D47DB\">PGP key<\/a>).<\/span><\/h2>\n\n\n\n<div style=\"height:100px\" aria-hidden=\"true\" class=\"wp-block-spacer\"><\/div>\n\n\n\n<h1 class=\"wp-block-heading has-text-align-center\">Presseartikel (Auszug)<\/h1>\n\n\n\n<h2 class=\"wp-block-heading\">2024<\/h2>\n\n\n\n<section class=\"wp-block-uagb-columns uagb-columns__wrap uagb-columns__background-none uagb-columns__stack-mobile uagb-columns__valign- uagb-columns__gap-10 align uagb-block-d41a1b19 uagb-columns__columns-2 uagb-columns__max_width-custom\"><div class=\"uagb-columns__overlay\"><\/div><div class=\"uagb-columns__inner-wrap uagb-columns__columns-2\">\n<div class=\"wp-block-uagb-column uagb-column__wrap uagb-column__background-color uagb-block-4e5bca35\"><div class=\"uagb-column__overlay\"><\/div>\n<div class=\"wp-block-getwid-advanced-heading alignwide presse-head alignwide has-custom-font-size\" style=\"font-size:120%;margin-top:-15px\"><h2 class=\"wp-block-getwid-advanced-heading__content has-text-color has-nv-site-bg-color has-background has-neve-link-color-background-color\" style=\"line-height:0.8px;padding-left:20px;margin-left:-10px;margin-right:-10px\"><strong><strong>MDR, 11.03.2024<\/strong><\/strong><\/h2><\/div>\n\n\n<div class=\"vlp-link-container vlp-layout-basic-poedi wp-block-visual-link-preview-link\"><a href=\"https:\/\/www.mdr.de\/nachrichten\/podcast\/kohleserie\/audio-poedelwitz-strukturwandel-kohleausstieg-energiewende-100.html\" class=\"vlp-link\" title=\"Vorsichtiger Optimismus in P\u00f6delwitz 3.2 | MDR.DE\" rel=\"nofollow\" target=\"_blank\"><\/a><div class=\"vlp-layout-zone-main\"><div class=\"vlp-block-0 vlp-link-image\"><img decoding=\"async\" src=\"https:\/\/cdn.mdr.de\/nachrichten\/deutschland\/wirtschaft\/mdraktuell-poedelwitz-114_v-variantBig16x9_wm-true_zc-ecbbafc6.jpg?version=6701\" style=\"max-width: 768px; max-height: 768px\" \/><\/div><div class=\"vlp-block-1 vlp-link-title\">Vorsichtiger Optimismus in P\u00f6delwitz 3.2 | MDR.DE<\/div><div class=\"vlp-block-2 vlp-link-summary\">P\u00f6delwitz bleibt. Nur wie? Damit befasst sich der Verein \u201cP\u00f6delwitz hat Zunkunft\u201d. Er hat einen Plan, wie es weiter gehen k\u00f6nnte. Doch viel ist in den vergangenen Monaten nicht passiert.<\/div><div class=\"vlp-block-3 vlp-link-button\">zum Artikel<\/div><\/div><\/div>\n\n\n<p><\/p>\n<\/div>\n\n\n\n<div class=\"wp-block-uagb-column uagb-column__wrap uagb-column__background-color uagb-block-d6c01deb\"><div class=\"uagb-column__overlay\"><\/div>\n<div class=\"wp-block-stackable-columns stk-block-columns stk-block stk-773bb2f\" data-block-id=\"773bb2f\"><div class=\"stk-row stk-inner-blocks stk-block-content stk-content-align stk-773bb2f-column\">\n<div class=\"wp-block-stackable-column stk-block-column stk-column stk-block stk-8d9b338 pa-speech-bubble-top pa-speech-bubble-top:after\" data-v=\"4\" data-block-id=\"8d9b338\"><style>.stk-8d9b338{margin-top:-10px !important;margin-right:-10px !important;margin-left:5px !important}.stk-8d9b338-container{background-color:var(--nv-text-dark-bg) !important;border-radius:10px !important;overflow:hidden !important}.stk-8d9b338-container:before{background-color:var(--nv-text-dark-bg) !important}<\/style><div class=\"stk-column-wrapper stk-block-column__content stk-container stk-8d9b338-container stk-hover-parent\"><div class=\"has-text-align-left stk-block-content stk-inner-blocks stk-8d9b338-inner-blocks\">\n<div class=\"wp-block-getwid-advanced-heading presse-description has-custom-font-size\" style=\"font-size:120%\"><span class=\"wp-block-getwid-advanced-heading__content has-text-color has-neve-link-color-color\" style=\"line-height:1.5em\"><strong><strong>In dieser Folge f\u00e4hrt Britta Veltzke wieder ins Dorf P\u00f6delwitz. Es sollte eigentlich f\u00fcr die Kohle darunter abgebaggert werden. Die meisten Bewohner waren schon weggezogen als klar war: Das Dorf bleibt. Mit der Frage, wie es dort weitergehen soll, besch\u00e4ftigt sich der Verein \u201eP\u00f6delwitz hat Zukunft\u201c. Er organisiert unter anderem Veranstaltungen wie das \u201eRepaircaf\u00e9\u201c. Dort k\u00f6nnen Menschen ihre kaputten Ger\u00e4te oder andere Dinge reparieren lassen. Solche Veranstaltungen sollen im Kleinen zeigen, wie die Menschen hier im Dorf zusammenleben wollen.&nbsp;<\/strong><\/strong><\/span><\/div>\n<\/div><\/div><\/div>\n<\/div><\/div>\n<\/div>\n<\/div><\/section>\n\n\n\n<section class=\"wp-block-uagb-columns uagb-columns__wrap uagb-columns__background-none uagb-columns__stack-mobile uagb-columns__valign- uagb-columns__gap-10 align uagb-block-ae0ccb79 uagb-columns__columns-2 uagb-columns__max_width-custom\"><div class=\"uagb-columns__overlay\"><\/div><div class=\"uagb-columns__inner-wrap uagb-columns__columns-2\">\n<div class=\"wp-block-uagb-column uagb-column__wrap uagb-column__background-color uagb-block-aa91e292\"><div class=\"uagb-column__overlay\"><\/div>\n<div class=\"wp-block-getwid-advanced-heading alignwide presse-head alignwide has-custom-font-size\" style=\"font-size:120%;margin-top:-15px\"><h2 class=\"wp-block-getwid-advanced-heading__content has-text-color has-nv-site-bg-color has-background has-neve-link-color-background-color\" style=\"line-height:0.8px;padding-left:20px;margin-left:-10px;margin-right:-10px\"><strong><strong>detektor f.m., <\/strong>10.02.2024<\/strong><\/h2><\/div>\n\n\n<div class=\"vlp-link-container vlp-layout-basic-poedi wp-block-visual-link-preview-link\"><a href=\"https:\/\/detektor.fm\/gesellschaft\/nach-der-kohle-folge-3-poedelwitz\" class=\"vlp-link\" title=\"Nach der Kohle | Folge 3 \u2013 P\u00f6delwitz for Future | detektor.fm \u2013 Das Podcast-Radio\" rel=\"nofollow\" target=\"_blank\"><\/a><div class=\"vlp-layout-zone-main\"><div class=\"vlp-block-0 vlp-link-image\"><img decoding=\"async\" src=\"https:\/\/detektor.fm\/wp-content\/uploads\/sharing-image\/65c4aef17936f.jpg\" style=\"max-width: 768px; max-height: 768px\" \/><\/div><div class=\"vlp-block-1 vlp-link-title\">Nach der Kohle | Folge 3 \u2013 P\u00f6delwitz for Future | detektor.fm \u2013 Das Podcast-Radio<\/div><div class=\"vlp-block-2 vlp-link-summary\">Kein Ort im Mitteldeutschen Revier steht so sehr f\u00fcr den Widerstand gegen die Kohle wie P\u00f6delwitz. Welche Pl\u00e4ne gibt es f\u00fcr das Dorf?<\/div><div class=\"vlp-block-3 vlp-link-button\">zum Artikel<\/div><\/div><\/div>\n\n\n<p><\/p>\n<\/div>\n\n\n\n<div class=\"wp-block-uagb-column uagb-column__wrap uagb-column__background-color uagb-block-5ce3addd\"><div class=\"uagb-column__overlay\"><\/div>\n<div class=\"wp-block-stackable-columns stk-block-columns stk-block stk-6953c71\" data-block-id=\"6953c71\"><div class=\"stk-row stk-inner-blocks stk-block-content stk-content-align stk-6953c71-column\">\n<div class=\"wp-block-stackable-column stk-block-column stk-column stk-block stk-d03fac7 pa-speech-bubble-top pa-speech-bubble-top:after\" data-v=\"4\" data-block-id=\"d03fac7\"><style>.stk-d03fac7{margin-top:-10px !important;margin-right:-10px !important;margin-left:5px !important}.stk-d03fac7-container{background-color:var(--nv-text-dark-bg) !important;border-radius:10px !important;overflow:hidden !important}.stk-d03fac7-container:before{background-color:var(--nv-text-dark-bg) !important}<\/style><div class=\"stk-column-wrapper stk-block-column__content stk-container stk-d03fac7-container stk-hover-parent\"><div class=\"has-text-align-left stk-block-content stk-inner-blocks stk-d03fac7-inner-blocks\">\n<div class=\"wp-block-getwid-advanced-heading presse-description has-custom-font-size\" style=\"font-size:120%\"><span class=\"wp-block-getwid-advanced-heading__content has-text-color has-neve-link-color-color\" style=\"line-height:1.5em\"><strong><strong>Im s\u00e4chsischen P\u00f6delwitz haben Einwohner und Einwohnerinnen jahrelang daf\u00fcr gek\u00e4mpft, dass ihr Dorf nicht abgebaggert wird \u2014 mit Erfolg. F\u00fcr P\u00f6delwitz gibt es gro\u00dfe Pl\u00e4ne, doch der Ort an der Tagebaukante ist so gut wie verlassen.<\/strong><\/strong><\/span><\/div>\n<\/div><\/div><\/div>\n<\/div><\/div>\n<\/div>\n<\/div><\/section>\n\n\n\n<section class=\"wp-block-uagb-columns uagb-columns__wrap uagb-columns__background-none uagb-columns__stack-mobile uagb-columns__valign- uagb-columns__gap-10 align uagb-block-cc5fb3ca uagb-columns__columns-2 uagb-columns__max_width-custom\"><div class=\"uagb-columns__overlay\"><\/div><div class=\"uagb-columns__inner-wrap uagb-columns__columns-2\">\n<div class=\"wp-block-uagb-column uagb-column__wrap uagb-column__background-color uagb-block-8c1afa54\"><div class=\"uagb-column__overlay\"><\/div>\n<div class=\"wp-block-getwid-advanced-heading alignwide presse-head alignwide has-custom-font-size\" style=\"font-size:120%;margin-top:-15px\"><h2 class=\"wp-block-getwid-advanced-heading__content has-text-color has-nv-site-bg-color has-background has-neve-link-color-background-color\" style=\"line-height:0.8px;padding-left:20px;margin-left:-10px;margin-right:-10px\"><strong><strong>MDR, 09.02.2024<\/strong><\/strong><\/h2><\/div>\n\n\n<div class=\"vlp-link-container vlp-layout-basic-poedi wp-block-visual-link-preview-link\"><a href=\"https:\/\/www.mdr.de\/nachrichten\/deutschland\/gesellschaft\/poedelwitz-wiederaufbau-bundesmittel-aufgetrieben-100.html\" class=\"vlp-link\" title=\"Tsch\u00fcss Kohle, hallo Zukunft: Die Pastorin und das gerettete Kohledorf | MDR.DE\" rel=\"nofollow\" target=\"_blank\"><\/a><div class=\"vlp-layout-zone-main\"><div class=\"vlp-block-0 vlp-link-image\"><img decoding=\"async\" src=\"https:\/\/cdn.mdr.de\/nachrichten\/deutschland\/wirtschaft\/mdraktuell-friederike-kaltofen-zweite-staffel-102_v-variantBig16x9_wm-true_zc-ecbbafc6.jpg?version=0139\" style=\"max-width: 768px; max-height: 768px\" \/><\/div><div class=\"vlp-block-1 vlp-link-title\">Tsch\u00fcss Kohle, hallo Zukunft: Die Pastorin und das gerettete Kohledorf | MDR.DE<\/div><div class=\"vlp-block-2 vlp-link-summary\">Nachdem P\u00f6delwitz den Kohlebaggern gerade noch von der Schippe gesprungen ist, soll das Dorf nun wieder erbl\u00fchen. 200.000 Euro an Bundesmitteln konnte Pastorin Friederike Kaltofen daf\u00fcr auftreiben.<\/div><div class=\"vlp-block-3 vlp-link-button\">zum Artikel<\/div><\/div><\/div>\n\n\n<p><\/p>\n<\/div>\n\n\n\n<div class=\"wp-block-uagb-column uagb-column__wrap uagb-column__background-color uagb-block-b6324c9e\"><div class=\"uagb-column__overlay\"><\/div>\n<div class=\"wp-block-stackable-columns stk-block-columns stk-block stk-65c7e21\" data-block-id=\"65c7e21\"><div class=\"stk-row stk-inner-blocks stk-block-content stk-content-align stk-65c7e21-column\">\n<div class=\"wp-block-stackable-column stk-block-column stk-column stk-block stk-f29abe6 pa-speech-bubble-top pa-speech-bubble-top:after\" data-v=\"4\" data-block-id=\"f29abe6\"><style>.stk-f29abe6{margin-top:-10px !important;margin-right:-10px !important;margin-left:5px !important}.stk-f29abe6-container{background-color:var(--nv-text-dark-bg) !important;border-radius:10px !important;overflow:hidden !important}.stk-f29abe6-container:before{background-color:var(--nv-text-dark-bg) !important}<\/style><div class=\"stk-column-wrapper stk-block-column__content stk-container stk-f29abe6-container stk-hover-parent\"><div class=\"has-text-align-left stk-block-content stk-inner-blocks stk-f29abe6-inner-blocks\">\n<div class=\"wp-block-getwid-advanced-heading presse-description has-custom-font-size\" style=\"font-size:120%\"><span class=\"wp-block-getwid-advanced-heading__content has-text-color has-neve-link-color-color\" style=\"line-height:1.5em\"><strong><strong>Im s\u00e4chsischen P\u00f6delwitz haben Einwohner und Einwohnerinnen jahrelang daf\u00fcr gek\u00e4mpft, dass ihr Dorf nicht abgebaggert wird \u2014 mit Erfolg. F\u00fcr P\u00f6delwitz gibt es gro\u00dfe Pl\u00e4nIn P\u00f6delwitz leben nur 35 Menschen. Und trotzdem ist das kleine Dorf direkt am Tagebau Vereinigtes Schleenhain vielen bekannt. Denn mit dem Kohleausstieg ist der Ort den Kohlebaggern gerade noch von der Schippe gesprungen. Die Mibrag verzichtet auf die Abbaggerung des Dorfes. Nun soll P\u00f6delwitz wieder erbl\u00fchen. 200.000 Euro an Bundesmitteln konnte Pastorin Friederike Kaltofen auftreiben.e, doch der Ort an der Tagebaukante ist so gut wie verlassen.<\/strong><\/strong><\/span><\/div>\n<\/div><\/div><\/div>\n<\/div><\/div>\n<\/div>\n<\/div><\/section>\n\n\n\n<section class=\"wp-block-uagb-columns uagb-columns__wrap uagb-columns__background-none uagb-columns__stack-mobile uagb-columns__valign- uagb-columns__gap-10 align uagb-block-3c9452a9 uagb-columns__columns-2 uagb-columns__max_width-custom\"><div class=\"uagb-columns__overlay\"><\/div><div class=\"uagb-columns__inner-wrap uagb-columns__columns-2\">\n<div class=\"wp-block-uagb-column uagb-column__wrap uagb-column__background-color uagb-block-ff5dbff5\"><div class=\"uagb-column__overlay\"><\/div>\n<div class=\"wp-block-getwid-advanced-heading alignwide presse-head alignwide has-custom-font-size\" style=\"font-size:120%;margin-top:-15px\"><h2 class=\"wp-block-getwid-advanced-heading__content has-text-color has-nv-site-bg-color has-background has-neve-link-color-background-color\" style=\"line-height:0.8px;padding-left:20px;margin-left:-10px;margin-right:-10px\"><strong><strong>JoDDiD, <\/strong><\/strong>24.01.2024<\/h2><\/div>\n\n\n<div class=\"vlp-link-container vlp-layout-basic-poedi wp-block-visual-link-preview-link\"><a href=\"https:\/\/www.youtube.com\/watch?v=stS1d60HfA0\" class=\"vlp-link\" title=\"watch?v=stS1d60HfA0\" rel=\"nofollow\" target=\"_blank\"><\/a><div class=\"vlp-layout-zone-main\"><div class=\"vlp-block-0 vlp-link-image\"><img decoding=\"async\" src=\"https:\/\/img.youtube.com\/vi\/stS1d60HfA0\/sddefault.jpg\" style=\"max-width: 768px; max-height: 768px\" \/><\/div><div class=\"vlp-block-1 vlp-link-title\">watch?v=stS1d60HfA0<\/div><div class=\"vlp-block-2 vlp-link-summary\">P\u00f6delwitz bleibt. Nur wie? Damit befasst sich der Verein \u201cP\u00f6delwitz hat Zunkunft\u201d. Er hat einen Plan, wie es weiter gehen k\u00f6nnte. Doch viel ist in den vergangenen Monaten nicht passiert.<\/div><div class=\"vlp-block-3 vlp-link-button\">zum Artikel<\/div><\/div><\/div>\n\n\n<p><\/p>\n<\/div>\n\n\n\n<div class=\"wp-block-uagb-column uagb-column__wrap uagb-column__background-color uagb-block-00766504\"><div class=\"uagb-column__overlay\"><\/div>\n<div class=\"wp-block-stackable-columns stk-block-columns stk-block stk-38e1aac\" data-block-id=\"38e1aac\"><div class=\"stk-row stk-inner-blocks stk-block-content stk-content-align stk-38e1aac-column\">\n<div class=\"wp-block-stackable-column stk-block-column stk-column stk-block stk-94c889c pa-speech-bubble-top pa-speech-bubble-top:after\" data-v=\"4\" data-block-id=\"94c889c\"><style>.stk-94c889c{margin-top:-10px !important;margin-right:-10px !important;margin-left:5px !important}.stk-94c889c-container{background-color:var(--nv-text-dark-bg) !important;border-radius:10px !important;overflow:hidden !important}.stk-94c889c-container:before{background-color:var(--nv-text-dark-bg) !important}<\/style><div class=\"stk-column-wrapper stk-block-column__content stk-container stk-94c889c-container stk-hover-parent\"><div class=\"has-text-align-left stk-block-content stk-inner-blocks stk-94c889c-inner-blocks\">\n<div class=\"wp-block-getwid-advanced-heading presse-description has-custom-font-size\" style=\"font-size:120%\"><span class=\"wp-block-getwid-advanced-heading__content has-text-color has-neve-link-color-color\" style=\"line-height:1.5em\"><strong><strong>Statt Kohleabbau gibt\u2019s in P\u00f6delwitz nun B\u00fcrger:innenbeteiligung. Warum diese \u201eDorfgr\u00fcndung\u201c einfach gut gemacht ist, erkl\u00e4rt Professorin Anja Besand von der TU Dresden im Video.<\/strong><\/strong><\/span><\/div>\n<\/div><\/div><\/div>\n<\/div><\/div>\n<\/div>\n<\/div><\/section>\n\n\n\n<section class=\"wp-block-uagb-columns uagb-columns__wrap uagb-columns__background-none uagb-columns__stack-mobile uagb-columns__valign- uagb-columns__gap-10 align uagb-block-bfd851dd uagb-columns__columns-2 uagb-columns__max_width-custom\"><div class=\"uagb-columns__overlay\"><\/div><div class=\"uagb-columns__inner-wrap uagb-columns__columns-2\">\n<div class=\"wp-block-uagb-column uagb-column__wrap uagb-column__background-color uagb-block-5c5af555\"><div class=\"uagb-column__overlay\"><\/div>\n<div class=\"wp-block-getwid-advanced-heading alignwide presse-head alignwide has-custom-font-size\" style=\"font-size:120%;margin-top:-15px\"><h2 class=\"wp-block-getwid-advanced-heading__content has-text-color has-nv-site-bg-color has-background has-neve-link-color-background-color\" style=\"line-height:0.8px;padding-left:20px;margin-left:-10px;margin-right:-10px\"><strong><strong>Leipziger Zeitung, 24.01.2024<\/strong><\/strong><\/h2><\/div>\n\n\n<div class=\"vlp-link-container vlp-layout-basic-poedi wp-block-visual-link-preview-link\"><a href=\"https:\/\/www.l-iz.de\/politik\/region\/2024\/01\/drei-jahre-podelwitz-bleibt-dorf-tagebaukante-neues-leben-574127\" class=\"vlp-link\" title=\"Drei Jahre \u201eP\u00f6delwitz bleibt\u201c: Das kleine Dorf an der Tagebaukante braucht jetzt neues Leben\" rel=\"nofollow\" target=\"_blank\"><\/a><div class=\"vlp-layout-zone-main\"><div class=\"vlp-block-0 vlp-link-image\"><img decoding=\"async\" src=\"https:\/\/www.l-iz.de\/wp-content\/uploads\/2024\/01\/poedelwitz.jpg\" style=\"max-width: 768px; max-height: 768px\" \/><\/div><div class=\"vlp-block-1 vlp-link-title\">Drei Jahre \u201eP\u00f6delwitz bleibt\u201c: Das kleine Dorf an der Tagebaukante braucht jetzt neues Leben<\/div><div class=\"vlp-block-2 vlp-link-summary\">Es geht schnell, ein Dorf auf eine Abrissliste zu setzen und damit das Leben im Dorf an der Tagebaukante zum Erliegen zu bringen. Aber es dauert lange, so<\/div><div class=\"vlp-block-3 vlp-link-button\">zum Artikel<\/div><\/div><\/div>\n\n\n<p><\/p>\n<\/div>\n\n\n\n<div class=\"wp-block-uagb-column uagb-column__wrap uagb-column__background-color uagb-block-f8f0e95f\"><div class=\"uagb-column__overlay\"><\/div>\n<div class=\"wp-block-stackable-columns stk-block-columns stk-block stk-2b468e2\" data-block-id=\"2b468e2\"><div class=\"stk-row stk-inner-blocks stk-block-content stk-content-align stk-2b468e2-column\">\n<div class=\"wp-block-stackable-column stk-block-column stk-column stk-block stk-3d55bd8 pa-speech-bubble-top pa-speech-bubble-top:after\" data-v=\"4\" data-block-id=\"3d55bd8\"><style>.stk-3d55bd8{margin-top:-10px !important;margin-right:-10px !important;margin-left:5px !important}.stk-3d55bd8-container{background-color:var(--nv-text-dark-bg) !important;border-radius:10px !important;overflow:hidden !important}.stk-3d55bd8-container:before{background-color:var(--nv-text-dark-bg) !important}<\/style><div class=\"stk-column-wrapper stk-block-column__content stk-container stk-3d55bd8-container stk-hover-parent\"><div class=\"has-text-align-left stk-block-content stk-inner-blocks stk-3d55bd8-inner-blocks\">\n<div class=\"wp-block-getwid-advanced-heading presse-description has-custom-font-size\" style=\"font-size:120%\"><span class=\"wp-block-getwid-advanced-heading__content has-text-color has-neve-link-color-color\" style=\"line-height:1.5em\"><strong><strong>Es geht schnell, ein Dorf auf eine Abrissliste zu setzen und damit das Leben im Dorf an der Tagebaukante zum Erliegen zu bringen. Aber es dauert lange, so einen Stillstand wieder aufzul\u00f6sen. Das ist auch in P\u00f6delwitz so, das zwar seit 2021 gerettet ist. Aber viele Bewohner sind weggezogen, haben ihre historischen Geh\u00f6fte an die Mibrag verkauft. Die stehe bis heute leer. Der Ort braucht neue Impulse, um wieder zu richtigem Dorfleben zu erwachen.<\/strong><\/strong><\/span><\/div>\n<\/div><\/div><\/div>\n<\/div><\/div>\n<\/div>\n<\/div><\/section>\n\n\n\n<section class=\"wp-block-uagb-columns uagb-columns__wrap uagb-columns__background-none uagb-columns__stack-mobile uagb-columns__valign- uagb-columns__gap-10 align uagb-block-7be53cb4 uagb-columns__columns-2 uagb-columns__max_width-custom\"><div class=\"uagb-columns__overlay\"><\/div><div class=\"uagb-columns__inner-wrap uagb-columns__columns-2\">\n<div class=\"wp-block-uagb-column uagb-column__wrap uagb-column__background-color uagb-block-8dafa67e\"><div class=\"uagb-column__overlay\"><\/div>\n<div class=\"wp-block-getwid-advanced-heading alignwide presse-head alignwide has-custom-font-size\" style=\"font-size:120%;margin-top:-15px\"><h2 class=\"wp-block-getwid-advanced-heading__content has-text-color has-nv-site-bg-color has-background has-neve-link-color-background-color\" style=\"line-height:0.8px;padding-left:20px;margin-left:-10px;margin-right:-10px\">Radio Corax, 22.01.2024<\/h2><\/div>\n\n\n<div class=\"vlp-link-container vlp-layout-basic-poedi wp-block-visual-link-preview-link\"><a href=\"https:\/\/radiocorax.de\/der-erhalt-des-dorfes-poedelwitz-muss-gesichert-werden\/\" class=\"vlp-link\" title=\"Der Erhalt des Dorfes P\u00f6delwitz muss gesichert werden \u2013 Radio CORAX\" rel=\"nofollow\" target=\"_blank\"><\/a><div class=\"vlp-layout-zone-main\"><div class=\"vlp-block-0 vlp-link-image\"><img decoding=\"async\" src=\"https:\/\/radiocorax.de\/wp-content\/uploads\/poediuploadsize-1.png\" style=\"max-width: 768px; max-height: 768px\" \/><\/div><div class=\"vlp-block-1 vlp-link-title\">Der Erhalt des Dorfes P\u00f6delwitz muss gesichert werden \u2013 Radio CORAX<\/div><div class=\"vlp-block-2 vlp-link-summary\">Im Gespr\u00e4ch mit Lio vom Verein P\u00f6delwitz hat Zukunft e.V. schauen wir auf Perspektiven f\u00fcr das Dorf, welches einst der Braunkohle weichen sollte und nun zu 80% leer steht. Was sind Visionen f\u00fcr den Ort, welche Ideen haben Anwohner:innen und Aktivist:innen gemeinsam entwickelt? Was muss getan werden, um die Bausubstanz, die durch den Leerstand angegriffen wird zu erhalten und welche Perspektiven gibt es f\u00fcr den Ort?<\/div><div class=\"vlp-block-3 vlp-link-button\">zum Artikel<\/div><\/div><\/div>\n\n\n<p><\/p>\n<\/div>\n\n\n\n<div class=\"wp-block-uagb-column uagb-column__wrap uagb-column__background-color uagb-block-6301dbc5\"><div class=\"uagb-column__overlay\"><\/div>\n<div class=\"wp-block-stackable-columns stk-block-columns stk-block stk-f9d701c\" data-block-id=\"f9d701c\"><div class=\"stk-row stk-inner-blocks stk-block-content stk-content-align stk-f9d701c-column\">\n<div class=\"wp-block-stackable-column stk-block-column stk-column stk-block stk-4817295 pa-speech-bubble-top pa-speech-bubble-top:after\" data-v=\"4\" data-block-id=\"4817295\"><style>.stk-4817295{margin-top:-10px !important;margin-right:-10px !important;margin-left:5px !important}.stk-4817295-container{background-color:var(--nv-text-dark-bg) !important;border-radius:10px !important;overflow:hidden !important}.stk-4817295-container:before{background-color:var(--nv-text-dark-bg) !important}<\/style><div class=\"stk-column-wrapper stk-block-column__content stk-container stk-4817295-container stk-hover-parent\"><div class=\"has-text-align-left stk-block-content stk-inner-blocks stk-4817295-inner-blocks\">\n<div class=\"wp-block-getwid-advanced-heading presse-description has-custom-font-size\" style=\"font-size:120%\"><span class=\"wp-block-getwid-advanced-heading__content has-text-color has-neve-link-color-color\" style=\"line-height:1.5em\">Ein Radiobeitrag von Radio Corax aus Halle<\/span><\/div>\n<\/div><\/div><\/div>\n<\/div><\/div>\n<\/div>\n<\/div><\/section>\n\n\n\n<section class=\"wp-block-uagb-columns uagb-columns__wrap uagb-columns__background-none uagb-columns__stack-mobile uagb-columns__valign- uagb-columns__gap-10 align uagb-block-32df8ade uagb-columns__columns-2 uagb-columns__max_width-custom\"><div class=\"uagb-columns__overlay\"><\/div><div class=\"uagb-columns__inner-wrap uagb-columns__columns-2\">\n<div class=\"wp-block-uagb-column uagb-column__wrap uagb-column__background-color uagb-block-191cf65c\"><div class=\"uagb-column__overlay\"><\/div>\n<div class=\"wp-block-getwid-advanced-heading alignwide presse-head alignwide has-custom-font-size\" style=\"font-size:120%;margin-top:-15px\"><h2 class=\"wp-block-getwid-advanced-heading__content has-text-color has-nv-site-bg-color has-background has-neve-link-color-background-color\" style=\"line-height:0.8px;padding-left:20px;margin-left:-10px;margin-right:-10px\">LVZ, 20.10.2023<\/h2><\/div>\n\n\n<div class=\"vlp-link-container vlp-layout-basic-poedi wp-block-visual-link-preview-link\"><a href=\"https:\/\/www.lvz.de\/lokales\/leipzig-lk\/borna\/groitzsch-treffen-zu-laendlicher-baukultur-rundgang-durch-poedelwitz-HYEWFNJZENC43LTZLKBTERW54U.html\" class=\"vlp-link\" title=\"Orte. H\u00e4user. Menschen. \u2013 Treffen in Groitzsch zu l\u00e4ndlicher Baukultur\" rel=\"nofollow\" target=\"_blank\"><\/a><div class=\"vlp-layout-zone-main\"><div class=\"vlp-block-0 vlp-link-image\"><img decoding=\"async\" src=\"https:\/\/www.lvz.de\/resizer\/C3o0EXyXTUPX8_U3VRw3FGAAEOY=\/1200x675\/filters:quality(70)\/cloudfront-eu-central-1.images.arcpublishing.com\/madsack\/O3RY6AJ5JVCTNANQO7N3LMQY5M.jpg\" style=\"max-width: 768px; max-height: 768px\" \/><\/div><div class=\"vlp-block-1 vlp-link-title\">Orte. H\u00e4user. Menschen. \u2013 Treffen in Groitzsch zu l\u00e4ndlicher Baukultur<\/div><div class=\"vlp-block-2 vlp-link-summary\">Um nachhaltiges Bauen, Erhalt von Geb\u00e4uden und l\u00e4ndliche Baukultur geht es bei einem Treffen von Denkmalsch\u00fctzern am 21. Oktober in Groitzsch. Am Austausch nehmen auch der Naturfreunde- und Heimatverein Groitzsch sowie der Verein \u201eP\u00f6delwitz hat Zukunft\u201c teil.<\/div><div class=\"vlp-block-3 vlp-link-button\">zum Artikel<\/div><\/div><\/div>\n\n\n<p><\/p>\n<\/div>\n\n\n\n<div class=\"wp-block-uagb-column uagb-column__wrap uagb-column__background-color uagb-block-0b258dfe\"><div class=\"uagb-column__overlay\"><\/div>\n<div class=\"wp-block-stackable-columns stk-block-columns stk-block stk-4de5bcb\" data-block-id=\"4de5bcb\"><div class=\"stk-row stk-inner-blocks stk-block-content stk-content-align stk-4de5bcb-column\">\n<div class=\"wp-block-stackable-column stk-block-column stk-column stk-block stk-ad62639 pa-speech-bubble-top pa-speech-bubble-top:after\" data-v=\"4\" data-block-id=\"ad62639\"><style>.stk-ad62639{margin-top:-10px !important;margin-right:-10px !important;margin-left:5px !important}.stk-ad62639-container{background-color:var(--nv-text-dark-bg) !important;border-radius:10px !important;overflow:hidden !important}.stk-ad62639-container:before{background-color:var(--nv-text-dark-bg) !important}<\/style><div class=\"stk-column-wrapper stk-block-column__content stk-container stk-ad62639-container stk-hover-parent\"><div class=\"has-text-align-left stk-block-content stk-inner-blocks stk-ad62639-inner-blocks\">\n<div class=\"wp-block-getwid-advanced-heading presse-description has-custom-font-size\" style=\"font-size:120%\"><span class=\"wp-block-getwid-advanced-heading__content has-text-color has-neve-link-color-color\" style=\"line-height:1.5em\"><strong>Um nachhaltiges Bauen, Erhalt von Geb\u00e4uden und l\u00e4ndliche Baukultur geht es bei einem Treffen von Denkmalsch\u00fctzern am 21. Oktober in Groitzsch. Am Austausch nehmen auch der Naturfreunde- und Heimatverein Groitzsch sowie der Verein \u201eP\u00f6delwitz hat Zukunft\u201c teil.<\/strong><\/span><\/div>\n<\/div><\/div><\/div>\n<\/div><\/div>\n<\/div>\n<\/div><\/section>\n\n\n\n<h2 class=\"wp-block-heading\">2023<\/h2>\n\n\n\n<section class=\"wp-block-uagb-columns uagb-columns__wrap uagb-columns__background-none uagb-columns__stack-mobile uagb-columns__valign- uagb-columns__gap-10 align uagb-block-fa4c5ebd uagb-columns__columns-2 uagb-columns__max_width-custom\"><div class=\"uagb-columns__overlay\"><\/div><div class=\"uagb-columns__inner-wrap uagb-columns__columns-2\">\n<div class=\"wp-block-uagb-column uagb-column__wrap uagb-column__background-color uagb-block-ab237c22\"><div class=\"uagb-column__overlay\"><\/div>\n<div class=\"wp-block-getwid-advanced-heading alignwide presse-head alignwide has-custom-font-size\" style=\"font-size:120%;margin-top:-15px\"><h2 class=\"wp-block-getwid-advanced-heading__content has-text-color has-nv-site-bg-color has-background has-neve-link-color-background-color\" style=\"line-height:0.8px;padding-left:20px;margin-left:-10px;margin-right:-10px\">Denkmalnetz Sachsen, 14.12.2023<\/h2><\/div>\n\n\n<div class=\"vlp-link-container vlp-layout-basic-poedi wp-block-visual-link-preview-link\"><a href=\"https:\/\/www.youtube.com\/watch?v=H0lyl0lpQu8\" class=\"vlp-link\" title=\"watch?v=H0lyl0lpQu8\" rel=\"nofollow\" target=\"_blank\"><\/a><div class=\"vlp-layout-zone-main\"><div class=\"vlp-block-0 vlp-link-image\"><img decoding=\"async\" src=\"https:\/\/img.youtube.com\/vi\/H0lyl0lpQu8\/sddefault.jpg\" style=\"max-width: 768px; max-height: 768px\" \/><\/div><div class=\"vlp-block-1 vlp-link-title\">watch?v=H0lyl0lpQu8<\/div><div class=\"vlp-block-2 vlp-link-summary\">Im Gespr\u00e4ch mit Lio vom Verein P\u00f6delwitz hat Zukunft e.V. schauen wir auf Perspektiven f\u00fcr das Dorf, welches einst der Braunkohle weichen sollte und nun zu 80% leer steht. Was sind Visionen f\u00fcr den Ort, welche Ideen haben Anwohner:innen und Aktivist:innen gemeinsam entwickelt? Was muss getan werden, um die Bausubstanz, die durch den Leerstand angegriffen wird zu erhalten und welche Perspektiven gibt es f\u00fcr den Ort?<\/div><div class=\"vlp-block-3 vlp-link-button\">zum Artikel<\/div><\/div><\/div>\n\n\n<p><\/p>\n<\/div>\n\n\n\n<div class=\"wp-block-uagb-column uagb-column__wrap uagb-column__background-color uagb-block-ae2003a3\"><div class=\"uagb-column__overlay\"><\/div>\n<div class=\"wp-block-stackable-columns stk-block-columns stk-block stk-06f5f94\" data-block-id=\"06f5f94\"><div class=\"stk-row stk-inner-blocks stk-block-content stk-content-align stk-06f5f94-column\">\n<div class=\"wp-block-stackable-column stk-block-column stk-column stk-block stk-0b26ab1 pa-speech-bubble-top pa-speech-bubble-top:after\" data-v=\"4\" data-block-id=\"0b26ab1\"><style>.stk-0b26ab1{margin-top:-10px !important;margin-right:-10px !important;margin-left:5px !important}.stk-0b26ab1-container{background-color:var(--nv-text-dark-bg) !important;border-radius:10px !important;overflow:hidden !important}.stk-0b26ab1-container:before{background-color:var(--nv-text-dark-bg) !important}<\/style><div class=\"stk-column-wrapper stk-block-column__content stk-container stk-0b26ab1-container stk-hover-parent\"><div class=\"has-text-align-left stk-block-content stk-inner-blocks stk-0b26ab1-inner-blocks\">\n<div class=\"wp-block-getwid-advanced-heading presse-description has-custom-font-size\" style=\"font-size:120%\"><span class=\"wp-block-getwid-advanced-heading__content has-text-color has-neve-link-color-color\" style=\"line-height:1.5em\"><strong>m zweiten Teil unserer Videoserie \"DENKMALE L(I)EBEN\" war das Denkmalnetz Sachsen vor Ort in P\u00f6delwitz. Wir sprachen mit Akteuren und Denkmaleigent\u00fcmer:innen u.a. \u00fcber Herausforderungen, Visionen sowie Engagement und fingen Impressionen des aktuellen Zustands des Ortes, welcher auf 750 Jahre Geschichte zur\u00fcckblickt, ein. Die Abbaggerung ist abgewendet, nun bedarf es weiterer Schritte auf dem Weg in P\u00f6delwitz' Zukunft.<\/strong><\/span><\/div>\n<\/div><\/div><\/div>\n<\/div><\/div>\n<\/div>\n<\/div><\/section>\n\n\n\n<section class=\"wp-block-uagb-columns uagb-columns__wrap uagb-columns__background-none uagb-columns__stack-mobile uagb-columns__valign- uagb-columns__gap-10 align uagb-block-85412e1b uagb-columns__columns-2 uagb-columns__max_width-custom\"><div class=\"uagb-columns__overlay\"><\/div><div class=\"uagb-columns__inner-wrap uagb-columns__columns-2\">\n<div class=\"wp-block-uagb-column uagb-column__wrap uagb-column__background-color uagb-block-7c612231\"><div class=\"uagb-column__overlay\"><\/div>\n<div class=\"wp-block-getwid-advanced-heading alignwide presse-head alignwide has-custom-font-size\" style=\"font-size:120%;margin-top:-15px\"><h2 class=\"wp-block-getwid-advanced-heading__content has-text-color has-nv-site-bg-color has-background has-neve-link-color-background-color\" style=\"line-height:0.8px;padding-left:20px;margin-left:-10px;margin-right:-10px\">TAG24, 02.08.2023<\/h2><\/div>\n\n\n<div class=\"vlp-link-container vlp-layout-basic-poedi wp-block-visual-link-preview-link\"><a href=\"https:\/\/www.tag24.de\/nachrichten\/regionales\/sachsen\/poedelwitz-sollte-weggebaggert-werden-das-gerettete-saechsische-dorf-auf-der-suche-nach-zukunft-2911138\" class=\"vlp-link\" title=\"P\u00f6delwitz sollte weggebaggert werden: Das gerettete s\u00e4chsische Dorf auf der Suche nach Zukunft\" rel=\"nofollow\" target=\"_blank\"><\/a><div class=\"vlp-layout-zone-main\"><div class=\"vlp-block-0 vlp-link-image\"><img decoding=\"async\" src=\"https:\/\/www.nd-aktuell.de\/img\/jpeg\/2400\/267435\" style=\"max-width: 768px; max-height: 768px\" \/><\/div><div class=\"vlp-block-1 vlp-link-title\">P\u00f6delwitz sollte weggebaggert werden: Das gerettete s\u00e4chsische Dorf auf der Suche nach Zukunft<\/div><div class=\"vlp-block-2 vlp-link-summary\">2021 entschied die MIBRAG, P\u00f6delwitz nicht abzubaggern. Doch was nun? | TAG24<\/div><div class=\"vlp-block-3 vlp-link-button\">zum Artikel<\/div><\/div><\/div>\n\n\n<p><\/p>\n<\/div>\n\n\n\n<div class=\"wp-block-uagb-column uagb-column__wrap uagb-column__background-color uagb-block-dfd3b562\"><div class=\"uagb-column__overlay\"><\/div>\n<div class=\"wp-block-stackable-columns stk-block-columns stk-block stk-8224425\" data-block-id=\"8224425\"><div class=\"stk-row stk-inner-blocks stk-block-content stk-content-align stk-8224425-column\">\n<div class=\"wp-block-stackable-column stk-block-column stk-column stk-block stk-d4f4514 pa-speech-bubble-top pa-speech-bubble-top:after\" data-v=\"4\" data-block-id=\"d4f4514\"><style>.stk-d4f4514{margin-top:-10px !important;margin-right:-10px !important;margin-left:5px !important}.stk-d4f4514-container{background-color:var(--nv-text-dark-bg) !important;border-radius:10px !important;overflow:hidden !important}.stk-d4f4514-container:before{background-color:var(--nv-text-dark-bg) !important}<\/style><div class=\"stk-column-wrapper stk-block-column__content stk-container stk-d4f4514-container stk-hover-parent\"><div class=\"has-text-align-left stk-block-content stk-inner-blocks stk-d4f4514-inner-blocks\">\n<div class=\"wp-block-getwid-advanced-heading presse-description has-custom-font-size\" style=\"font-size:120%\"><span class=\"wp-block-getwid-advanced-heading__content has-text-color has-neve-link-color-color\" style=\"line-height:1.5em\"><strong>Der Verein \"P\u00f6delwitz hat Zukunft\" w\u00fcrde genau die gern planen. Ideen f\u00fcr das vor zwei Jahren dem&nbsp;<\/strong><a href=\"https:\/\/www.tag24.de\/leipzig\/nach-rettung-des-dorfes-was-passiert-mit-den-grundstuecken-in-poedelwitz-1810965\">Schaufelradbagger von der Schippe gesprungene Dorf<\/a><strong>&nbsp;gibt's genug, Widerst\u00e4nde auch. Hilfe kommt von Sachsens Demokratieministerin Katja Meier (43, Gr\u00fcne). Ob das reicht? Ein Lagebild.<\/strong><\/span><\/div>\n<\/div><\/div><\/div>\n<\/div><\/div>\n<\/div>\n<\/div><\/section>\n\n\n\n<section class=\"wp-block-uagb-columns uagb-columns__wrap uagb-columns__background-none uagb-columns__stack-mobile uagb-columns__valign- uagb-columns__gap-10 align uagb-block-1532861c uagb-columns__columns-2 uagb-columns__max_width-custom\"><div class=\"uagb-columns__overlay\"><\/div><div class=\"uagb-columns__inner-wrap uagb-columns__columns-2\">\n<div class=\"wp-block-uagb-column uagb-column__wrap uagb-column__background-color uagb-block-cd954e21\"><div class=\"uagb-column__overlay\"><\/div>\n<div class=\"wp-block-getwid-advanced-heading alignwide presse-head alignwide has-custom-font-size\" style=\"font-size:120%;margin-top:-15px\"><h2 class=\"wp-block-getwid-advanced-heading__content has-text-color has-nv-site-bg-color has-background has-neve-link-color-background-color\" style=\"line-height:0.8px;padding-left:20px;margin-left:-10px;margin-right:-10px\">ND, 01.08.2023<\/h2><\/div>\n\n\n<div class=\"vlp-link-container vlp-layout-basic-poedi wp-block-visual-link-preview-link\"><a href=\"https:\/\/www.nd-aktuell.de\/artikel\/1175201.kohleausstieg-strukturwandel-die-blockierte-zukunft-von-poedelwitz.html\" class=\"vlp-link\" title=\"Die blockierte Zukunft von P\u00f6delwitz\" rel=\"nofollow\" target=\"_blank\"><\/a><div class=\"vlp-layout-zone-main\"><div class=\"vlp-block-0 vlp-link-image\"><img decoding=\"async\" src=\"https:\/\/www.nd-aktuell.de\/img\/jpeg\/2400\/267435\" style=\"max-width: 768px; max-height: 768px\" \/><\/div><div class=\"vlp-block-1 vlp-link-title\">Die blockierte Zukunft von P\u00f6delwitz<\/div><div class=\"vlp-block-2 vlp-link-summary\">P\u00f6delwitz sollte der Braunkohle weichen, wurde aber verschont. Nun k\u00f6nnte es ein Vorzeigeprojekt f\u00fcr den Strukturwandel werden. Das Problem: Denen, die die Ideen haben, geh\u00f6ren nicht die H\u00e4user.<\/div><div class=\"vlp-block-3 vlp-link-button\">zum Artikel<\/div><\/div><\/div>\n\n\n<p><\/p>\n<\/div>\n\n\n\n<div class=\"wp-block-uagb-column uagb-column__wrap uagb-column__background-color uagb-block-01fd223f\"><div class=\"uagb-column__overlay\"><\/div>\n<div class=\"wp-block-stackable-columns stk-block-columns stk-block stk-138fb87\" data-block-id=\"138fb87\"><div class=\"stk-row stk-inner-blocks stk-block-content stk-content-align stk-138fb87-column\">\n<div class=\"wp-block-stackable-column stk-block-column stk-column stk-block stk-fa73967 pa-speech-bubble-top pa-speech-bubble-top:after\" data-v=\"4\" data-block-id=\"fa73967\"><style>.stk-fa73967{margin-top:-10px !important;margin-right:-10px !important;margin-left:5px !important}.stk-fa73967-container{background-color:var(--nv-text-dark-bg) !important;border-radius:10px !important;overflow:hidden !important}.stk-fa73967-container:before{background-color:var(--nv-text-dark-bg) !important}<\/style><div class=\"stk-column-wrapper stk-block-column__content stk-container stk-fa73967-container stk-hover-parent\"><div class=\"has-text-align-left stk-block-content stk-inner-blocks stk-fa73967-inner-blocks\">\n<div class=\"wp-block-getwid-advanced-heading presse-description has-custom-font-size\" style=\"font-size:120%\"><span class=\"wp-block-getwid-advanced-heading__content has-text-color has-neve-link-color-color\" style=\"line-height:1.5em\">Es gibt jetzt mehr V\u00f6gel in P\u00f6delwitz. Man habe Dutzende Nistk\u00e4sten an B\u00e4umen und Fassaden aufgeh\u00e4ngt, sagt Jens Hausner, einer der 25 verbliebenen Bewohner des Dorfes s\u00fcdlich von Leipzig. Der Gesang der Vogelschar am Morgen ist beeindruckend: \u00bbWer einmal hier geschlafen hat, vergisst das nicht.\u00ab Hausner, ein Gr\u00fcner mit Leib und Seele, freut sich \u00fcber die gewachsene Biodiversit\u00e4t. Allerdings f\u00fcgt er auch hinzu: \u00bbDas ist nicht unser Hauptaugenmerk.\u00ab<\/span><\/div>\n<\/div><\/div><\/div>\n<\/div><\/div>\n<\/div>\n<\/div><\/section>\n\n\n\n<section class=\"wp-block-uagb-columns uagb-columns__wrap uagb-columns__background-none uagb-columns__stack-mobile uagb-columns__valign- uagb-columns__gap-10 align uagb-block-57f74b0d uagb-columns__columns-2 uagb-columns__max_width-custom\"><div class=\"uagb-columns__overlay\"><\/div><div class=\"uagb-columns__inner-wrap uagb-columns__columns-2\">\n<div class=\"wp-block-uagb-column uagb-column__wrap uagb-column__background-color uagb-block-a3c8feaf\"><div class=\"uagb-column__overlay\"><\/div>\n<div class=\"wp-block-getwid-advanced-heading alignwide presse-head alignwide has-custom-font-size\" style=\"font-size:120%;margin-top:-15px\"><h2 class=\"wp-block-getwid-advanced-heading__content has-text-color has-nv-site-bg-color has-background has-neve-link-color-background-color\" style=\"line-height:0.8px;padding-left:20px;margin-left:-10px;margin-right:-10px\">Zetland, 19.07.2023<\/h2><\/div>\n\n\n<div class=\"vlp-link-container vlp-layout-basic-poedi wp-block-visual-link-preview-link\"><a href=\"https:\/\/www.zetland.dk\/historie\/s81VVkQy-aO0E1wr0-adfb8\" class=\"vlp-link\" title=\"Byen, hvor klimaaktivisterne vandt\" rel=\"nofollow\" target=\"_blank\"><\/a><div class=\"vlp-layout-zone-main\"><div class=\"vlp-block-0 vlp-link-image\"><img decoding=\"async\" src=\"https:\/\/zetland.imgix.net\/c663f480-1033-11ee-9f31-9b1b56a39750\/somesome.png?fit=crop&amp;crop=focalpoint&amp;auto=format,compress&amp;cs=srgb&amp;fp-x=0.507908611599297&amp;fp-y=0.4234375&amp;w=1200&amp;h=630\" style=\"max-width: 768px; max-height: 768px\" \/><\/div><div class=\"vlp-block-1 vlp-link-title\">Byen, hvor klimaaktivisterne vandt<\/div><div class=\"vlp-block-2 vlp-link-summary\">Et d\u00f8gn i en tom by i Tyskland viste mig, hvordan verdens \u00f8del\u00e6ggelse ogs\u00e5 er en chance for at bygge den bedre op igen.<\/div><div class=\"vlp-block-3 vlp-link-button\">zum Artikel<\/div><\/div><\/div>\n\n\n<p><\/p>\n<\/div>\n\n\n\n<div class=\"wp-block-uagb-column uagb-column__wrap uagb-column__background-color uagb-block-759c1410\"><div class=\"uagb-column__overlay\"><\/div>\n<div class=\"wp-block-stackable-columns stk-block-columns stk-block stk-5b58a6b\" data-block-id=\"5b58a6b\"><div class=\"stk-row stk-inner-blocks stk-block-content stk-content-align stk-5b58a6b-column\">\n<div class=\"wp-block-stackable-column stk-block-column stk-column stk-block stk-a73e2c2 pa-speech-bubble-top pa-speech-bubble-top:after\" data-v=\"4\" data-block-id=\"a73e2c2\"><style>.stk-a73e2c2{margin-top:-10px !important;margin-right:-10px !important;margin-left:5px !important}.stk-a73e2c2-container{background-color:var(--nv-text-dark-bg) !important;border-radius:10px !important;overflow:hidden !important}.stk-a73e2c2-container:before{background-color:var(--nv-text-dark-bg) !important}<\/style><div class=\"stk-column-wrapper stk-block-column__content stk-container stk-a73e2c2-container stk-hover-parent\"><div class=\"has-text-align-left stk-block-content stk-inner-blocks stk-a73e2c2-inner-blocks\">\n<div class=\"wp-block-getwid-advanced-heading presse-description has-custom-font-size\" style=\"font-size:120%\"><span class=\"wp-block-getwid-advanced-heading__content has-text-color has-neve-link-color-color\" style=\"line-height:1.5em\">\"<strong>Der Ort, in dem die Klimaaktivisten gewonnen haben<br><\/strong><br><strong>Ein Tag in einem leeren Ort in Deutschland hat mir gezeigt, dass die Zerst\u00f6rung der Welt auch eine Chance ist, sie besser wieder aufzubauen.<\/strong>\"<\/span><\/div>\n<\/div><\/div><\/div>\n<\/div><\/div>\n<\/div>\n<\/div><\/section>\n\n\n\n<section class=\"wp-block-uagb-columns uagb-columns__wrap uagb-columns__background-none uagb-columns__stack-mobile uagb-columns__valign- uagb-columns__gap-10 align uagb-block-17a2b343 uagb-columns__columns-2 uagb-columns__max_width-custom\"><div class=\"uagb-columns__overlay\"><\/div><div class=\"uagb-columns__inner-wrap uagb-columns__columns-2\">\n<div class=\"wp-block-uagb-column uagb-column__wrap uagb-column__background-color uagb-block-efc9cafa\"><div class=\"uagb-column__overlay\"><\/div>\n<div class=\"wp-block-getwid-advanced-heading alignwide presse-head alignwide has-custom-font-size\" style=\"font-size:120%;margin-top:-15px\"><h2 class=\"wp-block-getwid-advanced-heading__content has-text-color has-nv-site-bg-color has-background has-neve-link-color-background-color\" style=\"line-height:0.8px;padding-left:20px;margin-left:-10px;margin-right:-10px\"><strong><strong>\u201eWir im Wandel\u201c, 06.06.2023<\/strong><\/strong><\/h2><\/div>\n\n\n<div class=\"vlp-link-container vlp-layout-basic-poedi wp-block-visual-link-preview-link\"><a href=\"https:\/\/www.bpb.de\/themen\/wirtschaft\/wirimwandel\/521538\/kohleausstieg-ein-gerettetes-dorf-will-eine-zukunft\/\" class=\"vlp-link\" title=\"Kohleausstieg \u2013 Ein gerettetes Dorf will eine Zukunft\" rel=\"nofollow\" target=\"_blank\"><\/a><div class=\"vlp-layout-zone-main\"><div class=\"vlp-block-0 vlp-link-image\"><img decoding=\"async\" src=\"https:\/\/www.bpb.de\/cache\/images\/0\/762210_teaser_3x2_800.png?0D600\" style=\"max-width: 768px; max-height: 768px\" \/><\/div><div class=\"vlp-block-1 vlp-link-title\">Kohleausstieg \u2013 Ein gerettetes Dorf will eine Zukunft<\/div><div class=\"vlp-block-2 vlp-link-summary\">Die Bewohnerinnen und Bewohner von P\u00f6delwitz haben daf\u00fcr gek\u00e4mpft, dass ihr Dorf nicht dem Tagebau weichen muss. P\u00f6delwitz will ein Modelldorf sein, doch wirklich gerettet ist es nicht.<\/div><div class=\"vlp-block-3 vlp-link-button\">zum Artikel<\/div><\/div><\/div>\n\n\n<p><\/p>\n<\/div>\n\n\n\n<div class=\"wp-block-uagb-column uagb-column__wrap uagb-column__background-color uagb-block-446b7c13\"><div class=\"uagb-column__overlay\"><\/div>\n<div class=\"wp-block-stackable-columns stk-block-columns stk-block stk-b91a28f\" data-block-id=\"b91a28f\"><div class=\"stk-row stk-inner-blocks stk-block-content stk-content-align stk-b91a28f-column\">\n<div class=\"wp-block-stackable-column stk-block-column stk-column stk-block stk-79cc6c3 pa-speech-bubble-top pa-speech-bubble-top:after\" data-v=\"4\" data-block-id=\"79cc6c3\"><style>.stk-79cc6c3{margin-top:-10px !important;margin-right:-10px !important;margin-left:5px !important}.stk-79cc6c3-container{background-color:var(--nv-text-dark-bg) !important;border-radius:10px !important;overflow:hidden !important}.stk-79cc6c3-container:before{background-color:var(--nv-text-dark-bg) !important}<\/style><div class=\"stk-column-wrapper stk-block-column__content stk-container stk-79cc6c3-container stk-hover-parent\"><div class=\"has-text-align-left stk-block-content stk-inner-blocks stk-79cc6c3-inner-blocks\">\n<div class=\"wp-block-getwid-advanced-heading presse-description has-custom-font-size\" style=\"font-size:120%\"><span class=\"wp-block-getwid-advanced-heading__content has-text-color has-neve-link-color-color\" style=\"line-height:1.5em\"><strong><strong>P\u00f6delwitz ist eine ganze Folge des Podcasts \u201eWir im Wandel\u201c von der Bundeszentrale f\u00fcr Politische Bildung gewidmet. In der Folge gibt Sonja Ernst einen Einblick in die Geschichte des Widerstandes, die Vereinsgr\u00fcndung und unseren aktuellen Prozess. Die Stimmen von unseren Vereinsmitgliedern Franzi, Jens und Matthias werden erg\u00e4nzt durch Expertenstimmen und Infos zum Strukturwandel. Der Podcast zeigt differenziert die Chancen und Probleme denen wir in P\u00f6delwitz im Strukturwandel begegnen.<\/strong><\/strong><\/span><\/div>\n<\/div><\/div><\/div>\n<\/div><\/div>\n<\/div>\n<\/div><\/section>\n\n\n\n<section class=\"wp-block-uagb-columns uagb-columns__wrap uagb-columns__background-none uagb-columns__stack-mobile uagb-columns__valign- uagb-columns__gap-10 align uagb-block-ba1f0c0b uagb-columns__columns-2 uagb-columns__max_width-custom\"><div class=\"uagb-columns__overlay\"><\/div><div class=\"uagb-columns__inner-wrap uagb-columns__columns-2\">\n<div class=\"wp-block-uagb-column uagb-column__wrap uagb-column__background-color uagb-block-ee17e86a\"><div class=\"uagb-column__overlay\"><\/div>\n<div class=\"wp-block-getwid-advanced-heading alignwide presse-head alignwide has-custom-font-size\" style=\"font-size:120%;margin-top:-15px\"><h2 class=\"wp-block-getwid-advanced-heading__content has-text-color has-nv-site-bg-color has-background has-neve-link-color-background-color\" style=\"line-height:0.8px;padding-left:20px;margin-left:-10px;margin-right:-10px\"><strong>Rundfunk-Kombinat Sachsen<\/strong><\/h2><\/div>\n\n\n<div class=\"vlp-link-container vlp-layout-basic-poedi wp-block-visual-link-preview-link\"><a href=\"https:\/\/www.poedelwitz.de\/en\/poedelwitz-auf-die-ohren\" class=\"vlp-link\" title=\"P\u00f6delwitz auf die Ohren\"><\/a><div class=\"vlp-layout-zone-main\"><div class=\"vlp-block-0 vlp-link-image\"><img decoding=\"async\" style=\"max-width: 768px;\" width=\"768\" height=\"520\" src=\"https:\/\/www.poedelwitz.de\/wp-content\/uploads\/2023\/06\/Firefly-a-person-from-the-back-sitting-in-the-grass-with-a-lot-of-flowers-looking-at-lignite-open-p-768x520.jpg\" class=\"attachment-medium_large size-medium_large\" alt=\"\" srcset=\"https:\/\/www.poedelwitz.de\/wp-content\/uploads\/2023\/06\/Firefly-a-person-from-the-back-sitting-in-the-grass-with-a-lot-of-flowers-looking-at-lignite-open-p-768x520.jpg 768w, https:\/\/www.poedelwitz.de\/wp-content\/uploads\/2023\/06\/Firefly-a-person-from-the-back-sitting-in-the-grass-with-a-lot-of-flowers-looking-at-lignite-open-p-300x203.jpg 300w, https:\/\/www.poedelwitz.de\/wp-content\/uploads\/2023\/06\/Firefly-a-person-from-the-back-sitting-in-the-grass-with-a-lot-of-flowers-looking-at-lignite-open-p-1024x694.jpg 1024w, https:\/\/www.poedelwitz.de\/wp-content\/uploads\/2023\/06\/Firefly-a-person-from-the-back-sitting-in-the-grass-with-a-lot-of-flowers-looking-at-lignite-open-p-18x12.jpg 18w, https:\/\/www.poedelwitz.de\/wp-content\/uploads\/2023\/06\/Firefly-a-person-from-the-back-sitting-in-the-grass-with-a-lot-of-flowers-looking-at-lignite-open-p.jpg 1512w\" sizes=\"(max-width: 768px) 100vw, 768px\" \/><\/div><div class=\"vlp-block-1 vlp-link-title\">P\u00f6delwitz auf die Ohren<\/div><div class=\"vlp-block-2 vlp-link-summary\">Es gibt gleich zwei H\u00f6rst\u00fccke \u00fcber P\u00f6delwitz und unseren Prozess, die wir euch ans Herz legen wollen: Zum einen hat unser Vereinsmitglied ein k\u00fcnstlerisches Feature f\u00fcr das Leipziger Radio blau aufgenommen. In dem St\u00fcck blickt sie als Vereinsmitglied und P\u00f6delwitzerin auf den Ort \u201eim Dazwischen\u201c. Kea zieht dabei Parallelen zwischen den \u00fcberall wuchernden Farnen und&hellip;&nbsp;<a href=\"\" class=\"\" rel=\"bookmark\">Weiterlesen &raquo;<span class=\"screen-reader-text\"><\/span><\/a><\/div><div class=\"vlp-block-3 vlp-link-button\">zum Artikel<\/div><\/div><\/div>\n\n\n<p><\/p>\n<\/div>\n\n\n\n<div class=\"wp-block-uagb-column uagb-column__wrap uagb-column__background-color uagb-block-b05990d0\"><div class=\"uagb-column__overlay\"><\/div>\n<div class=\"wp-block-stackable-columns stk-block-columns stk-block stk-db1fc05\" data-block-id=\"db1fc05\"><div class=\"stk-row stk-inner-blocks stk-block-content stk-content-align stk-db1fc05-column\">\n<div class=\"wp-block-stackable-column stk-block-column stk-column stk-block stk-e56b077 pa-speech-bubble-top pa-speech-bubble-top:after\" data-v=\"4\" data-block-id=\"e56b077\"><style>.stk-e56b077{margin-top:-10px !important;margin-right:-10px !important;margin-left:5px !important}.stk-e56b077-container{background-color:var(--nv-text-dark-bg) !important;border-radius:10px !important;overflow:hidden !important}.stk-e56b077-container:before{background-color:var(--nv-text-dark-bg) !important}<\/style><div class=\"stk-column-wrapper stk-block-column__content stk-container stk-e56b077-container stk-hover-parent\"><div class=\"has-text-align-left stk-block-content stk-inner-blocks stk-e56b077-inner-blocks\">\n<div class=\"wp-block-getwid-advanced-heading presse-description has-custom-font-size\" style=\"font-size:120%\"><span class=\"wp-block-getwid-advanced-heading__content has-text-color has-neve-link-color-color\" style=\"line-height:1.5em\"><strong>Unser Vereinsmitglied Kea hat ein k\u00fcnstlerisches Feature f\u00fcr das Rundfunk-Kombinat Sachsen aufgenommen. In dem St\u00fcck blickt sie als Vereinsmitglied und P\u00f6delwitzerin auf den Ort \u201eim Dazwischen\u201c. Kea zieht dabei Parallelen zwischen den \u00fcberall wuchernden Farnen und Brombeeren zu unserer Arbeit: Genauso wie sich das Gr\u00fcn \u00fcberall zwischen den H\u00e4usern und Betondecken seinen Platz sucht, so suchen wir Freir\u00e4ume und M\u00f6glichkeiten, um unsere Visionen umzusetzen. Ein h\u00f6renswertes Radiofeature, dass ihr auf unserer Seite anh\u00f6ren k\u00f6nnt.<\/strong><\/span><\/div>\n<\/div><\/div><\/div>\n<\/div><\/div>\n<\/div>\n<\/div><\/section>\n\n\n\n<section class=\"wp-block-uagb-columns uagb-columns__wrap uagb-columns__background-none uagb-columns__stack-mobile uagb-columns__valign- uagb-columns__gap-10 align uagb-block-e1e77455 uagb-columns__columns-2 uagb-columns__max_width-custom\"><div class=\"uagb-columns__overlay\"><\/div><div class=\"uagb-columns__inner-wrap uagb-columns__columns-2\">\n<div class=\"wp-block-uagb-column uagb-column__wrap uagb-column__background-color uagb-block-8ebd8bbf\"><div class=\"uagb-column__overlay\"><\/div>\n<div class=\"wp-block-getwid-advanced-heading alignwide presse-head alignwide has-custom-font-size\" style=\"font-size:120%;margin-top:-15px\"><h2 class=\"wp-block-getwid-advanced-heading__content has-text-color has-nv-site-bg-color has-background has-neve-link-color-background-color\" style=\"line-height:0.8px;padding-left:20px;margin-left:-10px;margin-right:-10px\"><strong>Deutschlandfunk Kultur, 17.01.2023<\/strong><\/h2><\/div>\n\n\n\n<div class=\"wp-block-cover\"><span aria-hidden=\"true\" class=\"wp-block-cover__background has-background-dim\"><\/span><div class=\"wp-block-cover__inner-container is-layout-flow wp-block-cover-is-layout-flow\">\n<div class=\"wp-block-group\"><div class=\"wp-block-group__inner-container is-layout-constrained wp-block-group-is-layout-constrained\"><div class=\"vlp-link-container vlp-layout-basic-poedi wp-block-visual-link-preview-link\"><a href=\"https:\/\/share.deutschlandradio.de\/dlf-audiothek-audio-teilen.3265.de.html?mdm:audio_id=dira_DRK_85b68243\" class=\"vlp-link\" title=\"Braunkohle in Sachsen - Gerettetes Dorf ringt um neues Leben (L\u00e4nderreport)\" rel=\"nofollow\" target=\"_blank\"><\/a><div class=\"vlp-layout-zone-main\"><div class=\"vlp-block-0 vlp-link-image\"><img decoding=\"async\" src=\"https:\/\/assets.deutschlandfunk.de\/FALLBACK-IMAGE-AUDIO\/1920x1080.png?t=1603714364673\" style=\"max-width: 768px; max-height: 768px\" \/><\/div><div class=\"vlp-block-1 vlp-link-title\">Braunkohle in Sachsen - Gerettetes Dorf ringt um neues Leben (L\u00e4nderreport)<\/div><div class=\"vlp-block-2 vlp-link-summary\">Deutschlandfunk Kultur<\/div><div class=\"vlp-block-3 vlp-link-button\">zum Artikel<\/div><\/div><\/div><\/div><\/div>\n<\/div><\/div>\n\n\n\n<p><\/p>\n<\/div>\n\n\n\n<div class=\"wp-block-uagb-column uagb-column__wrap uagb-column__background-color uagb-block-261b7dd6\"><div class=\"uagb-column__overlay\"><\/div>\n<div class=\"wp-block-stackable-columns stk-block-columns stk-block stk-8a59d3f\" data-block-id=\"8a59d3f\"><div class=\"stk-row stk-inner-blocks stk-block-content stk-content-align stk-8a59d3f-column\">\n<div class=\"wp-block-stackable-column stk-block-column stk-column stk-block stk-0a33db7 pa-speech-bubble-top pa-speech-bubble-top:after\" data-v=\"4\" data-block-id=\"0a33db7\"><style>.stk-0a33db7{margin-top:-10px !important;margin-right:-10px !important;margin-left:5px !important}.stk-0a33db7-container{background-color:var(--nv-text-dark-bg) !important;border-radius:10px !important;overflow:hidden !important}.stk-0a33db7-container:before{background-color:var(--nv-text-dark-bg) !important}<\/style><div class=\"stk-column-wrapper stk-block-column__content stk-container stk-0a33db7-container stk-hover-parent\"><div class=\"has-text-align-left stk-block-content stk-inner-blocks stk-0a33db7-inner-blocks\">\n<div class=\"wp-block-getwid-advanced-heading presse-description has-custom-font-size\" style=\"font-size:120%\"><span class=\"wp-block-getwid-advanced-heading__content has-text-color has-neve-link-color-color\" style=\"line-height:1.5em\"><strong>Anl\u00e4sslich der Proteste in L\u00fczerath lief im Deutschlandfunk ein Beitrag \u00fcber P\u00f6delwitz. Der Tenor: Auch wenn ein Dorf gerettet werden kann, gibt es viele H\u00fcrden, die daraus wieder einen lebendigen Ort werden lassen. Die Aussagen der Mibrag und von OB Kunze zeigen eine Argumentationslinie, die wir seit einigen Monaten h\u00f6ren:<br>Es sollen nicht einzelne H\u00e4user aus der Ortslage herausgel\u00f6st und verkauft werden. Stattdessen soll der komplette Ort betrachtet werden.<br>Dieses Argument ist schlichtweg falsch. Wir wollen nicht einzelne H\u00e4user herausl\u00f6sen. Wir haben ein Gesamtkonzept f\u00fcr den Ort und sind auch bereit daf\u00fcr alle H\u00e4user zusammen mit Stiftungen und weiteren Tr\u00e4gern von Einrichtungen zu erwerben. Dieses Gesamtkonzept bezieht Soziales, Wirtschaft und Klimaschutz mit ein. Wir k\u00f6nnen Arbeitspl\u00e4tze schaffen und gleichzeitig ein aktives Dorfleben erm\u00f6glichen.<\/strong><\/span><\/div>\n<\/div><\/div><\/div>\n<\/div><\/div>\n<\/div>\n<\/div><\/section>\n\n\n\n<section class=\"wp-block-uagb-columns uagb-columns__wrap uagb-columns__background-none uagb-columns__stack-mobile uagb-columns__valign- uagb-columns__gap-10 align uagb-block-9f2ac934 uagb-columns__columns-2 uagb-columns__max_width-custom\"><div class=\"uagb-columns__overlay\"><\/div><div class=\"uagb-columns__inner-wrap uagb-columns__columns-2\">\n<div class=\"wp-block-uagb-column uagb-column__wrap uagb-column__background-color uagb-block-6d9f6623\"><div class=\"uagb-column__overlay\"><\/div>\n<div class=\"wp-block-getwid-advanced-heading alignwide presse-head alignwide has-custom-font-size\" style=\"font-size:120%;margin-top:-15px\"><h2 class=\"wp-block-getwid-advanced-heading__content has-text-color has-nv-site-bg-color has-background has-neve-link-color-background-color\" style=\"line-height:0.8px;padding-left:20px;margin-left:-10px;margin-right:-10px\"><strong>LVZ Borna 14.01.2023<\/strong><\/h2><\/div>\n\n\n<div class=\"vlp-link-container vlp-layout-basic-poedi wp-block-visual-link-preview-link\"><a href=\"https:\/\/www.lvz.de\/lokales\/leipzig-lk\/borna\/luetzerath-was-menschen-aus-poedelwitz-zu-den-protesten-sagen-U4Y5FOTSCTBBPMHDTUORQVB744.html\" class=\"vlp-link\" title=\"L\u00fctzerath: Was Klimaaktivistin, Pfarrerin und Bewohner aus P\u00f6delwitz zu den Protesten sagen\" rel=\"nofollow\" target=\"_blank\"><\/a><div class=\"vlp-layout-zone-main\"><div class=\"vlp-block-0 vlp-link-image\"><img decoding=\"async\" src=\"https:\/\/www.lvz.de\/resizer\/v5A7DIQXyp3IG4YlDhGJTgbH9rE=\/1200x675\/filters:quality(70):watermark(assets.rndtech.de\/lvz\/watermark-plus.svg,50,50,0)\/cloudfront-eu-central-1.images.arcpublishing.com\/madsack\/CJB55KRILBXKZHQOIZ7F6POXG4.jpg\" style=\"max-width: 768px; max-height: 768px\" \/><\/div><div class=\"vlp-block-1 vlp-link-title\">L\u00fctzerath: Was Klimaaktivistin, Pfarrerin und Bewohner aus P\u00f6delwitz zu den Protesten sagen<\/div><div class=\"vlp-block-2 vlp-link-summary\">Sind Protest und Widerstand in L\u00fctzerath richtig und wichtig? Ist dabei Gewalt gerechtfertigt? Dazu \u00e4u\u00dfern sich Klimaaktivistin, Pfarrerin und ein Bewohner aus P\u00f6delwitz (Landkreis Leipzig). Ein Dorf, das beinahe selbst \u00fcberbaggert worden w\u00e4re.<\/div><div class=\"vlp-block-3 vlp-link-button\">zum Artikel<\/div><\/div><\/div>\n\n\n<p><\/p>\n<\/div>\n\n\n\n<div class=\"wp-block-uagb-column uagb-column__wrap uagb-column__background-color uagb-block-ef0373ac\"><div class=\"uagb-column__overlay\"><\/div>\n<div class=\"wp-block-stackable-columns stk-block-columns stk-block stk-39d9cb5\" data-block-id=\"39d9cb5\"><div class=\"stk-row stk-inner-blocks stk-block-content stk-content-align stk-39d9cb5-column\">\n<div class=\"wp-block-stackable-column stk-block-column stk-column stk-block stk-ebac503 pa-speech-bubble-top pa-speech-bubble-top:after\" data-v=\"4\" data-block-id=\"ebac503\"><style>.stk-ebac503{margin-top:-10px !important;margin-right:-10px !important;margin-left:5px !important}.stk-ebac503-container{background-color:var(--nv-text-dark-bg) !important;border-radius:10px !important;overflow:hidden !important}.stk-ebac503-container:before{background-color:var(--nv-text-dark-bg) !important}<\/style><div class=\"stk-column-wrapper stk-block-column__content stk-container stk-ebac503-container stk-hover-parent\"><div class=\"has-text-align-left stk-block-content stk-inner-blocks stk-ebac503-inner-blocks\">\n<div class=\"wp-block-getwid-advanced-heading presse-description has-custom-font-size\" style=\"font-size:120%\"><span class=\"wp-block-getwid-advanced-heading__content has-text-color has-neve-link-color-color\" style=\"line-height:1.5em\"><strong>Die LVZ hat einige Positionen zu L\u00fczerath von Menschen rund um P\u00f6delwitz gesammelt. Grunds\u00e4tzlich finden wir diesen Artikel gut. Allerdings stimmt folgendes Zitat aus dem Artikel nicht:<br><s>\u201eManchmal bekommen wir ein sehr negatives Feedback. Dann wieder passiert es, dass wir sch\u00f6n ins Gespr\u00e4ch kommen und \u00fcber Ideen und Visionen reden.\u201c<\/s><br>Sehr negatives Feedback kommt eigentlich nur von der Mibrag, unsere Idee eines Modelldorfes findet quer durch alle Schichten eine breite Zustimmung.<\/strong><\/span><\/div>\n<\/div><\/div><\/div>\n<\/div><\/div>\n<\/div>\n<\/div><\/section>\n\n\n\n<h2 class=\"wp-block-heading\">2022<\/h2>\n\n\n\n<section class=\"wp-block-uagb-columns uagb-columns__wrap uagb-columns__background-none uagb-columns__stack-mobile uagb-columns__valign- uagb-columns__gap-10 align uagb-block-1037b82f uagb-columns__columns-2 uagb-columns__max_width-custom\"><div class=\"uagb-columns__overlay\"><\/div><div class=\"uagb-columns__inner-wrap uagb-columns__columns-2\">\n<div class=\"wp-block-uagb-column uagb-column__wrap uagb-column__background-color uagb-block-a190057e\"><div class=\"uagb-column__overlay\"><\/div>\n<div class=\"wp-block-getwid-advanced-heading alignwide presse-head alignwide has-custom-font-size\" style=\"font-size:120%;margin-top:-15px\"><h2 class=\"wp-block-getwid-advanced-heading__content has-text-color has-nv-site-bg-color has-background has-neve-link-color-background-color\" style=\"line-height:0.8px;padding-left:20px;margin-left:-10px;margin-right:-10px\"><strong>Veto-Magazin 03.11.2022<\/strong><\/h2><\/div>\n\n\n\n<div class=\"wp-block-group\"><div class=\"wp-block-group__inner-container is-layout-constrained wp-block-group-is-layout-constrained\">\n<div class=\"wp-block-group\"><div class=\"wp-block-group__inner-container is-layout-constrained wp-block-group-is-layout-constrained\"><div class=\"vlp-link-container vlp-layout-basic-poedi wp-block-visual-link-preview-link\"><a href=\"https:\/\/veto-mag.de\/poedelwitz\/\" class=\"vlp-link\" title=\"Langer Atem \u2014\u00a0P\u00f6delwitz bleibt!\" rel=\"nofollow\" target=\"_blank\"><\/a><div class=\"vlp-layout-zone-main\"><div class=\"vlp-block-0 vlp-link-image\"><img decoding=\"async\" src=\"https:\/\/usercontent.one\/wp\/veto-mag.de\/wp-content\/uploads\/2022\/11\/poedelwitz-startseite.jpg\" style=\"max-width: 768px; max-height: 768px\" \/><\/div><div class=\"vlp-block-1 vlp-link-title\">Langer Atem \u2014\u00a0P\u00f6delwitz bleibt!<\/div><div class=\"vlp-block-2 vlp-link-summary\">P\u00f6delwitz ist den Braunkohlebaggern nicht zum Opfer gefallen. Gerettet ist das s\u00e4chsische Dorf deshalb aber noch l\u00e4ngst nicht.<\/div><div class=\"vlp-block-3 vlp-link-button\">zum Artikel<\/div><\/div><\/div><\/div><\/div>\n<\/div><\/div>\n\n\n\n<p><\/p>\n<\/div>\n\n\n\n<div class=\"wp-block-uagb-column uagb-column__wrap uagb-column__background-color uagb-block-da020492\"><div class=\"uagb-column__overlay\"><\/div>\n<div class=\"wp-block-stackable-columns stk-block-columns stk-block stk-b42dce7\" data-block-id=\"b42dce7\"><div class=\"stk-row stk-inner-blocks stk-block-content stk-content-align stk-b42dce7-column\">\n<div class=\"wp-block-stackable-column stk-block-column stk-column stk-block stk-7c8f48c pa-speech-bubble-top pa-speech-bubble-top:after\" data-v=\"4\" data-block-id=\"7c8f48c\"><style>.stk-7c8f48c{margin-top:-10px !important;margin-right:-10px !important;margin-left:5px !important}.stk-7c8f48c-container{background-color:var(--nv-text-dark-bg) !important;border-radius:10px !important;overflow:hidden !important}.stk-7c8f48c-container:before{background-color:var(--nv-text-dark-bg) !important}<\/style><div class=\"stk-column-wrapper stk-block-column__content stk-container stk-7c8f48c-container stk-hover-parent\"><div class=\"has-text-align-left stk-block-content stk-inner-blocks stk-7c8f48c-inner-blocks\">\n<div class=\"wp-block-getwid-advanced-heading presse-description has-custom-font-size\" style=\"font-size:120%\"><span class=\"wp-block-getwid-advanced-heading__content has-text-color has-neve-link-color-color\" style=\"line-height:1.5em\"><strong>Das Veto-Magazin hat ein Portr\u00e4t \u00fcber zwei unserer Vereins-Mitglieder gemacht. Wir finden es sehr gelungen!<\/strong><\/span><\/div>\n<\/div><\/div><\/div>\n<\/div><\/div>\n<\/div>\n<\/div><\/section>\n\n\n\n<section class=\"wp-block-uagb-columns uagb-columns__wrap uagb-columns__background-none uagb-columns__stack-mobile uagb-columns__valign- uagb-columns__gap-10 align uagb-block-03e0a9e3 uagb-columns__columns-2 uagb-columns__max_width-custom\"><div class=\"uagb-columns__overlay\"><\/div><div class=\"uagb-columns__inner-wrap uagb-columns__columns-2\">\n<div class=\"wp-block-uagb-column uagb-column__wrap uagb-column__background-color uagb-block-e580ce92\"><div class=\"uagb-column__overlay\"><\/div>\n<div class=\"wp-block-getwid-advanced-heading alignwide presse-head alignwide has-custom-font-size\" style=\"font-size:120%;margin-top:-15px\"><h2 class=\"wp-block-getwid-advanced-heading__content has-text-color has-nv-site-bg-color has-background has-neve-link-color-background-color\" style=\"line-height:0.8px;padding-left:20px;margin-left:-10px;margin-right:-10px\"><strong>LVZ   23.10.2022<\/strong><\/h2><\/div>\n\n\n<div class=\"vlp-link-container vlp-layout-basic-poedi wp-block-visual-link-preview-link\"><a href=\"https:\/\/www.lvz.de\/lokales\/leipzig-lk\/borna\/warum-der-verein-poedelwitz-hat-zukunft-keine-grundstuecke-in-poedelwitz-kaufen-darf-H7FE4Y6OR7OQ2AUBIT734IH4VA.html\" class=\"vlp-link\" title=\"Warum der Verein \u201eP\u00f6delwitz hat Zukunft\u201c keine Grundst\u00fccke in P\u00f6delwitz kaufen darf\" rel=\"nofollow\" target=\"_blank\"><\/a><div class=\"vlp-layout-zone-main\"><div class=\"vlp-block-0 vlp-link-image\"><img decoding=\"async\" src=\"https:\/\/www.lvz.de\/resizer\/1w2FUPUEDhhdiASh3Rb2MGQKVJY=\/1200x675\/filters:quality(70):watermark(assets.rndtech.de\/lvz\/watermark-plus.svg,50,50,0)\/cloudfront-eu-central-1.images.arcpublishing.com\/madsack\/2PBTZLLCLQ6NWNGKEX3ROK35LA.jpg\" style=\"max-width: 768px; max-height: 768px\" \/><\/div><div class=\"vlp-block-1 vlp-link-title\">Warum der Verein \u201eP\u00f6delwitz hat Zukunft\u201c keine Grundst\u00fccke in P\u00f6delwitz kaufen darf<\/div><div class=\"vlp-block-2 vlp-link-summary\">Ein Verein plant, aus dem einst vom Tagebau bedrohten \u00d6rtchen P\u00f6delwitz ein Modelldorf der \u00f6kologischen und sozialen Nachhaltigkeit zu machen: Nun sollte es konkret werden, der Verein wollte einen ersten Stra\u00dfenzug kaufen. Doch die Mibrag als Eigent\u00fcmer lehnt ab. Warum?<\/div><div class=\"vlp-block-3 vlp-link-button\">zum Artikel<\/div><\/div><\/div>\n\n\n<p><\/p>\n<\/div>\n\n\n\n<div class=\"wp-block-uagb-column uagb-column__wrap uagb-column__background-color uagb-block-9b12f256\"><div class=\"uagb-column__overlay\"><\/div>\n<div class=\"wp-block-stackable-columns stk-block-columns stk-block stk-e78fc6e\" data-block-id=\"e78fc6e\"><div class=\"stk-row stk-inner-blocks stk-block-content stk-content-align stk-e78fc6e-column\">\n<div class=\"wp-block-stackable-column stk-block-column stk-column stk-block stk-8ecdd0f pa-speech-bubble-top pa-speech-bubble-top:after\" data-v=\"4\" data-block-id=\"8ecdd0f\"><style>.stk-8ecdd0f{margin-top:-10px !important;margin-right:-10px !important;margin-left:5px !important}.stk-8ecdd0f-container{background-color:var(--nv-text-dark-bg) !important;border-radius:10px !important;overflow:hidden !important}.stk-8ecdd0f-container:before{background-color:var(--nv-text-dark-bg) !important}<\/style><div class=\"stk-column-wrapper stk-block-column__content stk-container stk-8ecdd0f-container stk-hover-parent\"><div class=\"has-text-align-left stk-block-content stk-inner-blocks stk-8ecdd0f-inner-blocks\">\n<div class=\"wp-block-getwid-advanced-heading presse-description has-custom-font-size\" style=\"font-size:120%\"><span class=\"wp-block-getwid-advanced-heading__content has-text-color has-neve-link-color-color\" style=\"line-height:1.5em\"><strong>Am 11. Oktober trafen wir Dr. Kai Steinbach, Kaufm\u00e4nnischer Gesch\u00e4ftsf\u00fchrer der Mibrag und Maik Kunze, B\u00fcrgermeister der Stadt Groitzsch (CDU) im Hauptsitz der Mibrag in Zeitz. Wir haben dort unser Interesse bekundet, zusammen mit der Stiftung trias einen Stra\u00dfenzug zu kaufen. Die Mibrag hat uns eine klare Absage erteilt.<\/strong><br><br>Der LVZ-Artikel berichtet \u00fcber die Absage, allerdings unserer Meinung nach zu unkritisch. Wir haben hier im Blog noch einmal aufgeschrieben, was wir davon halten: <a href=\"https:\/\/www.poedelwitz.de\/de\/2022\/10\/28\/mibrag-lehnt-kaufanfrage-unseres-vereins-ab\/\">https:\/\/www.poedelwitz.de\/de\/2022\/10\/28\/mibrag-lehnt-kaufanfrage-unseres-vereins-ab\/<\/a><\/span><\/div>\n<\/div><\/div><\/div>\n<\/div><\/div>\n<\/div>\n<\/div><\/section>\n\n\n\n<section class=\"wp-block-uagb-columns uagb-columns__wrap uagb-columns__background-none uagb-columns__stack-mobile uagb-columns__valign- uagb-columns__gap-10 align uagb-block-d6212302 uagb-columns__columns-2 uagb-columns__max_width-custom\"><div class=\"uagb-columns__overlay\"><\/div><div class=\"uagb-columns__inner-wrap uagb-columns__columns-2\">\n<div class=\"wp-block-uagb-column uagb-column__wrap uagb-column__background-color uagb-block-fa23c873\"><div class=\"uagb-column__overlay\"><\/div>\n<div class=\"wp-block-getwid-advanced-heading alignwide presse-head alignwide has-custom-font-size\" style=\"font-size:120%;margin-top:-15px\"><h2 class=\"wp-block-getwid-advanced-heading__content has-text-color has-nv-site-bg-color has-background has-neve-link-color-background-color\" style=\"line-height:0.8px;padding-left:20px;margin-left:-10px;margin-right:-10px\"><strong>LVZ   26.04.2022<\/strong><\/h2><\/div>\n\n\n<div class=\"vlp-link-container vlp-layout-basic-poedi wp-block-visual-link-preview-link\"><a href=\"https:\/\/www.lvz.de\/Region\/Borna\/Das-Dorf-das-den-Tagebau-Baggern-entkam-warum-Menschen-heute-in-Poedelwitz-leben-wollen\" class=\"vlp-link\" title=\"Das Dorf, das den Tagebau-Baggern entkam \u2013 warum Menschen heute in P\u00f6delwitz leben wollen\" rel=\"nofollow\" target=\"_blank\"><\/a><div class=\"vlp-layout-zone-main\"><div class=\"vlp-block-0 vlp-link-image\"><img decoding=\"async\" src=\"https:\/\/www.lvz.de\/resizer\/US5SUeSkJRPBpPi4JLOlAjtlt7U=\/1200x675\/filters:quality(70):watermark(assets.rndtech.de\/lvz\/watermark-plus.svg,50,50,0)\/cloudfront-eu-central-1.images.arcpublishing.com\/madsack\/MNHSTVDLAN7RXN3ETY3F6X2WCA.jpg\" style=\"max-width: 768px; max-height: 768px\" \/><\/div><div class=\"vlp-block-1 vlp-link-title\">Das Dorf, das den Tagebau-Baggern entkam \u2013 warum Menschen heute in P\u00f6delwitz leben wollen<\/div><div class=\"vlp-block-2 vlp-link-summary\">Mehr als 100 Unterst\u00fctzer hat der Verein \u201eP\u00f6delwitz hat Zukunft\u201c mittlerweile. Viele von denen kennen den Ort von den Klimacamps, andere sind dort gro\u00dfgeworden. Doch was macht den Groitzscher Ortsteil so begehrt?<\/div><div class=\"vlp-block-3 vlp-link-button\">zum Artikel<\/div><\/div><\/div>\n\n\n<p><\/p>\n<\/div>\n\n\n\n<div class=\"wp-block-uagb-column uagb-column__wrap uagb-column__background-color uagb-block-9e300556\"><div class=\"uagb-column__overlay\"><\/div>\n<div class=\"wp-block-stackable-columns stk-block-columns stk-block stk-10b3f97\" data-block-id=\"10b3f97\"><div class=\"stk-row stk-inner-blocks stk-block-content stk-content-align stk-10b3f97-column\">\n<div class=\"wp-block-stackable-column stk-block-column stk-column stk-block stk-0f16320 pa-speech-bubble-top pa-speech-bubble-top:after\" data-v=\"4\" data-block-id=\"0f16320\"><style>.stk-0f16320{margin-top:-10px !important;margin-right:-10px !important;margin-left:5px !important}.stk-0f16320-container{background-color:var(--nv-text-dark-bg) !important;border-radius:10px !important;overflow:hidden !important}.stk-0f16320-container:before{background-color:var(--nv-text-dark-bg) !important}<\/style><div class=\"stk-column-wrapper stk-block-column__content stk-container stk-0f16320-container stk-hover-parent\"><div class=\"has-text-align-left stk-block-content stk-inner-blocks stk-0f16320-inner-blocks\">\n<div class=\"wp-block-getwid-advanced-heading presse-description has-custom-font-size\" style=\"font-size:120%\"><span class=\"wp-block-getwid-advanced-heading__content has-text-color has-neve-link-color-color\" style=\"line-height:1.5em\"><strong>In diesem Artikel werden vier Personen unseres Vereins portr\u00e4tiert. Es geht um die Gr\u00fcnde, warum sie sich im Verein einsetzen und warum sie in P\u00f6delwitz wohnen wollen.<\/strong><\/span><\/div>\n<\/div><\/div><\/div>\n<\/div><\/div>\n<\/div>\n<\/div><\/section>\n\n\n\n<section class=\"wp-block-uagb-columns uagb-columns__wrap uagb-columns__background-none uagb-columns__stack-mobile uagb-columns__valign- uagb-columns__gap-10 align uagb-block-bcb2eb29 uagb-columns__columns-2 uagb-columns__max_width-custom\"><div class=\"uagb-columns__overlay\"><\/div><div class=\"uagb-columns__inner-wrap uagb-columns__columns-2\">\n<div class=\"wp-block-uagb-column uagb-column__wrap uagb-column__background-color uagb-block-e0069cea\"><div class=\"uagb-column__overlay\"><\/div>\n<div class=\"wp-block-getwid-advanced-heading alignwide presse-head alignwide has-custom-font-size\" style=\"font-size:120%;margin-top:-15px\"><h2 class=\"wp-block-getwid-advanced-heading__content has-text-color has-nv-site-bg-color has-background has-neve-link-color-background-color\" style=\"line-height:0.8px;padding-left:20px;margin-left:-10px;margin-right:-10px\"><strong>WELT AM  SONNTAG   6.1.2022<\/strong><\/h2><\/div>\n\n\n<div class=\"vlp-link-container vlp-layout-basic-poedi wp-block-visual-link-preview-link\"><a href=\"https:\/\/www.welt.de\/wirtschaft\/plus235975416\/Kohletagebau-in-Sachsen-Das-Dorf-wurde-leer-gekauft.html\" class=\"vlp-link\" title=\"Kohletagebau in Sachsen: \u201eDas Dorf wurde leer gekauft\u201c - WELT\" rel=\"nofollow\" target=\"_blank\"><\/a><div class=\"vlp-layout-zone-main\"><div class=\"vlp-block-0 vlp-link-image\"><img decoding=\"async\" src=\"https:\/\/img.welt.de\/img\/wirtschaft\/mobile235975408\/9541358157-ci16x9-w1200-fnov-fpotl-fpi157750653\/Ein-Dorf-erfindet-sich-nach-dem-Kohle-Aus-neu-2.jpg\" style=\"max-width: 768px; max-height: 768px\" \/><\/div><div class=\"vlp-block-1 vlp-link-title\">Kohletagebau in Sachsen: \u201eDas Dorf wurde leer gekauft\u201c - WELT<\/div><div class=\"vlp-block-2 vlp-link-summary\">Das s\u00e4chsische P\u00f6delwitz sollte 2012 f\u00fcr den Kohletagebau abgerissen werden. Die Bewohner haben sich gewehrt, 35 Menschen tun das noch immer. Zwar wurde das Dorf \u201eleergekauft\u201c, doch seitdem herrscht ein unwirklicher Schwebezustand \u2013 mitten in Deutschland.<\/div><div class=\"vlp-block-3 vlp-link-button\">zum Artikel<\/div><\/div><\/div>\n\n\n<p><\/p>\n<\/div>\n\n\n\n<div class=\"wp-block-uagb-column uagb-column__wrap uagb-column__background-color uagb-block-0b1717cf\"><div class=\"uagb-column__overlay\"><\/div>\n<div class=\"wp-block-stackable-columns stk-block-columns stk-block stk-97a155c\" data-block-id=\"97a155c\"><div class=\"stk-row stk-inner-blocks stk-block-content stk-content-align stk-97a155c-column\">\n<div class=\"wp-block-stackable-column stk-block-column stk-column stk-block stk-75cb7f7 pa-speech-bubble-top pa-speech-bubble-top:after\" data-v=\"4\" data-block-id=\"75cb7f7\"><style>.stk-75cb7f7{margin-top:-10px !important;margin-right:-10px !important;margin-left:5px !important}.stk-75cb7f7-container{background-color:var(--nv-text-dark-bg) !important;border-radius:10px !important;overflow:hidden !important}.stk-75cb7f7-container:before{background-color:var(--nv-text-dark-bg) !important}<\/style><div class=\"stk-column-wrapper stk-block-column__content stk-container stk-75cb7f7-container stk-hover-parent\"><div class=\"has-text-align-left stk-block-content stk-inner-blocks stk-75cb7f7-inner-blocks\">\n<div class=\"wp-block-getwid-advanced-heading presse-description has-custom-font-size\" style=\"font-size:120%\"><span class=\"wp-block-getwid-advanced-heading__content has-text-color has-neve-link-color-color\" style=\"line-height:1.5em\"><strong>In einem langen Artikel zeichnet die \"Welt am Sonntag\" die Geschichte des Widerstands in P\u00f6delwitz nach und kommt dann auf den aktuellen Stand. Der Text bringt Strukturwandel, Bef\u00fcrchtungen und Positionen zusammen.<\/strong><\/span><\/div>\n<\/div><\/div><\/div>\n<\/div><\/div>\n<\/div>\n<\/div><\/section>\n\n\n\n<section class=\"wp-block-uagb-columns uagb-columns__wrap uagb-columns__background-none uagb-columns__stack-mobile uagb-columns__valign- uagb-columns__gap-10 align uagb-block-177e41f6 uagb-columns__columns-2 uagb-columns__max_width-custom\"><div class=\"uagb-columns__overlay\"><\/div><div class=\"uagb-columns__inner-wrap uagb-columns__columns-2\">\n<div class=\"wp-block-uagb-column uagb-column__wrap uagb-column__background-color uagb-block-39f14938\"><div class=\"uagb-column__overlay\"><\/div>\n<div class=\"wp-block-getwid-advanced-heading alignwide presse-head alignwide has-custom-font-size\" style=\"font-size:120%;margin-top:-15px\"><h2 class=\"wp-block-getwid-advanced-heading__content has-text-color has-nv-site-bg-color has-background has-neve-link-color-background-color\" style=\"line-height:0.8px;padding-left:20px;margin-left:-10px;margin-right:-10px\"><strong>MDR Sachsenspiegel   22.1.2022<\/strong><\/h2><\/div>\n\n\n<div class=\"vlp-link-container vlp-layout-basic-poedi wp-block-visual-link-preview-link\"><a href=\"https:\/\/fb.watch\/cHH877s3Gj\/\" class=\"vlp-link\" title=\"P\u00f6delwitz: Das Leben ist noch nicht zur\u00fcckgekehrt\" rel=\"nofollow\" target=\"_blank\"><\/a><div class=\"vlp-layout-zone-main\"><div class=\"vlp-block-0 vlp-link-image\"><img decoding=\"async\" src=\"https:\/\/scontent.xx.fbcdn.net\/v\/t15.5256-10\/267084197_2087988748018789_8183091988547842414_n.jpg?_nc_cat=103&amp;ccb=1-7&amp;_nc_sid=776239&amp;_nc_ohc=2tNtHKi1-c4AX9Om_90&amp;_nc_ht=scontent.xx&amp;oh=00_AfCijQZoGzeaA1O0WQD_vnhimwX0dsbTkJlWkrK4d9sIAg&amp;oe=64D1E34B\" style=\"max-width: 768px; max-height: 768px\" \/><\/div><div class=\"vlp-block-1 vlp-link-title\">P\u00f6delwitz: Das Leben ist noch nicht zur\u00fcckgekehrt<\/div><div class=\"vlp-block-2 vlp-link-summary\">Eigentlich sollte das Dorf P\u00f6delwitz nahe Leipzig einem Braunkohle-Tagebau weichen. Der Gro\u00dfteil der P\u00f6delwitzer war deshalb schon weggezogen. Doch durch\u2026<\/div><div class=\"vlp-block-3 vlp-link-button\">zum Artikel<\/div><\/div><\/div>\n\n\n<p><\/p>\n<\/div>\n\n\n\n<div class=\"wp-block-uagb-column uagb-column__wrap uagb-column__background-color uagb-block-cbee1fbe\"><div class=\"uagb-column__overlay\"><\/div>\n<div class=\"wp-block-stackable-columns stk-block-columns stk-block stk-5dd542c\" data-block-id=\"5dd542c\"><div class=\"stk-row stk-inner-blocks stk-block-content stk-content-align stk-5dd542c-column\">\n<div class=\"wp-block-stackable-column stk-block-column stk-column stk-block stk-52869c0 pa-speech-bubble-top pa-speech-bubble-top:after\" data-v=\"4\" data-block-id=\"52869c0\"><style>.stk-52869c0{margin-top:-10px !important;margin-right:-10px !important;margin-left:5px !important}.stk-52869c0-container{background-color:var(--nv-text-dark-bg) !important;border-radius:10px !important;overflow:hidden !important}.stk-52869c0-container:before{background-color:var(--nv-text-dark-bg) !important}<\/style><div class=\"stk-column-wrapper stk-block-column__content stk-container stk-52869c0-container stk-hover-parent\"><div class=\"has-text-align-left stk-block-content stk-inner-blocks stk-52869c0-inner-blocks\">\n<div class=\"wp-block-getwid-advanced-heading presse-description has-custom-font-size\" style=\"font-size:120%\"><span class=\"wp-block-getwid-advanced-heading__content has-text-color has-neve-link-color-color\" style=\"line-height:1.5em\"><strong>Der MDR Sachsenspiegel berichtet \u00fcber unsere Vision von P\u00f6delwitz und \u00fcber die Probleme vor den wir stehen.<\/strong><\/span><\/div>\n<\/div><\/div><\/div>\n<\/div><\/div>\n<\/div>\n<\/div><\/section>\n\n\n\n<h2 class=\"wp-block-heading\">2021<\/h2>\n\n\n\n<section class=\"wp-block-uagb-columns uagb-columns__wrap uagb-columns__background-none uagb-columns__stack-mobile uagb-columns__valign- uagb-columns__gap-10 align uagb-block-71049329 uagb-columns__columns-2 uagb-columns__max_width-custom\"><div class=\"uagb-columns__overlay\"><\/div><div class=\"uagb-columns__inner-wrap uagb-columns__columns-2\">\n<div class=\"wp-block-uagb-column uagb-column__wrap uagb-column__background-color uagb-block-a96603b7\"><div class=\"uagb-column__overlay\"><\/div>\n<div class=\"wp-block-getwid-advanced-heading alignwide presse-head alignwide has-custom-font-size\" style=\"font-size:120%;margin-top:-15px\"><h2 class=\"wp-block-getwid-advanced-heading__content has-text-color has-nv-site-bg-color has-background has-neve-link-color-background-color\" style=\"line-height:0.8px;padding-left:20px;margin-left:-10px;margin-right:-10px\"><strong>ZDF   25.12.2021<\/strong><\/h2><\/div>\n\n\n<div class=\"vlp-link-container vlp-layout-basic-poedi wp-block-visual-link-preview-link\"><a href=\"https:\/\/www.zdf.de\/nachrichten\/politik\/poedelwitz-kohleausstieg-strukturwandel-100.html\" class=\"vlp-link\" title=\"Strukturwandel in P\u00f6delwitz: Ein Dorf sucht seine Zukunft\" rel=\"nofollow\" target=\"_blank\"><\/a><div class=\"vlp-layout-zone-main\"><div class=\"vlp-block-0 vlp-link-image\"><img decoding=\"async\" src=\"https:\/\/www.zdf.de\/assets\/poedelwitz-108~1280x720?cb=1640185736595\" style=\"max-width: 768px; max-height: 768px\" \/><\/div><div class=\"vlp-block-1 vlp-link-title\">Strukturwandel in P\u00f6delwitz: Ein Dorf sucht seine Zukunft<\/div><div class=\"vlp-block-2 vlp-link-summary\">P\u00f6delwitz bei Leipzig sollte der Kohle weichen. Dieses Schicksal ist abgewendet. Nun will das Dorf Modellprojekt f\u00fcr den Strukturwandel werden.<\/div><div class=\"vlp-block-3 vlp-link-button\">zum Artikel<\/div><\/div><\/div>\n\n\n<p><\/p>\n<\/div>\n\n\n\n<div class=\"wp-block-uagb-column uagb-column__wrap uagb-column__background-color uagb-block-d2278f48\"><div class=\"uagb-column__overlay\"><\/div>\n<div class=\"wp-block-stackable-columns stk-block-columns stk-block stk-cd37540\" data-block-id=\"cd37540\"><div class=\"stk-row stk-inner-blocks stk-block-content stk-content-align stk-cd37540-column\">\n<div class=\"wp-block-stackable-column stk-block-column stk-column stk-block stk-407d7ac pa-speech-bubble-top pa-speech-bubble-top:after\" data-v=\"4\" data-block-id=\"407d7ac\"><style>.stk-407d7ac{margin-top:-10px !important;margin-right:-10px !important;margin-left:5px !important}.stk-407d7ac-container{background-color:var(--nv-text-dark-bg) !important;border-radius:10px !important;overflow:hidden !important}.stk-407d7ac-container:before{background-color:var(--nv-text-dark-bg) !important}<\/style><div class=\"stk-column-wrapper stk-block-column__content stk-container stk-407d7ac-container stk-hover-parent\"><div class=\"has-text-align-left stk-block-content stk-inner-blocks stk-407d7ac-inner-blocks\">\n<div class=\"wp-block-getwid-advanced-heading presse-description has-custom-font-size\" style=\"font-size:120%\"><span class=\"wp-block-getwid-advanced-heading__content has-text-color has-neve-link-color-color\" style=\"line-height:1.5em\"><strong>Das ZDF fasst zusammen, wie der Stand in P\u00f6delwitz ist. Fazit: Es gibt tolle Ideen, die jetzt umgesetzt werden k\u00f6nnen, aber die Mibrag l\u00e4sst sich Zeit<\/strong> \u2026<\/span><\/div>\n<\/div><\/div><\/div>\n<\/div><\/div>\n<\/div>\n<\/div><\/section>\n\n\n\n<section class=\"wp-block-uagb-columns uagb-columns__wrap uagb-columns__background-none uagb-columns__stack-mobile uagb-columns__valign- uagb-columns__gap-10 align uagb-block-63898da3 uagb-columns__columns-2 uagb-columns__max_width-custom\"><div class=\"uagb-columns__overlay\"><\/div><div class=\"uagb-columns__inner-wrap uagb-columns__columns-2\">\n<div class=\"wp-block-uagb-column uagb-column__wrap uagb-column__background-color uagb-block-6ad3c5aa\"><div class=\"uagb-column__overlay\"><\/div>\n<div class=\"wp-block-getwid-advanced-heading alignwide presse-head alignwide has-custom-font-size\" style=\"font-size:120%;margin-top:-15px\"><h2 class=\"wp-block-getwid-advanced-heading__content has-text-color has-nv-site-bg-color has-background has-neve-link-color-background-color\" style=\"line-height:0.8px;padding-left:20px;margin-left:-10px;margin-right:-10px\"><strong>LVZ  7.12.2021<\/strong><\/h2><\/div>\n\n\n<div class=\"vlp-link-container vlp-layout-basic-poedi wp-block-visual-link-preview-link\"><a href=\"https:\/\/www.lvz.de\/Region\/Borna\/Was-nach-der-Kohle-kommt-So-wollen-die-Poedelwitzer-leben-und-arbeiten\" class=\"vlp-link\" title=\"Was nach der Kohle kommt: So wollen die P\u00f6delwitzer leben und arbeiten\" rel=\"nofollow\" target=\"_blank\"><\/a><div class=\"vlp-layout-zone-main\"><div class=\"vlp-block-0 vlp-link-image\"><img decoding=\"async\" src=\"https:\/\/www.lvz.de\/resizer\/Qf8NyVTfyF-HuW0-d-88TerUMV0=\/1200x675\/filters:quality(70):watermark(assets.rndtech.de\/lvz\/watermark-plus.svg,50,50,0)\/cloudfront-eu-central-1.images.arcpublishing.com\/madsack\/NYBLG7OCTDXVBOJMB2QHPJ6MDY.jpg\" style=\"max-width: 768px; max-height: 768px\" \/><\/div><div class=\"vlp-block-1 vlp-link-title\">Was nach der Kohle kommt: So wollen die P\u00f6delwitzer leben und arbeiten<\/div><div class=\"vlp-block-2 vlp-link-summary\">Arbeiten im Gemeinschaftsb\u00fcro, Gem\u00fcse vom Feld, Wohnen aller Generationen unter einem Dach: P\u00f6delwitz \u2013 der einst dem Untergang geweihte kleine Ortsteil von Groitzsch \u2013 soll zu neuem Leben erwachen. Wie sich das der Verein \u201eP\u00f6delwitz hat Zukunft\u201c vorstellt.<\/div><div class=\"vlp-block-3 vlp-link-button\">zum Artikel<\/div><\/div><\/div>\n\n\n<p><\/p>\n<\/div>\n\n\n\n<div class=\"wp-block-uagb-column uagb-column__wrap uagb-column__background-color uagb-block-d965bc60\"><div class=\"uagb-column__overlay\"><\/div>\n<div class=\"wp-block-stackable-columns stk-block-columns stk-block stk-46086be\" data-block-id=\"46086be\"><div class=\"stk-row stk-inner-blocks stk-block-content stk-content-align stk-46086be-column\">\n<div class=\"wp-block-stackable-column stk-block-column stk-column stk-block stk-b64905c pa-speech-bubble-top pa-speech-bubble-top:after\" data-v=\"4\" data-block-id=\"b64905c\"><style>.stk-b64905c{margin-top:-10px !important;margin-right:-10px !important;margin-left:5px !important}.stk-b64905c-container{background-color:var(--nv-text-dark-bg) !important;border-radius:10px !important;overflow:hidden !important}.stk-b64905c-container:before{background-color:var(--nv-text-dark-bg) !important}<\/style><div class=\"stk-column-wrapper stk-block-column__content stk-container stk-b64905c-container stk-hover-parent\"><div class=\"has-text-align-left stk-block-content stk-inner-blocks stk-b64905c-inner-blocks\">\n<div class=\"wp-block-getwid-advanced-heading presse-description has-custom-font-size\" style=\"font-size:120%\"><span class=\"wp-block-getwid-advanced-heading__content has-text-color has-neve-link-color-color\" style=\"line-height:1.5em\"><strong>Ein langer und ausf\u00fchrlicher Artikel \u00fcber unseren Verein und unsere Vision f\u00fcr P\u00f6delwitz.<\/strong><\/span><\/div>\n<\/div><\/div><\/div>\n<\/div><\/div>\n<\/div>\n<\/div><\/section>\n\n\n\n<section class=\"wp-block-uagb-columns uagb-columns__wrap uagb-columns__background-none uagb-columns__stack-mobile uagb-columns__valign- uagb-columns__gap-10 align uagb-block-c9be1197 uagb-columns__columns-2 uagb-columns__max_width-custom\"><div class=\"uagb-columns__overlay\"><\/div><div class=\"uagb-columns__inner-wrap uagb-columns__columns-2\">\n<div class=\"wp-block-uagb-column uagb-column__wrap uagb-column__background-color uagb-block-4f3c98e8\"><div class=\"uagb-column__overlay\"><\/div>\n<div class=\"wp-block-getwid-advanced-heading alignwide presse-head alignwide has-custom-font-size\" style=\"font-size:120%;margin-top:-15px\"><h2 class=\"wp-block-getwid-advanced-heading__content has-text-color has-nv-site-bg-color has-background has-neve-link-color-background-color\" style=\"line-height:0.8px;padding-left:20px;margin-left:-10px;margin-right:-10px\"><strong>Greenpeace Magazin   9.11.2021<\/strong><\/h2><\/div>\n\n\n<div class=\"vlp-link-container vlp-layout-basic-poedi wp-block-visual-link-preview-link\"><a href=\"https:\/\/www.greenpeace-magazin.de\/leseecke\/auferstehen-aus-ruinen\" class=\"vlp-link\" title=\"Greenpeace Magazin | Auferstehen aus Ruinen\" rel=\"nofollow\" target=\"_blank\"><\/a><div class=\"vlp-layout-zone-main\"><div class=\"vlp-block-0 vlp-link-image\"><img decoding=\"async\" src=\"https:\/\/gpm-cs.e-fork.net\/sites\/default\/files\/2021-11\/6-21Greenpeace-Magazin_Po%CC%88delwitz_Modelldorf_03_Facebook_1.jpg\" style=\"max-width: 768px; max-height: 768px\" \/><\/div><div class=\"vlp-block-1 vlp-link-title\">Greenpeace Magazin | Auferstehen aus Ruinen<\/div><div class=\"vlp-block-2 vlp-link-summary\">Wir begleiten das vorm Tagebau gerettete P\u00f6delwitz auf dem Weg vom Abrissprojekt zum Modelldorf<\/div><div class=\"vlp-block-3 vlp-link-button\">zum Artikel<\/div><\/div><\/div>\n\n\n<p><\/p>\n<\/div>\n\n\n\n<div class=\"wp-block-uagb-column uagb-column__wrap uagb-column__background-color uagb-block-7d0ed885\"><div class=\"uagb-column__overlay\"><\/div>\n<div class=\"wp-block-stackable-columns stk-block-columns stk-block stk-ad1e287\" data-block-id=\"ad1e287\"><div class=\"stk-row stk-inner-blocks stk-block-content stk-content-align stk-ad1e287-column\">\n<div class=\"wp-block-stackable-column stk-block-column stk-column stk-block stk-5a2a7da pa-speech-bubble-top pa-speech-bubble-top:after\" data-v=\"4\" data-block-id=\"5a2a7da\"><style>.stk-5a2a7da{margin-top:-10px !important;margin-right:-10px !important;margin-left:5px !important}.stk-5a2a7da-container{background-color:var(--nv-text-dark-bg) !important;border-radius:10px !important;overflow:hidden !important}.stk-5a2a7da-container:before{background-color:var(--nv-text-dark-bg) !important}<\/style><div class=\"stk-column-wrapper stk-block-column__content stk-container stk-5a2a7da-container stk-hover-parent\"><div class=\"has-text-align-left stk-block-content stk-inner-blocks stk-5a2a7da-inner-blocks\">\n<div class=\"wp-block-getwid-advanced-heading presse-description has-custom-font-size\" style=\"font-size:120%\"><span class=\"wp-block-getwid-advanced-heading__content has-text-color has-neve-link-color-color\" style=\"line-height:1.5em\"><strong>Das Greenpeace Magazin hat sich vorgenommen, uns und unsere Arbeit langfristig zu begleiten. Hier ist der Auftakt der Serie. Ein Einblick in unsere Gruppe und unsere Arbeit.<\/strong><\/span><\/div>\n<\/div><\/div><\/div>\n<\/div><\/div>\n<\/div>\n<\/div><\/section>\n\n\n\n<section class=\"wp-block-uagb-columns uagb-columns__wrap uagb-columns__background-none uagb-columns__stack-mobile uagb-columns__valign- uagb-columns__gap-10 align uagb-block-ed5edf4e uagb-columns__columns-2 uagb-columns__max_width-custom\"><div class=\"uagb-columns__overlay\"><\/div><div class=\"uagb-columns__inner-wrap uagb-columns__columns-2\">\n<div class=\"wp-block-uagb-column uagb-column__wrap uagb-column__background-color uagb-block-3f9d538e\"><div class=\"uagb-column__overlay\"><\/div>\n<div class=\"wp-block-getwid-advanced-heading alignwide presse-head alignwide has-custom-font-size\" style=\"font-size:120%;margin-top:-15px\"><h2 class=\"wp-block-getwid-advanced-heading__content has-text-color has-nv-site-bg-color has-background has-neve-link-color-background-color\" style=\"line-height:0.8px;padding-left:20px;margin-left:-10px;margin-right:-10px\"><strong>L-IZ   6.11.2021<\/strong><\/h2><\/div>\n\n\n<div class=\"vlp-link-container vlp-layout-basic-poedi wp-block-visual-link-preview-link\"><a href=\"https:\/\/www.l-iz.de\/politik\/region\/2021\/11\/braunkohle-poedelwitz-soll-zukunftsdorf-werden-und-bundesweite-mehrheit-gegen-weitere-dorfzerstoerungen-419008\" class=\"vlp-link\" title=\"Braunkohle: P\u00f6delwitz soll Zukunftsdorf werden und bundesweite Mehrheit gegen weitere Dorfzerst\u00f6rungen \u2013 Nachrichten aus Leipzig - Leipziger Zeitung\" rel=\"nofollow\" target=\"_blank\"><\/a><div class=\"vlp-layout-zone-main\"><div class=\"vlp-block-0 vlp-link-image\"><img decoding=\"async\" src=\"https:\/\/www.l-iz.de\/wp-content\/uploads\/2018\/08\/In-P%C3%B6delwitz.jpg\" style=\"max-width: 768px; max-height: 768px\" \/><\/div><div class=\"vlp-block-1 vlp-link-title\">Braunkohle: P\u00f6delwitz soll Zukunftsdorf werden und bundesweite Mehrheit gegen weitere Dorfzerst\u00f6rungen \u2013 Nachrichten aus Leipzig - Leipziger Zeitung<\/div><div class=\"vlp-block-2 vlp-link-summary\">W\u00e4hrend in NRW der Kampf um den Erhalt des Dorfes L\u00fctzerath weitergeht, ist das Dorf P\u00f6delwitz im Leipziger S\u00fcden inzwischen vor dem Zugriff des Tagebaus gerettet. Und die Dorfgemeinschaft kann jetzt etwas machen, was sogar Vorbildwirkung f\u00fcr andere D\u00f6rfer in Sachsen haben kann: eine Zukunftsvision\u2026<\/div><div class=\"vlp-block-3 vlp-link-button\">zum Artikel<\/div><\/div><\/div>\n\n\n<p><\/p>\n<\/div>\n\n\n\n<div class=\"wp-block-uagb-column uagb-column__wrap uagb-column__background-color uagb-block-808f233f\"><div class=\"uagb-column__overlay\"><\/div>\n<div class=\"wp-block-stackable-columns stk-block-columns stk-block stk-fc19003\" data-block-id=\"fc19003\"><div class=\"stk-row stk-inner-blocks stk-block-content stk-content-align stk-fc19003-column\">\n<div class=\"wp-block-stackable-column stk-block-column stk-column stk-block stk-bc07654 pa-speech-bubble-top pa-speech-bubble-top:after\" data-v=\"4\" data-block-id=\"bc07654\"><style>.stk-bc07654{margin-top:-10px !important;margin-right:-10px !important;margin-left:5px !important}.stk-bc07654-container{background-color:var(--nv-text-dark-bg) !important;border-radius:10px !important;overflow:hidden !important}.stk-bc07654-container:before{background-color:var(--nv-text-dark-bg) !important}<\/style><div class=\"stk-column-wrapper stk-block-column__content stk-container stk-bc07654-container stk-hover-parent\"><div class=\"has-text-align-left stk-block-content stk-inner-blocks stk-bc07654-inner-blocks\">\n<div class=\"wp-block-getwid-advanced-heading presse-description has-custom-font-size\" style=\"font-size:120%\"><span class=\"wp-block-getwid-advanced-heading__content has-text-color has-neve-link-color-color\" style=\"line-height:1.5em\"><strong>Die Leipziger Internetzeitung berichtet \u00fcber unsere Vision f\u00fcr P\u00f6delwitz, die wir im Groitzscher Stadtrat vorgestellt haben. <\/strong><\/span><\/div>\n<\/div><\/div><\/div>\n<\/div><\/div>\n<\/div>\n<\/div><\/section>\n\n\n\n<section class=\"wp-block-uagb-columns uagb-columns__wrap uagb-columns__background-none uagb-columns__stack-mobile uagb-columns__valign- uagb-columns__gap-10 align uagb-block-a2269419 uagb-columns__columns-2 uagb-columns__max_width-custom\"><div class=\"uagb-columns__overlay\"><\/div><div class=\"uagb-columns__inner-wrap uagb-columns__columns-2\">\n<div class=\"wp-block-uagb-column uagb-column__wrap uagb-column__background-color uagb-block-1dd586fc\"><div class=\"uagb-column__overlay\"><\/div>\n<div class=\"wp-block-getwid-advanced-heading alignwide presse-head alignwide has-custom-font-size\" style=\"font-size:120%;margin-top:-15px\"><h2 class=\"wp-block-getwid-advanced-heading__content has-text-color has-nv-site-bg-color has-background has-neve-link-color-background-color\" style=\"line-height:0.8px;padding-left:20px;margin-left:-10px;margin-right:-10px\"><strong>LVZ   19.9.2021<\/strong><\/h2><\/div>\n\n\n<div class=\"vlp-link-container vlp-layout-basic-poedi wp-block-visual-link-preview-link\"><a href=\"https:\/\/www.lvz.de\/Region\/Borna\/Das-Dorf-der-tausend-Ideen-Poedelwitz-feiert-Erhalt-und-Zukunft\" class=\"vlp-link\" title=\"Das Dorf der tausend Ideen: P\u00f6delwitz feiert Erhalt und Zukunft\" rel=\"nofollow\" target=\"_blank\"><\/a><div class=\"vlp-layout-zone-main\"><div class=\"vlp-block-0 vlp-link-image\"><img decoding=\"async\" src=\"https:\/\/www.lvz.de\/resizer\/x3iWlLCKX7AAvH89UDyjU1wflJ4=\/1200x675\/filters:quality(70):watermark(assets.rndtech.de\/lvz\/watermark-plus.svg,50,50,0)\/cloudfront-eu-central-1.images.arcpublishing.com\/madsack\/GOJZZERQRDNZAPP6MPJYN42REY.jpg\" style=\"max-width: 768px; max-height: 768px\" \/><\/div><div class=\"vlp-block-1 vlp-link-title\">Das Dorf der tausend Ideen: P\u00f6delwitz feiert Erhalt und Zukunft<\/div><div class=\"vlp-block-2 vlp-link-summary\">Nach der Rettung vor der Kohleabbaggerung sucht P\u00f6delwitz (Stadt Groitzsch) nach Entwicklungsm\u00f6glichkeiten f\u00fcr die Zukunft. Beim Dorffest sind der Erhalt des Ortes gefeiert und Ideen f\u00fcr seine Gestaltung vorgestellt worden.<\/div><div class=\"vlp-block-3 vlp-link-button\">zum Artikel<\/div><\/div><\/div>\n\n\n<p><\/p>\n<\/div>\n\n\n\n<div class=\"wp-block-uagb-column uagb-column__wrap uagb-column__background-color uagb-block-c7babc8b\"><div class=\"uagb-column__overlay\"><\/div>\n<div class=\"wp-block-stackable-columns stk-block-columns stk-block stk-04756c6\" data-block-id=\"04756c6\"><div class=\"stk-row stk-inner-blocks stk-block-content stk-content-align stk-04756c6-column\">\n<div class=\"wp-block-stackable-column stk-block-column stk-column stk-block stk-154b790 pa-speech-bubble-top pa-speech-bubble-top:after\" data-v=\"4\" data-block-id=\"154b790\"><style>.stk-154b790{margin-top:-10px !important;margin-right:-10px !important;margin-left:5px !important}.stk-154b790-container{background-color:var(--nv-text-dark-bg) !important;border-radius:10px !important;overflow:hidden !important}.stk-154b790-container:before{background-color:var(--nv-text-dark-bg) !important}<\/style><div class=\"stk-column-wrapper stk-block-column__content stk-container stk-154b790-container stk-hover-parent\"><div class=\"has-text-align-left stk-block-content stk-inner-blocks stk-154b790-inner-blocks\">\n<div class=\"wp-block-getwid-advanced-heading presse-description has-custom-font-size\" style=\"font-size:120%\"><span class=\"wp-block-getwid-advanced-heading__content has-text-color has-neve-link-color-color\" style=\"line-height:1.5em\"><strong>As a thank you to all those involved in the resistance and as a start to the future of P\u00f6delwitz, we organised a \"village festival\" on 18 September 2021 and made our vision for P\u00f6delwitz more perceptible and temporarily tangible. We celebrated with all people interested in P\u00f6delwitz, but we also continued to network and to inform and discuss our ideas for the future of P\u00f6delwitz.<\/strong><br><a href=\"https:\/\/dorffest.poedelwitz.de\/\" target=\"_blank\" rel=\"noreferrer noopener\">https:\/\/dorffest.poedelwitz.de\/<\/a><\/span><\/div>\n<\/div><\/div><\/div>\n<\/div><\/div>\n<\/div>\n<\/div><\/section>\n\n\n\n<section class=\"wp-block-uagb-columns uagb-columns__wrap uagb-columns__background-none uagb-columns__stack-mobile uagb-columns__valign- uagb-columns__gap-10 align uagb-block-90e79e6d uagb-columns__columns-2 uagb-columns__max_width-custom\"><div class=\"uagb-columns__overlay\"><\/div><div class=\"uagb-columns__inner-wrap uagb-columns__columns-2\">\n<div class=\"wp-block-uagb-column uagb-column__wrap uagb-column__background-color uagb-block-1cea13b8\"><div class=\"uagb-column__overlay\"><\/div>\n<div class=\"wp-block-getwid-advanced-heading alignwide presse-head alignwide has-custom-font-size\" style=\"font-size:120%;margin-top:-15px\"><h2 class=\"wp-block-getwid-advanced-heading__content has-text-color has-nv-site-bg-color has-background has-neve-link-color-background-color\" style=\"line-height:0.8px;padding-left:20px;margin-left:-10px;margin-right:-10px\"><strong>ND   9.8.2021<\/strong><\/h2><\/div>\n\n\n<div class=\"vlp-link-container vlp-layout-basic-poedi wp-block-visual-link-preview-link\"><a href=\"https:\/\/www.nd-aktuell.de\/artikel\/1155396.poedelwitz-von-den-baggern-verschont-neues-leben-voraus.html\" class=\"vlp-link\" title=\"Von den Baggern verschont, neues Leben voraus\" rel=\"nofollow\" target=\"_blank\"><\/a><div class=\"vlp-layout-zone-main\"><div class=\"vlp-block-1 vlp-link-title\">Von den Baggern verschont, neues Leben voraus<\/div><div class=\"vlp-block-2 vlp-link-summary\">Der Kohlekonzern Mibrag wollte das Dorf P\u00f6delwitz s\u00fcdlich von Leipzig abbaggern, Bewohner wehrten sich seit 2013. Anfang dieses Jahres pl\u00f6tzlich die erl\u00f6sende Botschaft: P\u00f6delwitz bleibt. Seitdem werden dort gro\u00dfe Pl\u00e4ne geschmiedet.<\/div><div class=\"vlp-block-3 vlp-link-button\">zum Artikel<\/div><\/div><\/div><\/div>\n\n\n\n<div class=\"wp-block-uagb-column uagb-column__wrap uagb-column__background-color uagb-block-d2dc5943\"><div class=\"uagb-column__overlay\"><\/div>\n<div class=\"wp-block-stackable-columns stk-block-columns stk-block stk-f833b1c\" data-block-id=\"f833b1c\"><div class=\"stk-row stk-inner-blocks stk-block-content stk-content-align stk-f833b1c-column\">\n<div class=\"wp-block-stackable-column stk-block-column stk-column stk-block stk-e5f6b06 pa-speech-bubble-top pa-speech-bubble-top:after\" data-v=\"4\" data-block-id=\"e5f6b06\"><style>.stk-e5f6b06{margin-top:-10px !important;margin-right:-10px !important;margin-left:5px !important}.stk-e5f6b06-container{background-color:var(--nv-text-dark-bg) !important;border-radius:10px !important;overflow:hidden !important}.stk-e5f6b06-container:before{background-color:var(--nv-text-dark-bg) !important}<\/style><div class=\"stk-column-wrapper stk-block-column__content stk-container stk-e5f6b06-container stk-hover-parent\"><div class=\"has-text-align-left stk-block-content stk-inner-blocks stk-e5f6b06-inner-blocks\">\n<div class=\"wp-block-getwid-advanced-heading presse-description has-custom-font-size\" style=\"font-size:120%\"><span class=\"wp-block-getwid-advanced-heading__content has-text-color has-neve-link-color-color\" style=\"line-height:1.5em\"><strong>Die ND fasst die aktuelle Situation in P\u00f6delwitz zusammen, nachdem klar ist, dass der Ort erhalten bleibt. Credo: Es ist noch viel zu tun.<\/strong><\/span><\/div>\n\n\n\n<div style=\"height:40px\" aria-hidden=\"true\" class=\"wp-block-spacer\"><\/div>\n\n\n\n<div class=\"wp-block-getwid-advanced-heading presse-comment\"><span class=\"wp-block-getwid-advanced-heading__content\" style=\"line-height:1.4em\"><strong><br><\/strong><\/span><\/div>\n<\/div><\/div><\/div>\n<\/div><\/div>\n<\/div>\n<\/div><\/section>\n\n\n\n<section class=\"wp-block-uagb-columns uagb-columns__wrap uagb-columns__background-none uagb-columns__stack-mobile uagb-columns__valign- uagb-columns__gap-10 align uagb-block-22352063 uagb-columns__columns-2 uagb-columns__max_width-custom\"><div class=\"uagb-columns__overlay\"><\/div><div class=\"uagb-columns__inner-wrap uagb-columns__columns-2\">\n<div class=\"wp-block-uagb-column uagb-column__wrap uagb-column__background-color uagb-block-514517ca\"><div class=\"uagb-column__overlay\"><\/div>\n<div class=\"wp-block-getwid-advanced-heading alignwide presse-head alignwide has-custom-font-size\" style=\"font-size:120%;margin-top:-15px\"><h2 class=\"wp-block-getwid-advanced-heading__content has-text-color has-nv-site-bg-color has-background has-neve-link-color-background-color\" style=\"line-height:0.8px;padding-left:20px;margin-left:-10px;margin-right:-10px\"><strong>LVZ   13.7.2021<\/strong><\/h2><\/div>\n\n\n<div class=\"vlp-link-container vlp-layout-basic-poedi wp-block-visual-link-preview-link\"><a href=\"https:\/\/www.lvz.de\/Region\/Borna\/Poedelwitz-feiert-seinen-Sieg-und-sagt-Danke\" class=\"vlp-link\" title=\"P\u00f6delwitz feiert seinen Sieg und sagt Danke\" rel=\"nofollow\" target=\"_blank\"><\/a><div class=\"vlp-layout-zone-main\"><div class=\"vlp-block-0 vlp-link-image\"><img decoding=\"async\" src=\"https:\/\/www.lvz.de\/resizer\/CmT8jhdlv354RCDaFD8fipvH4dg=\/1200x675\/filters:quality(70):watermark(assets.rndtech.de\/lvz\/watermark-plus.svg,50,50,0)\/cloudfront-eu-central-1.images.arcpublishing.com\/madsack\/OLIDK4TGAYQQSCZYDAKO4SU3L4.jpg\" style=\"max-width: 768px; max-height: 768px\" \/><\/div><div class=\"vlp-block-1 vlp-link-title\">P\u00f6delwitz feiert seinen Sieg und sagt Danke<\/div><div class=\"vlp-block-2 vlp-link-summary\">Protest-Akteure sagten am Sonntag in P\u00f6delwitz Danke: Sie erinnerten an zw\u00f6lf Jahre Widerstand gegen die \u00dcberbaggerung des Dorfes und beschworen bei aller Verschiedenheit den gemeinsamen Erfolg. Was Staatssekret\u00e4r, Pfarrerin und Vertreterinnen der Klimagerechtigkeitsbewegung eint.<\/div><div class=\"vlp-block-3 vlp-link-button\">zum Artikel<\/div><\/div><\/div><\/div>\n\n\n\n<div class=\"wp-block-uagb-column uagb-column__wrap uagb-column__background-color uagb-block-5479a28b\"><div class=\"uagb-column__overlay\"><\/div>\n<div class=\"wp-block-stackable-columns stk-block-columns stk-block stk-d5d158b\" data-block-id=\"d5d158b\"><div class=\"stk-row stk-inner-blocks stk-block-content stk-content-align stk-d5d158b-column\">\n<div class=\"wp-block-stackable-column stk-block-column stk-column stk-block stk-3400d6b pa-speech-bubble-top pa-speech-bubble-top:after\" data-v=\"4\" data-block-id=\"3400d6b\"><style>.stk-3400d6b{margin-top:-10px !important;margin-right:-10px !important;margin-left:5px !important}.stk-3400d6b-container{background-color:var(--nv-text-dark-bg) !important;border-radius:10px !important;overflow:hidden !important}.stk-3400d6b-container:before{background-color:var(--nv-text-dark-bg) !important}<\/style><div class=\"stk-column-wrapper stk-block-column__content stk-container stk-3400d6b-container stk-hover-parent\"><div class=\"has-text-align-left stk-block-content stk-inner-blocks stk-3400d6b-inner-blocks\">\n<div class=\"wp-block-getwid-advanced-heading presse-description has-custom-font-size\" style=\"font-size:120%\"><span class=\"wp-block-getwid-advanced-heading__content has-text-color has-neve-link-color-color\" style=\"line-height:1.5em\"><strong>On 11 July, the Groitzsch parish organised a thanksgiving and community festival for the successful protest against the demolition of P\u00f6delwitz and thanks all supporters. Representatives of the various protestors came together in the P\u00f6delwitz church for the service and later for coffee and cake on the P\u00f6delwitz B\u00fcrgerplatz.<\/strong><\/span><\/div>\n\n\n\n<div style=\"height:40px\" aria-hidden=\"true\" class=\"wp-block-spacer\"><\/div>\n\n\n\n<div class=\"wp-block-getwid-advanced-heading presse-comment\"><span class=\"wp-block-getwid-advanced-heading__content\" style=\"line-height:1.4em\"><strong>Note: The article reflects a recurring misrepresentation by the LVZ: P\u00f6delwitz will only remain standing because of the coal phase-out decided by the federal government in 2019. The correction is as follows: The lignite planning for the Vereinigtes Schleenhain open-cast mine, which was drawn up on the basis of the Heuersdorf Act, states that it was not necessary to dredge P\u00f6delwitz. Even until 2040, devastation would not have been planned or even approved, which was the originally planned lifetime of the Lippendorf power plant before the decision to phase out coal.<br><br>The story about the preservation of the site is apparently to be rewritten in such a way that the climate justice movement and the citizens' initiative Pro P\u00f6delwitz have nothing at all to do with saving it.<\/strong><\/span><\/div>\n<\/div><\/div><\/div>\n<\/div><\/div>\n<\/div>\n<\/div><\/section>\n\n\n\n<section class=\"wp-block-uagb-columns uagb-columns__wrap uagb-columns__background-none uagb-columns__stack-mobile uagb-columns__valign- uagb-columns__gap-10 align uagb-block-6de11498 uagb-columns__columns-2 uagb-columns__max_width-custom\"><div class=\"uagb-columns__overlay\"><\/div><div class=\"uagb-columns__inner-wrap uagb-columns__columns-2\">\n<div class=\"wp-block-uagb-column uagb-column__wrap uagb-column__background-color uagb-block-3b6aa6bc\"><div class=\"uagb-column__overlay\"><\/div>\n<div class=\"wp-block-getwid-advanced-heading alignwide presse-head alignwide has-custom-font-size\" style=\"font-size:120%;margin-top:-15px\"><h2 class=\"wp-block-getwid-advanced-heading__content has-text-color has-nv-site-bg-color has-background has-neve-link-color-background-color\" style=\"line-height:0.8px;padding-left:20px;margin-left:-10px;margin-right:-10px\">DLF   3.7.2021<\/h2><\/div>\n\n\n<div class=\"vlp-link-container vlp-layout-basic-poedi-1pic wp-block-visual-link-preview-link\"><a href=\"https:\/\/srv.deutschlandradio.de\/dlf-audiothek-audio-teilen.3265.de.html?mdm:audio_id=938527\" class=\"vlp-link\" title=\"Nach dem Aus f\u00fcr die Braunkohle: Ein Dorf erfindet sich neu\" rel=\"nofollow\" target=\"_blank\"><\/a><div class=\"vlp-layout-zone-main\"><div class=\"vlp-block-0 vlp-link-image\"><img decoding=\"async\" src=\"https:\/\/srv.deutschlandradio.de\/themes\/dradio\/img\/app_icon.png\" style=\"max-width: 230px; max-height: 230px\" \/><\/div><div class=\"vlp-block-1 vlp-link-title\">Nach dem Aus f\u00fcr die Braunkohle: Ein Dorf erfindet sich neu<\/div><div class=\"vlp-block-2 vlp-link-summary\">Dauer: 47:14 min, Sendung: Das Wochenendjournal<\/div><div class=\"vlp-block-3 vlp-link-button\">zum Artikel<\/div><\/div><\/div><\/div>\n\n\n\n<div class=\"wp-block-uagb-column uagb-column__wrap uagb-column__background-color uagb-block-3211325a\"><div class=\"uagb-column__overlay\"><\/div>\n<div class=\"wp-block-stackable-columns stk-block-columns stk-block stk-5e62a23\" data-block-id=\"5e62a23\"><div class=\"stk-row stk-inner-blocks stk-block-content stk-content-align stk-5e62a23-column\">\n<div class=\"wp-block-stackable-column stk-block-column stk-column stk-block stk-76e2970 pa-speech-bubble-top pa-speech-bubble-top:after\" data-v=\"4\" data-block-id=\"76e2970\"><style>.stk-76e2970{margin-top:-10px !important;margin-right:-10px !important;margin-left:5px !important}.stk-76e2970-container{background-color:var(--nv-text-dark-bg) !important;border-radius:10px !important;overflow:hidden !important}.stk-76e2970-container:before{background-color:var(--nv-text-dark-bg) !important}<\/style><div class=\"stk-column-wrapper stk-block-column__content stk-container stk-76e2970-container stk-hover-parent\"><div class=\"has-text-align-left stk-block-content stk-inner-blocks stk-76e2970-inner-blocks\">\n<div class=\"wp-block-getwid-advanced-heading presse-description has-custom-font-size\" style=\"font-size:120%\"><span class=\"wp-block-getwid-advanced-heading__content has-text-color has-neve-link-color-color\" style=\"line-height:1.5em\"><strong><meta http-equiv=\"content-type\" content=\"text\/html; charset=utf-8\">Neuer Podcast zu P\u00f6delwitz. Wie ist der aktuelle Stand? Welche Pl\u00e4ne gibt es? Welche Entwicklung des Dorfes ist m\u00f6glich? Was ist notwendig daf\u00fcr, dass aus den Visionen Realit\u00e4t wird?<\/strong><\/span><\/div>\n<\/div><\/div><\/div>\n<\/div><\/div>\n<\/div>\n<\/div><\/section>\n\n\n\n<section class=\"wp-block-uagb-columns uagb-columns__wrap uagb-columns__background-none uagb-columns__stack-mobile uagb-columns__valign- uagb-columns__gap-10 align uagb-block-459305a2 uagb-columns__columns-2 uagb-columns__max_width-custom\"><div class=\"uagb-columns__overlay\"><\/div><div class=\"uagb-columns__inner-wrap uagb-columns__columns-2\">\n<div class=\"wp-block-uagb-column uagb-column__wrap uagb-column__background-color uagb-block-b3704a02\"><div class=\"uagb-column__overlay\"><\/div>\n<div class=\"wp-block-getwid-advanced-heading alignwide presse-head alignwide has-custom-font-size\" style=\"font-size:120%;margin-top:-15px\"><h2 class=\"wp-block-getwid-advanced-heading__content has-text-color has-nv-site-bg-color has-background has-neve-link-color-background-color\" style=\"line-height:0.8px;padding-left:20px;margin-left:-10px;margin-right:-10px\">LVZ   29.4.2021<\/h2><\/div>\n\n\n<div class=\"vlp-link-container vlp-layout-basic-poedi wp-block-visual-link-preview-link\"><a href=\"https:\/\/www.lvz.de\/Region\/Borna\/Groitzsch-Leipziger-Kuenstlerin-erstellt-Klangcollage-ueber-Poedelwitz\" class=\"vlp-link\" title=\"Groitzsch: Leipziger K\u00fcnstlerin erstellt Klangcollage \u00fcber P\u00f6delwitz\" rel=\"nofollow\" target=\"_blank\"><\/a><div class=\"vlp-layout-zone-main\"><div class=\"vlp-block-0 vlp-link-image\"><img decoding=\"async\" src=\"https:\/\/www.lvz.de\/resizer\/0-d8obXAc8P3-9xhrkWvg2Q4pyM=\/1200x675\/filters:quality(70):watermark(assets.rndtech.de\/lvz\/watermark-plus.svg,50,50,0)\/cloudfront-eu-central-1.images.arcpublishing.com\/madsack\/ZPOGJGJALLZTMZYAL6GA3WWRUM.jpg\" style=\"max-width: 768px; max-height: 768px\" \/><\/div><div class=\"vlp-block-1 vlp-link-title\">Groitzsch: Leipziger K\u00fcnstlerin erstellt Klangcollage \u00fcber P\u00f6delwitz<\/div><div class=\"vlp-block-2 vlp-link-summary\">Die Leipziger K\u00fcnstlerin Anna Schimkat hat tief nach P\u00f6delwitz (Stadt Groitzsch) reingeh\u00f6rt. F\u00fcr eine Klangcollage nahm sie das Osterl\u00e4uten der Kirchenglocken als auch das Quietschen der Abraumb\u00e4nder auf. Demn\u00e4chst stellt sie das in einer Konzertperformance vor.<\/div><div class=\"vlp-block-3 vlp-link-button\">zum Artikel<\/div><\/div><\/div><\/div>\n\n\n\n<div class=\"wp-block-uagb-column uagb-column__wrap uagb-column__background-color uagb-block-1d8800f6\"><div class=\"uagb-column__overlay\"><\/div>\n<div class=\"wp-block-stackable-columns stk-block-columns stk-block stk-2106285\" data-block-id=\"2106285\"><div class=\"stk-row stk-inner-blocks stk-block-content stk-content-align stk-2106285-column\">\n<div class=\"wp-block-stackable-column stk-block-column stk-column stk-block stk-cc7a557 pa-speech-bubble-top pa-speech-bubble-top:after\" data-v=\"4\" data-block-id=\"cc7a557\"><style>.stk-cc7a557{margin-top:-10px !important;margin-right:-10px !important;margin-left:5px !important}.stk-cc7a557-container{background-color:var(--nv-text-dark-bg) !important;border-radius:10px !important;overflow:hidden !important}.stk-cc7a557-container:before{background-color:var(--nv-text-dark-bg) !important}<\/style><div class=\"stk-column-wrapper stk-block-column__content stk-container stk-cc7a557-container stk-hover-parent\"><div class=\"has-text-align-left stk-block-content stk-inner-blocks stk-cc7a557-inner-blocks\">\n<div class=\"wp-block-getwid-advanced-heading presse-description has-custom-font-size\" style=\"font-size:120%\"><span class=\"wp-block-getwid-advanced-heading__content has-text-color has-neve-link-color-color\" style=\"line-height:1.5em\"><strong>P\u00f6delwitz gibt es auch zum H\u00f6ren: Die Leipziger K\u00fcnstlerin Anna Schimkat hat die verschiedensten Ger\u00e4usche aus P\u00f6delwitz eingefangen und in einer Klangcollage pr\u00e4sentiert.<\/strong><\/span><\/div>\n<\/div><\/div><\/div>\n<\/div><\/div>\n<\/div>\n<\/div><\/section>\n\n\n\n<section class=\"wp-block-uagb-columns uagb-columns__wrap uagb-columns__background-none uagb-columns__stack-mobile uagb-columns__valign- uagb-columns__gap-10 align uagb-block-815ef6df uagb-columns__columns-2 uagb-columns__max_width-custom\"><div class=\"uagb-columns__overlay\"><\/div><div class=\"uagb-columns__inner-wrap uagb-columns__columns-2\">\n<div class=\"wp-block-uagb-column uagb-column__wrap uagb-column__background-color uagb-block-983132c2\"><div class=\"uagb-column__overlay\"><\/div>\n<div class=\"wp-block-getwid-advanced-heading alignwide presse-head alignwide has-custom-font-size\" style=\"font-size:120%;margin-top:-15px\"><h2 class=\"wp-block-getwid-advanced-heading__content has-text-color has-nv-site-bg-color has-background has-neve-link-color-background-color\" style=\"line-height:0.8px;padding-left:20px;margin-left:-10px;margin-right:-10px\">FURORE   12.2.2021<\/h2><\/div>\n\n\n<div class=\"vlp-link-container vlp-layout-basic-poedi wp-block-visual-link-preview-link\"><a href=\"https:\/\/furore-magazin.de\/7\/\" class=\"vlp-link\" title=\"FURORE \u2013 Magazin f\u00fcr Klimagerechtigkeit \u2014 Das gallische Dorf\" rel=\"nofollow\" target=\"_blank\"><\/a><div class=\"vlp-layout-zone-main\"><div class=\"vlp-block-0 vlp-link-image\"><img decoding=\"async\" src=\"https:\/\/d3n32ilufxuvd1.cloudfront.net\/5e5fc3574289ed0a7685cd4a\/2557282\/screenshot-a532fe4d-e88a-4bfd-b917-f033043dace2_readyscr_1024.jpg\" style=\"max-width: 768px; max-height: 768px\" \/><\/div><div class=\"vlp-block-1 vlp-link-title\">FURORE \u2013 Magazin f\u00fcr Klimagerechtigkeit \u2014 Das gallische Dorf<\/div><div class=\"vlp-block-2 vlp-link-summary\">Magazin f\u00fcr Klimagerechtigkeit<\/div><div class=\"vlp-block-3 vlp-link-button\">zum Artikel<\/div><\/div><\/div><\/div>\n\n\n\n<div class=\"wp-block-uagb-column uagb-column__wrap uagb-column__background-color uagb-block-f106ac04\"><div class=\"uagb-column__overlay\"><\/div>\n<div class=\"wp-block-stackable-columns stk-block-columns stk-block stk-228aa43\" data-block-id=\"228aa43\"><div class=\"stk-row stk-inner-blocks stk-block-content stk-content-align stk-228aa43-column\">\n<div class=\"wp-block-stackable-column stk-block-column stk-column stk-block stk-9729063 pa-speech-bubble-top pa-speech-bubble-top:after\" data-v=\"4\" data-block-id=\"9729063\"><style>.stk-9729063{margin-top:-10px !important;margin-right:-10px !important;margin-left:5px !important}.stk-9729063-container{background-color:var(--nv-text-dark-bg) !important;border-radius:10px !important;overflow:hidden !important}.stk-9729063-container:before{background-color:var(--nv-text-dark-bg) !important}<\/style><div class=\"stk-column-wrapper stk-block-column__content stk-container stk-9729063-container stk-hover-parent\"><div class=\"has-text-align-left stk-block-content stk-inner-blocks stk-9729063-inner-blocks\">\n<div class=\"wp-block-getwid-advanced-heading presse-description has-custom-font-size\" style=\"font-size:120%\"><span class=\"wp-block-getwid-advanced-heading__content has-text-color has-neve-link-color-color\" style=\"line-height:1.5em\"><strong>P\u00f6delwitz wird nicht abgebaggert doch welche Ideen gibt es f\u00fcr die Zeit nach dem Widerstand?<\/strong><\/span><\/div>\n<\/div><\/div><\/div>\n<\/div><\/div>\n<\/div>\n<\/div><\/section>\n\n\n\n<section class=\"wp-block-uagb-columns uagb-columns__wrap uagb-columns__background-none uagb-columns__stack-mobile uagb-columns__valign- uagb-columns__gap-10 align uagb-block-2b86e612 uagb-columns__columns-2 uagb-columns__max_width-custom\"><div class=\"uagb-columns__overlay\"><\/div><div class=\"uagb-columns__inner-wrap uagb-columns__columns-2\">\n<div class=\"wp-block-uagb-column uagb-column__wrap uagb-column__background-color uagb-block-3ef035cd\"><div class=\"uagb-column__overlay\"><\/div>\n<div class=\"wp-block-getwid-advanced-heading alignwide presse-head alignwide has-custom-font-size\" style=\"font-size:120%;margin-top:-15px\"><h2 class=\"wp-block-getwid-advanced-heading__content has-text-color has-nv-site-bg-color has-background has-neve-link-color-background-color\" style=\"line-height:0.8px;padding-left:20px;margin-left:-10px;margin-right:-10px\">SZ   24.1.2021<\/h2><\/div>\n\n\n<div class=\"vlp-link-container vlp-layout-basic-poedi wp-block-visual-link-preview-link\"><a href=\"https:\/\/www.sueddeutsche.de\/wirtschaft\/bergbau-groitzsch-mibrag-umgang-mit-grundstuecken-in-poedelwitz-noch-offen-dpa.urn-newsml-dpa-com-20090101-210124-99-147013\" class=\"vlp-link\" title=\"Mibrag: Umgang mit Grundst\u00fccken in P\u00f6delwitz noch offen\" rel=\"nofollow\" target=\"_blank\"><\/a><div class=\"vlp-layout-zone-main\"><div class=\"vlp-block-0 vlp-link-image\"><img decoding=\"async\" src=\"https:\/\/www.sueddeutsche.de\/image\/dpa.urn-newsml-dpa-com-20090101-210124-99-147571\/1200x675?v=0\" style=\"max-width: 768px; max-height: 768px\" \/><\/div><div class=\"vlp-block-1 vlp-link-title\">Mibrag: Umgang mit Grundst\u00fccken in P\u00f6delwitz noch offen<\/div><div class=\"vlp-block-2 vlp-link-summary\">Nach der endg\u00fcltigen Rettung von P\u00f6delwitz vor dem Braunkohletagebau ist die Zukunft des Dorfes im Landkreis Leipzig trotzdem weitgehend offen. Der...<\/div><div class=\"vlp-block-3 vlp-link-button\">zum Artikel<\/div><\/div><\/div><\/div>\n\n\n\n<div class=\"wp-block-uagb-column uagb-column__wrap uagb-column__background-color uagb-block-9f855094\"><div class=\"uagb-column__overlay\"><\/div>\n<div class=\"wp-block-stackable-columns stk-block-columns stk-block stk-a6847f5\" data-block-id=\"a6847f5\"><div class=\"stk-row stk-inner-blocks stk-block-content stk-content-align stk-a6847f5-column\">\n<div class=\"wp-block-stackable-column stk-block-column stk-column stk-block stk-8b9fe62 pa-speech-bubble-top pa-speech-bubble-top:after\" data-v=\"4\" data-block-id=\"8b9fe62\"><style>.stk-8b9fe62{margin-top:-10px !important;margin-right:-10px !important;margin-left:5px !important}.stk-8b9fe62-container{background-color:var(--nv-text-dark-bg) !important;border-radius:10px !important;overflow:hidden !important}.stk-8b9fe62-container:before{background-color:var(--nv-text-dark-bg) !important}<\/style><div class=\"stk-column-wrapper stk-block-column__content stk-container stk-8b9fe62-container stk-hover-parent\"><div class=\"has-text-align-left stk-block-content stk-inner-blocks stk-8b9fe62-inner-blocks\">\n<div class=\"wp-block-getwid-advanced-heading presse-description has-custom-font-size\" style=\"font-size:120%\"><span class=\"wp-block-getwid-advanced-heading__content has-text-color has-neve-link-color-color\" style=\"line-height:1.5em\"><strong>Nach Rettung des Dorfes ist die Zukunft des Ortes weiterhin offen. Die Mibrag will dies mit der Stadt Groitzsch abstimmen.<\/strong><\/span><\/div>\n<\/div><\/div><\/div>\n<\/div><\/div>\n<\/div>\n<\/div><\/section>\n\n\n\n<section class=\"wp-block-uagb-columns uagb-columns__wrap uagb-columns__background-none uagb-columns__stack-mobile uagb-columns__valign- uagb-columns__gap-10 align uagb-block-f4ea48bc uagb-columns__columns-2 uagb-columns__max_width-custom\"><div class=\"uagb-columns__overlay\"><\/div><div class=\"uagb-columns__inner-wrap uagb-columns__columns-2\">\n<div class=\"wp-block-uagb-column uagb-column__wrap uagb-column__background-color uagb-block-35f00628\"><div class=\"uagb-column__overlay\"><\/div>\n<div class=\"wp-block-getwid-advanced-heading alignwide presse-head alignwide has-custom-font-size\" style=\"font-size:120%;margin-top:-15px\"><h2 class=\"wp-block-getwid-advanced-heading__content has-text-color has-nv-site-bg-color has-background has-neve-link-color-background-color\" style=\"line-height:0.8px;padding-left:20px;margin-left:-10px;margin-right:-10px\">SZ   22.1.2021<\/h2><\/div>\n\n\n<div class=\"vlp-link-container vlp-layout-basic-poedi wp-block-visual-link-preview-link\"><a href=\"https:\/\/www.sueddeutsche.de\/wirtschaft\/bergbau-groitzsch-mibrag-verzichtet-auf-kohle-unter-poedelwitz-dorf-gerettet-dpa.urn-newsml-dpa-com-20090101-210121-99-118010\" class=\"vlp-link\" title=\"Mibrag verzichtet auf Kohle unter P\u00f6delwitz: Dorf gerettet\" rel=\"nofollow\" target=\"_blank\"><\/a><div class=\"vlp-layout-zone-main\"><div class=\"vlp-block-0 vlp-link-image\"><img decoding=\"async\" src=\"https:\/\/www.sueddeutsche.de\/image\/dpa.urn-newsml-dpa-com-20090101-210121-99-118023\/1200x675?v=0\" style=\"max-width: 768px; max-height: 768px\" \/><\/div><div class=\"vlp-block-1 vlp-link-title\">Mibrag verzichtet auf Kohle unter P\u00f6delwitz: Dorf gerettet<\/div><div class=\"vlp-block-2 vlp-link-summary\">Nach jahrelangem Ringen um den Kohleabbau ist das Dorf P\u00f6delwitz im\u00a0Kreis Leipzig gerettet. Das s\u00e4chsische Wirtschaftsministerium teilte am Donnerstag mit, dass...<\/div><div class=\"vlp-block-3 vlp-link-button\">zum Artikel<\/div><\/div><\/div><\/div>\n\n\n\n<div class=\"wp-block-uagb-column uagb-column__wrap uagb-column__background-color uagb-block-ab2ab5d8\"><div class=\"uagb-column__overlay\"><\/div>\n<div class=\"wp-block-stackable-columns stk-block-columns stk-block stk-c5b8ac6\" data-block-id=\"c5b8ac6\"><div class=\"stk-row stk-inner-blocks stk-block-content stk-content-align stk-c5b8ac6-column\">\n<div class=\"wp-block-stackable-column stk-block-column stk-column stk-block stk-8191993 pa-speech-bubble-top pa-speech-bubble-top:after\" data-v=\"4\" data-block-id=\"8191993\"><style>.stk-8191993{margin-top:-10px !important;margin-right:-10px !important;margin-left:5px !important}.stk-8191993-container{background-color:var(--nv-text-dark-bg) !important;border-radius:10px !important;overflow:hidden !important}.stk-8191993-container:before{background-color:var(--nv-text-dark-bg) !important}<\/style><div class=\"stk-column-wrapper stk-block-column__content stk-container stk-8191993-container stk-hover-parent\"><div class=\"has-text-align-left stk-block-content stk-inner-blocks stk-8191993-inner-blocks\">\n<div class=\"wp-block-getwid-advanced-heading presse-description has-custom-font-size\" style=\"font-size:120%\"><span class=\"wp-block-getwid-advanced-heading__content has-text-color has-neve-link-color-color\" style=\"line-height:1.5em\"><strong>Die Mibrag erkl\u00e4rt am 21.1.2021 ihren Verzicht auf Abbaggerung von P\u00f6delwitz und Obertitz. Die B\u00fcrgerinitiative ist Pro P\u00f6delwitz mit massiver Unterst\u00fctzung weiterer lokaler B\u00fcndnisse und der Klimagerechtigkeitsbewegung.<\/strong><\/span><\/div>\n<\/div><\/div><\/div>\n<\/div><\/div>\n<\/div>\n<\/div><\/section>\n\n\n\n<section class=\"wp-block-uagb-columns uagb-columns__wrap uagb-columns__background-none uagb-columns__stack-mobile uagb-columns__valign- uagb-columns__gap-10 align uagb-block-63200a0e uagb-columns__columns-2 uagb-columns__max_width-custom\"><div class=\"uagb-columns__overlay\"><\/div><div class=\"uagb-columns__inner-wrap uagb-columns__columns-2\">\n<div class=\"wp-block-uagb-column uagb-column__wrap uagb-column__background-color uagb-block-25cc5f36\"><div class=\"uagb-column__overlay\"><\/div>\n<div class=\"wp-block-getwid-advanced-heading alignwide presse-head alignwide has-custom-font-size\" style=\"font-size:120%;margin-top:-15px\"><h2 class=\"wp-block-getwid-advanced-heading__content has-text-color has-nv-site-bg-color has-background has-neve-link-color-background-color\" style=\"line-height:0.8px;padding-left:20px;margin-left:-10px;margin-right:-10px\">LVZ   22.1.2021<\/h2><\/div>\n\n\n<div class=\"vlp-link-container vlp-layout-basic-poedi wp-block-visual-link-preview-link\"><a href=\"https:\/\/www.lvz.de\/Region\/Mitteldeutschland\/Poedelwitz-bleibt-Was-kommt-nach-der-Braunkohle\" class=\"vlp-link\" title=\"P\u00f6delwitz: Dorf gerettet, Windpark drauf?\" rel=\"nofollow\" target=\"_blank\"><\/a><div class=\"vlp-layout-zone-main\"><div class=\"vlp-block-0 vlp-link-image\"><img decoding=\"async\" src=\"https:\/\/www.lvz.de\/resizer\/Xihe0aRiDTWHJ50xXHvbv_ytowc=\/1200x675\/filters:quality(70):watermark(assets.rndtech.de\/lvz\/watermark-plus.svg,50,50,0)\/cloudfront-eu-central-1.images.arcpublishing.com\/madsack\/GU27QI2MWF7AH277F2474WOB4M.jpg\" style=\"max-width: 768px; max-height: 768px\" \/><\/div><div class=\"vlp-block-1 vlp-link-title\">P\u00f6delwitz: Dorf gerettet, Windpark drauf?<\/div><div class=\"vlp-block-2 vlp-link-summary\">Das Dorf im S\u00fcden von Leipzig wird nicht weggebaggert \u2013 das feiert die s\u00e4chsische Regierung als Erfolg. Allerdings ist P\u00f6delwitz schon lange verlassen. Und niemand wei\u00df, was aus dem Ort werden soll.<\/div><div class=\"vlp-block-3 vlp-link-button\">zum Artikel<\/div><\/div><\/div><\/div>\n\n\n\n<div class=\"wp-block-uagb-column uagb-column__wrap uagb-column__background-color uagb-block-f83f49ac\"><div class=\"uagb-column__overlay\"><\/div>\n<div class=\"wp-block-stackable-columns stk-block-columns stk-block stk-bc458ae\" data-block-id=\"bc458ae\"><div class=\"stk-row stk-inner-blocks stk-block-content stk-content-align stk-bc458ae-column\">\n<div class=\"wp-block-stackable-column stk-block-column stk-column stk-block stk-94551c6 pa-speech-bubble-top pa-speech-bubble-top:after\" data-v=\"4\" data-block-id=\"94551c6\"><style>.stk-94551c6{margin-top:-10px !important;margin-right:-10px !important;margin-left:5px !important}.stk-94551c6-container{background-color:var(--nv-text-dark-bg) !important;border-radius:10px !important;overflow:hidden !important}.stk-94551c6-container:before{background-color:var(--nv-text-dark-bg) !important}<\/style><div class=\"stk-column-wrapper stk-block-column__content stk-container stk-94551c6-container stk-hover-parent\"><div class=\"has-text-align-left stk-block-content stk-inner-blocks stk-94551c6-inner-blocks\">\n<div class=\"wp-block-getwid-advanced-heading presse-description has-custom-font-size\" style=\"font-size:120%\"><span class=\"wp-block-getwid-advanced-heading__content has-text-color has-neve-link-color-color\" style=\"line-height:1.5em\"><strong>Die Mibrag erkl\u00e4rt am 21.01.2021 ihren Verzicht auf Abbaggerung von P\u00f6delwitz und Obertitz.<\/strong><\/span><\/div>\n\n\n\n<div style=\"height:40px\" aria-hidden=\"true\" class=\"wp-block-spacer\"><\/div>\n\n\n\n<div class=\"wp-block-getwid-advanced-heading presse-comment\"><span class=\"wp-block-getwid-advanced-heading__content\" style=\"line-height:1.4em\"><strong>Anmerkung: P\u00f6delwitz ist nicht leer und verlassen, eine enge und doch kleine Dorfgemeinschaft aus gebliebenen Dorfbewohner*innen wohnen im Ort und erfahren durch die AG Dorfentwicklung stetigen Zuwachs. Einige ehemalige Dorfbewohner*innen griffen den Vorschlag der MIBRAG umzusiedeln, traten auf ihre Bed\u00fcrfnisse an den Bergbautreibenden heran und setzten sich f\u00fcr ihre freiwillige Umsiedlung ein. Die Politik sorgt nicht daf\u00fcr, dass Kohle nicht l\u00e4nger rentabel ist, sie subventioniert diese und h\u00e4lt diese sogar durch das sogenannte Kohleausstiegsgesetz k\u00fcnstlich am Markt. Dem Kraftwerk Lippendorf lag bereits vor dem Beschluss des Kohleausstiegsgesetzes eine geplante und genehmigte Vorsorgung mit Braunkohle durch die Mibrag bis 2040 vor. Hierzu z\u00e4hlte nicht die Kohle unter P\u00f6delwitz.<\/strong><\/span><\/div>\n<\/div><\/div><\/div>\n<\/div><\/div>\n<\/div>\n<\/div><\/section>\n\n\n\n<section class=\"wp-block-uagb-columns uagb-columns__wrap uagb-columns__background-none uagb-columns__stack-mobile uagb-columns__valign- uagb-columns__gap-10 align uagb-block-e7406bfa uagb-columns__columns-2 uagb-columns__max_width-custom\"><div class=\"uagb-columns__overlay\"><\/div><div class=\"uagb-columns__inner-wrap uagb-columns__columns-2\">\n<div class=\"wp-block-uagb-column uagb-column__wrap uagb-column__background-color uagb-block-cd9e88b5\"><div class=\"uagb-column__overlay\"><\/div>\n<div class=\"wp-block-getwid-advanced-heading alignwide presse-head alignwide has-custom-font-size\" style=\"font-size:120%;margin-top:-15px\"><h2 class=\"wp-block-getwid-advanced-heading__content has-text-color has-nv-site-bg-color has-background has-neve-link-color-background-color\" style=\"line-height:0.8px;padding-left:20px;margin-left:-10px;margin-right:-10px\">LVZ   22.1.2021<\/h2><\/div>\n\n\n<div class=\"vlp-link-container vlp-layout-basic-poedi wp-block-visual-link-preview-link\"><a href=\"https:\/\/www.lvz.de\/Region\/Borna\/Kohlebagger-stoppen-vor-Poedelwitz-Dorf-im-Sueden-von-Leipzig-ist-gerettet\" class=\"vlp-link\" title=\"Kohlebagger stoppen vor P\u00f6delwitz: Dorf im S\u00fcden von Leipzig ist gerettet\" rel=\"nofollow\" target=\"_blank\"><\/a><div class=\"vlp-layout-zone-main\"><div class=\"vlp-block-0 vlp-link-image\"><img decoding=\"async\" src=\"https:\/\/www.lvz.de\/resizer\/0A49qwGasO9jvfzmbl8loYn5R4M=\/1200x675\/filters:quality(70):watermark(assets.rndtech.de\/lvz\/watermark-plus.svg,50,50,0)\/cloudfront-eu-central-1.images.arcpublishing.com\/madsack\/KAFUWCXB23YCIEZWXXSOQIWUYY.jpg\" style=\"max-width: 768px; max-height: 768px\" \/><\/div><div class=\"vlp-block-1 vlp-link-title\">Kohlebagger stoppen vor P\u00f6delwitz: Dorf im S\u00fcden von Leipzig ist gerettet<\/div><div class=\"vlp-block-2 vlp-link-summary\">Aufatmen in P\u00f6delwitz: Das Bergbauunternehmen Mibrag hat Pl\u00e4ne zum Kohleabbau korrigiert. Die beiden Groitzscher Ortsteile P\u00f6delwitz und Obertitz werden nicht geopfert. Die Freude bei den Bewohnern im Ort ist gro\u00df. Zugleich w\u00e4chst die Bef\u00fcrchtung, dass der Kohlef\u00f6rderer mit den leer stehenden Geh\u00f6ft\u2026<\/div><div class=\"vlp-block-3 vlp-link-button\">zum Artikel<\/div><\/div><\/div><\/div>\n\n\n\n<div class=\"wp-block-uagb-column uagb-column__wrap uagb-column__background-color uagb-block-b96bc091\"><div class=\"uagb-column__overlay\"><\/div>\n<div class=\"wp-block-stackable-columns stk-block-columns stk-block stk-711ac2e\" data-block-id=\"711ac2e\"><div class=\"stk-row stk-inner-blocks stk-block-content stk-content-align stk-711ac2e-column\">\n<div class=\"wp-block-stackable-column stk-block-column stk-column stk-block stk-f3a068e pa-speech-bubble-top pa-speech-bubble-top:after\" data-v=\"4\" data-block-id=\"f3a068e\"><style>.stk-f3a068e{margin-top:-10px !important;margin-right:-10px !important;margin-left:5px !important}.stk-f3a068e-container{background-color:var(--nv-text-dark-bg) !important;border-radius:10px !important;overflow:hidden !important}.stk-f3a068e-container:before{background-color:var(--nv-text-dark-bg) !important}<\/style><div class=\"stk-column-wrapper stk-block-column__content stk-container stk-f3a068e-container stk-hover-parent\"><div class=\"has-text-align-left stk-block-content stk-inner-blocks stk-f3a068e-inner-blocks\">\n<div class=\"wp-block-getwid-advanced-heading presse-description has-custom-font-size\" style=\"font-size:120%\"><span class=\"wp-block-getwid-advanced-heading__content has-text-color has-neve-link-color-color\" style=\"line-height:1.5em\"><strong>Die Mibrag erkl\u00e4rt am 21.01.2021 ihren Verzicht auf Abbaggerung von P\u00f6delwitz und Obertitz, sie begr\u00fcnden es mit der verk\u00fcrzten Laufzeit f\u00fcr das Kraftwerk Lippendorf durch den beschlossenen Kohleausstieg.<\/strong><\/span><\/div>\n\n\n\n<div style=\"height:40px\" aria-hidden=\"true\" class=\"wp-block-spacer\"><\/div>\n\n\n\n<div class=\"wp-block-getwid-advanced-heading presse-comment\"><span class=\"wp-block-getwid-advanced-heading__content\" style=\"line-height:1.4em\"><strong>Anmerkung: Die Bedenken des Neukieritzscher B\u00fcrgermeister Thomas Hellriegel (CDU) sind unbegr\u00fcndet, da dem Kraftwerk Lippendorf bereits vor dem Beschluss des Kohleausstiegsgesetzes eine geplante und genehmigte Vorsorgung mit Braunkohle durch die Mibrag bis 2040 vorlag. Hierzu z\u00e4hlte nicht die Kohle unter P\u00f6delwitz.<\/strong><\/span><\/div>\n<\/div><\/div><\/div>\n<\/div><\/div>\n<\/div>\n<\/div><\/section>\n\n\n\n<section class=\"wp-block-uagb-columns uagb-columns__wrap uagb-columns__background-none uagb-columns__stack-mobile uagb-columns__valign- uagb-columns__gap-10 align uagb-block-128d1245 uagb-columns__columns-2 uagb-columns__max_width-custom\"><div class=\"uagb-columns__overlay\"><\/div><div class=\"uagb-columns__inner-wrap uagb-columns__columns-2\">\n<div class=\"wp-block-uagb-column uagb-column__wrap uagb-column__background-color uagb-block-dc0b1485\"><div class=\"uagb-column__overlay\"><\/div>\n<div class=\"wp-block-getwid-advanced-heading alignwide presse-head alignwide has-custom-font-size\" style=\"font-size:120%;margin-top:-15px\"><h2 class=\"wp-block-getwid-advanced-heading__content has-text-color has-nv-site-bg-color has-background has-neve-link-color-background-color\" style=\"line-height:0.8px;padding-left:20px;margin-left:-10px;margin-right:-10px\">DNN   22.1.2021<\/h2><\/div>\n\n\n<div class=\"vlp-link-container vlp-layout-basic-poedi wp-block-visual-link-preview-link\"><a href=\"https:\/\/www.sonntag-sachsen.de\/poedelwitz-wird-nicht-abgebaggert\" class=\"vlp-link\" title=\"P\u00f6delwitz wird nicht abgebaggert\" rel=\"nofollow\" target=\"_blank\"><\/a><div class=\"vlp-layout-zone-main\"><div class=\"vlp-block-0 vlp-link-image\"><img decoding=\"async\" src=\"https:\/\/www.sonntag-sachsen.de\/sites\/default\/files\/field\/image\/250948_original_r_k_b_by_dietmar_grummt_pixelio.de__1.jpg\" style=\"max-width: 768px; max-height: 768px\" \/><\/div><div class=\"vlp-block-1 vlp-link-title\">P\u00f6delwitz wird nicht abgebaggert<\/div><div class=\"vlp-block-2 vlp-link-summary\">Ende einer jahrelangen H\u00e4ngepartei: Die Orte P\u00f6delwitz und Obertitz bei Leipzig fallen nicht der Braunkohle zum Opfer. Beide Ortschaften w\u00fcrden \u201cf\u00fcr die Kohlef\u00f6rderung des Tagebaus Vereinigtes Schleenhain nicht mehr in Anspruch genommen\u201d, teilte die Mitteldeutsche Braunkohlengesellschaft (Mibrag) al\u2026<\/div><div class=\"vlp-block-3 vlp-link-button\">zum Artikel<\/div><\/div><\/div><\/div>\n\n\n\n<div class=\"wp-block-uagb-column uagb-column__wrap uagb-column__background-color uagb-block-5f662484\"><div class=\"uagb-column__overlay\"><\/div>\n<div class=\"wp-block-stackable-columns stk-block-columns stk-block stk-e36c29d\" data-block-id=\"e36c29d\"><div class=\"stk-row stk-inner-blocks stk-block-content stk-content-align stk-e36c29d-column\">\n<div class=\"wp-block-stackable-column stk-block-column stk-column stk-block stk-c05760e pa-speech-bubble-top pa-speech-bubble-top:after\" data-v=\"4\" data-block-id=\"c05760e\"><style>.stk-c05760e{margin-top:-10px !important;margin-right:-10px !important;margin-left:5px !important}.stk-c05760e-container{background-color:var(--nv-text-dark-bg) !important;border-radius:10px !important;overflow:hidden !important}.stk-c05760e-container:before{background-color:var(--nv-text-dark-bg) !important}<\/style><div class=\"stk-column-wrapper stk-block-column__content stk-container stk-c05760e-container stk-hover-parent\"><div class=\"has-text-align-left stk-block-content stk-inner-blocks stk-c05760e-inner-blocks\">\n<div class=\"wp-block-getwid-advanced-heading presse-description has-custom-font-size\" style=\"font-size:120%\"><span class=\"wp-block-getwid-advanced-heading__content has-text-color has-neve-link-color-color\" style=\"line-height:1.5em\"><strong>Die Mibrag erkl\u00e4rt am 21.01.2021 ihren Verzicht auf Abbaggerung von P\u00f6delwitz und Obertitz.<\/strong><\/span><\/div>\n\n\n\n<div style=\"height:40px\" aria-hidden=\"true\" class=\"wp-block-spacer\"><\/div>\n\n\n\n<div class=\"wp-block-getwid-advanced-heading presse-comment\"><span class=\"wp-block-getwid-advanced-heading__content\" style=\"line-height:1.4em\"><strong>Anmerkung: Hintergrund ist nicht der bis Ende 2038 beschlossene Kohleausstieg Deutschlands und die dadurch bis 2035 verk\u00fcrzte Laufzeit des von der Mibrag belieferten Kohlekraftwerks Lippendorf sondern die stark sinkende Nachfrage nach dem fossilen Energietr\u00e4ger Braunkohle.<\/strong><\/span><\/div>\n<\/div><\/div><\/div>\n<\/div><\/div>\n<\/div>\n<\/div><\/section>\n\n\n\n<h2 class=\"wp-block-heading\">2020<\/h2>\n\n\n\n<section class=\"wp-block-uagb-columns uagb-columns__wrap uagb-columns__background-none uagb-columns__stack-mobile uagb-columns__valign- uagb-columns__gap-10 align uagb-block-82380213 uagb-columns__columns-2 uagb-columns__max_width-custom\"><div class=\"uagb-columns__overlay\"><\/div><div class=\"uagb-columns__inner-wrap uagb-columns__columns-2\">\n<div class=\"wp-block-uagb-column uagb-column__wrap uagb-column__background-color uagb-block-4d3db06b\"><div class=\"uagb-column__overlay\"><\/div>\n<div class=\"wp-block-getwid-advanced-heading alignwide presse-head alignwide has-custom-font-size\" style=\"font-size:120%;margin-top:-15px\"><h2 class=\"wp-block-getwid-advanced-heading__content has-text-color has-nv-site-bg-color has-background has-neve-link-color-background-color\" style=\"line-height:0.8px;padding-left:20px;margin-left:-10px;margin-right:-10px\">ARD   23.9.2020<\/h2><\/div>\n\n\n<div class=\"vlp-link-container vlp-layout-basic-poedi wp-block-visual-link-preview-link\"><a href=\"https:\/\/www.tagesschau.de\/inland\/mittendrin-poedelwitz-101.html\" class=\"vlp-link\" title=\"tagesthemen mittendrin Reportagen\" rel=\"nofollow\" target=\"_blank\"><\/a><div class=\"vlp-layout-zone-main\"><div class=\"vlp-block-0 vlp-link-image\"><img decoding=\"async\" src=\"https:\/\/images.tagesschau.de\/image\/20c8a34b-eb2c-4c8a-8a38-ed6981fc80a6\/AAABh8IUKA4\/AAABibBxqrQ\/16x9-1280\/mittendrin-126.jpg\" style=\"max-width: 768px; max-height: 768px\" \/><\/div><div class=\"vlp-block-1 vlp-link-title\">tagesthemen mittendrin Reportagen<\/div><div class=\"vlp-block-2 vlp-link-summary\">Von Starnberg bis Stralsund - in den gro\u00dfen Weltnachrichten kommen diese Orte selten vor. H\u00f6chste Zeit also f\u00fcr eine Tour durch Deutschland. Die tagesthemen-Serie mittendrin stellt Menschen und ihre Heimat vor.<\/div><div class=\"vlp-block-3 vlp-link-button\">zum Artikel<\/div><\/div><\/div><\/div>\n\n\n\n<div class=\"wp-block-uagb-column uagb-column__wrap uagb-column__background-color uagb-block-a7248ede\"><div class=\"uagb-column__overlay\"><\/div>\n<div class=\"wp-block-stackable-columns stk-block-columns stk-block stk-d4a0cd5\" data-block-id=\"d4a0cd5\"><div class=\"stk-row stk-inner-blocks stk-block-content stk-content-align stk-d4a0cd5-column\">\n<div class=\"wp-block-stackable-column stk-block-column stk-column stk-block stk-19dabe1 pa-speech-bubble-top pa-speech-bubble-top:after\" data-v=\"4\" data-block-id=\"19dabe1\"><style>.stk-19dabe1{margin-top:-10px !important;margin-right:-10px !important;margin-left:5px !important}.stk-19dabe1-container{background-color:var(--nv-text-dark-bg) !important;border-radius:10px !important;overflow:hidden !important}.stk-19dabe1-container:before{background-color:var(--nv-text-dark-bg) !important}<\/style><div class=\"stk-column-wrapper stk-block-column__content stk-container stk-19dabe1-container stk-hover-parent\"><div class=\"has-text-align-left stk-block-content stk-inner-blocks stk-19dabe1-inner-blocks\">\n<div class=\"wp-block-getwid-advanced-heading presse-description has-custom-font-size\" style=\"font-size:120%\"><span class=\"wp-block-getwid-advanced-heading__content has-text-color has-neve-link-color-color\" style=\"line-height:1.5em\"><strong>P\u00f6delwitz welches vor der Abbaggerung gerettet wurde, blickt auf die Zukunft: Vielfalt, Ideen und Potenziale des Dorfes mit Mambo, Jens und Franzi. Ein sehr sch\u00f6ner Beitrag, welcher bereits die bestehende Vielfalt des Dorfes zeigt und wie offen das Dorf ist.<\/strong><\/span><\/div>\n<\/div><\/div><\/div>\n<\/div><\/div>\n<\/div>\n<\/div><\/section>\n\n\n\n<section class=\"wp-block-uagb-columns uagb-columns__wrap uagb-columns__background-none uagb-columns__stack-mobile uagb-columns__valign- uagb-columns__gap-10 align uagb-block-542046ee uagb-columns__columns-2 uagb-columns__max_width-custom\"><div class=\"uagb-columns__overlay\"><\/div><div class=\"uagb-columns__inner-wrap uagb-columns__columns-2\">\n<div class=\"wp-block-uagb-column uagb-column__wrap uagb-column__background-color uagb-block-64bd8bc6\"><div class=\"uagb-column__overlay\"><\/div>\n<div class=\"wp-block-getwid-advanced-heading alignwide presse-head alignwide has-custom-font-size\" style=\"font-size:120%;margin-top:-15px\"><h2 class=\"wp-block-getwid-advanced-heading__content has-text-color has-nv-site-bg-color has-background has-neve-link-color-background-color\" style=\"line-height:0.8px;padding-left:20px;margin-left:-10px;margin-right:-10px\">ND   17.7.2020<\/h2><\/div>\n\n\n<div class=\"vlp-link-container vlp-layout-basic-poedi wp-block-visual-link-preview-link\"><a href=\"https:\/\/www.nd-aktuell.de\/artikel\/1139284.kohleausstieg-in-deutschland-ein-bunter-ort-am-tagebausee.html\" class=\"vlp-link\" title=\"\u00bbEin bunter Ort am Tagebausee\u00ab (neues deutschland)\" rel=\"nofollow\" target=\"_blank\"><\/a><div class=\"vlp-layout-zone-main\"><div class=\"vlp-block-1 vlp-link-title\">\u00bbEin bunter Ort am Tagebausee\u00ab (neues deutschland)<\/div><div class=\"vlp-block-2 vlp-link-summary\">Franziska Knauer und Jens Hausner wollten P\u00f6delwitz nicht den Kohlebaggern \u00fcberlassen. Das Dorf s\u00fcdlich von Leipzig soll lieber Modell f\u00fcr den Strukturwandel werden<\/div><div class=\"vlp-block-3 vlp-link-button\">zum Artikel<\/div><\/div><\/div><\/div>\n\n\n\n<div class=\"wp-block-uagb-column uagb-column__wrap uagb-column__background-color uagb-block-a4f8180a\"><div class=\"uagb-column__overlay\"><\/div>\n<div class=\"wp-block-stackable-columns stk-block-columns stk-block stk-1a4033b\" data-block-id=\"1a4033b\"><div class=\"stk-row stk-inner-blocks stk-block-content stk-content-align stk-1a4033b-column\">\n<div class=\"wp-block-stackable-column stk-block-column stk-column stk-block stk-66c805b pa-speech-bubble-top pa-speech-bubble-top:after\" data-v=\"4\" data-block-id=\"66c805b\"><style>.stk-66c805b{margin-top:-10px !important;margin-right:-10px !important;margin-left:5px !important}.stk-66c805b-container{background-color:var(--nv-text-dark-bg) !important;border-radius:10px !important;overflow:hidden !important}.stk-66c805b-container:before{background-color:var(--nv-text-dark-bg) !important}<\/style><div class=\"stk-column-wrapper stk-block-column__content stk-container stk-66c805b-container stk-hover-parent\"><div class=\"has-text-align-left stk-block-content stk-inner-blocks stk-66c805b-inner-blocks\">\n<div class=\"wp-block-getwid-advanced-heading presse-description has-custom-font-size\" style=\"font-size:120%\"><span class=\"wp-block-getwid-advanced-heading__content has-text-color has-neve-link-color-color\" style=\"line-height:1.5em\"><strong>Interview mit Jens Hausner und Franziska Knauer \u00fcber die Geschichte des Ortes, der gegenw\u00e4rtigen Lebensituation und W\u00fcnsche f\u00fcr P\u00f6delwitz.<\/strong><\/span><\/div>\n<\/div><\/div><\/div>\n<\/div><\/div>\n<\/div>\n<\/div><\/section>\n\n\n\n<section class=\"wp-block-uagb-columns uagb-columns__wrap uagb-columns__background-none uagb-columns__stack-mobile uagb-columns__valign- uagb-columns__gap-10 align uagb-block-ab47c08b uagb-columns__columns-2 uagb-columns__max_width-custom\"><div class=\"uagb-columns__overlay\"><\/div><div class=\"uagb-columns__inner-wrap uagb-columns__columns-2\">\n<div class=\"wp-block-uagb-column uagb-column__wrap uagb-column__background-color uagb-block-e8c4f469\"><div class=\"uagb-column__overlay\"><\/div>\n<div class=\"wp-block-getwid-advanced-heading alignwide presse-head alignwide has-custom-font-size\" style=\"font-size:120%;margin-top:-15px\"><h2 class=\"wp-block-getwid-advanced-heading__content has-text-color has-nv-site-bg-color has-background has-neve-link-color-background-color\" style=\"line-height:0.8px;padding-left:20px;margin-left:-10px;margin-right:-10px\">MDR   27.6.2020<\/h2><\/div>\n\n\n<div class=\"vlp-link-container vlp-layout-basic-poedi wp-block-visual-link-preview-link\"><a href=\"https:\/\/www.mdr.de\/nachrichten\/podcast\/reportage\/was-wird-aus-poedelwitz100.html\" class=\"vlp-link\" title=\"Was wird aus den H\u00e4usern in P\u00f6delwitz? | MDR.DE\" rel=\"nofollow\" target=\"_blank\"><\/a><div class=\"vlp-layout-zone-main\"><div class=\"vlp-block-0 vlp-link-image\"><img decoding=\"async\" src=\"https:\/\/cdn.mdr.de\/administratives\/html\/logo-mdr-sm-100_v-variantBig16x9_wm-true_zc-ecbbafc6.jpg?version=22992\" style=\"max-width: 768px; max-height: 768px\" \/><\/div><div class=\"vlp-block-1 vlp-link-title\">Was wird aus den H\u00e4usern in P\u00f6delwitz? | MDR.DE<\/div><div class=\"vlp-block-2 vlp-link-summary\">Viele Menschen leben nicht mehr in P\u00f6delwitz bei Leipzig. Die meisten sind gegangen, als das Dorf wegen der Braunkohle abgebaggert werden sollte. Doch nun soll P\u00f6delwitz bleiben. Die lange Reportage von Milan Schnieder.<\/div><div class=\"vlp-block-3 vlp-link-button\">zum Artikel<\/div><\/div><\/div><\/div>\n\n\n\n<div class=\"wp-block-uagb-column uagb-column__wrap uagb-column__background-color uagb-block-0e07bfa4\"><div class=\"uagb-column__overlay\"><\/div>\n<div class=\"wp-block-stackable-columns stk-block-columns stk-block stk-acc3f26\" data-block-id=\"acc3f26\"><div class=\"stk-row stk-inner-blocks stk-block-content stk-content-align stk-acc3f26-column\">\n<div class=\"wp-block-stackable-column stk-block-column stk-column stk-block stk-d2ce1fb pa-speech-bubble-top pa-speech-bubble-top:after\" data-v=\"4\" data-block-id=\"d2ce1fb\"><style>.stk-d2ce1fb{margin-top:-10px !important;margin-right:-10px !important;margin-left:5px !important}.stk-d2ce1fb-container{background-color:var(--nv-text-dark-bg) !important;border-radius:10px !important;overflow:hidden !important}.stk-d2ce1fb-container:before{background-color:var(--nv-text-dark-bg) !important}<\/style><div class=\"stk-column-wrapper stk-block-column__content stk-container stk-d2ce1fb-container stk-hover-parent\"><div class=\"has-text-align-left stk-block-content stk-inner-blocks stk-d2ce1fb-inner-blocks\">\n<div class=\"wp-block-getwid-advanced-heading presse-description has-custom-font-size\" style=\"font-size:120%\"><span class=\"wp-block-getwid-advanced-heading__content has-text-color has-neve-link-color-color\" style=\"line-height:1.5em\"><strong>Ein Podcast mit Ausblick auf die Zukunft von P\u00f6delwitz.<\/strong><\/span><\/div>\n<\/div><\/div><\/div>\n<\/div><\/div>\n<\/div>\n<\/div><\/section>\n\n\n\n<section class=\"wp-block-uagb-columns uagb-columns__wrap uagb-columns__background-none uagb-columns__stack-mobile uagb-columns__valign- uagb-columns__gap-10 align uagb-block-29536d23 uagb-columns__columns-2 uagb-columns__max_width-custom\"><div class=\"uagb-columns__overlay\"><\/div><div class=\"uagb-columns__inner-wrap uagb-columns__columns-2\">\n<div class=\"wp-block-uagb-column uagb-column__wrap uagb-column__background-color uagb-block-51f988d2\"><div class=\"uagb-column__overlay\"><\/div>\n<div class=\"wp-block-getwid-advanced-heading alignwide presse-head alignwide has-custom-font-size\" style=\"font-size:120%;margin-top:-15px\"><h2 class=\"wp-block-getwid-advanced-heading__content has-text-color has-nv-site-bg-color has-background has-neve-link-color-background-color\" style=\"line-height:0.8px;padding-left:20px;margin-left:-10px;margin-right:-10px\">LVZ   9.6.2020<\/h2><\/div>\n\n\n<div class=\"vlp-link-container vlp-layout-basic-poedi wp-block-visual-link-preview-link\"><a href=\"https:\/\/www.lvz.de\/Region\/Borna\/Poedelwitz-will-Vorzeigeprojekt-des-Strukturwandels-werden\" class=\"vlp-link\" title=\"Plan f\u00fcr die Zukunft: P\u00f6delwitz will Vorzeigeprojekt des Strukturwandels werden\" rel=\"nofollow\" target=\"_blank\"><\/a><div class=\"vlp-layout-zone-main\"><div class=\"vlp-block-0 vlp-link-image\"><img decoding=\"async\" src=\"https:\/\/www.lvz.de\/resizer\/AatNZf8yyduhpLjDLZ-QH3itpC4=\/1200x675\/filters:quality(70):watermark(assets.rndtech.de\/lvz\/watermark-plus.svg,50,50,0)\/cloudfront-eu-central-1.images.arcpublishing.com\/madsack\/MGUMANXIEWE3SR7HBULWY5LFBQ.jpg\" style=\"max-width: 768px; max-height: 768px\" \/><\/div><div class=\"vlp-block-1 vlp-link-title\">Plan f\u00fcr die Zukunft: P\u00f6delwitz will Vorzeigeprojekt des Strukturwandels werden<\/div><div class=\"vlp-block-2 vlp-link-summary\">Die Bewohner des (fast) vor der Kohle-Abbaggerung geretteten P\u00f6delwitz legen ein Zukunftspapier vor. Mit diesem \u201eDorfentwicklungsplan\u201c soll der Groitzscher Ortsteil zum Vorzeigeprojekt des Strukturwandels gestaltet werden.<\/div><div class=\"vlp-block-3 vlp-link-button\">zum Artikel<\/div><\/div><\/div><\/div>\n\n\n\n<div class=\"wp-block-uagb-column uagb-column__wrap uagb-column__background-color uagb-block-65284cbc\"><div class=\"uagb-column__overlay\"><\/div>\n<div class=\"wp-block-stackable-columns stk-block-columns stk-block stk-efd2630\" data-block-id=\"efd2630\"><div class=\"stk-row stk-inner-blocks stk-block-content stk-content-align stk-efd2630-column\">\n<div class=\"wp-block-stackable-column stk-block-column stk-column stk-block stk-91d79fc pa-speech-bubble-top pa-speech-bubble-top:after\" data-v=\"4\" data-block-id=\"91d79fc\"><style>.stk-91d79fc{margin-top:-10px !important;margin-right:-10px !important;margin-left:5px !important}.stk-91d79fc-container{background-color:var(--nv-text-dark-bg) !important;border-radius:10px !important;overflow:hidden !important}.stk-91d79fc-container:before{background-color:var(--nv-text-dark-bg) !important}<\/style><div class=\"stk-column-wrapper stk-block-column__content stk-container stk-91d79fc-container stk-hover-parent\"><div class=\"has-text-align-left stk-block-content stk-inner-blocks stk-91d79fc-inner-blocks\">\n<div class=\"wp-block-getwid-advanced-heading presse-description has-custom-font-size\" style=\"font-size:120%\"><span class=\"wp-block-getwid-advanced-heading__content has-text-color has-neve-link-color-color\" style=\"line-height:1.5em\"><strong>Unser Ma\u00dfnahme- und Positionspapier zu \u201cP\u00f6delwitz hat Zukunft\u201d wird ver\u00f6ffentlicht.<\/strong><\/span><\/div>\n<\/div><\/div><\/div>\n<\/div><\/div>\n<\/div>\n<\/div><\/section>\n\n\n\n<section class=\"wp-block-uagb-columns uagb-columns__wrap uagb-columns__background-none uagb-columns__stack-mobile uagb-columns__valign- uagb-columns__gap-10 align uagb-block-11a4e182 uagb-columns__columns-2 uagb-columns__max_width-custom\"><div class=\"uagb-columns__overlay\"><\/div><div class=\"uagb-columns__inner-wrap uagb-columns__columns-2\">\n<div class=\"wp-block-uagb-column uagb-column__wrap uagb-column__background-color uagb-block-52e554e7\"><div class=\"uagb-column__overlay\"><\/div>\n<div class=\"wp-block-getwid-advanced-heading alignwide presse-head alignwide has-custom-font-size\" style=\"font-size:120%;margin-top:-15px\"><h2 class=\"wp-block-getwid-advanced-heading__content has-text-color has-nv-site-bg-color has-background has-neve-link-color-background-color\" style=\"line-height:0.8px;padding-left:20px;margin-left:-10px;margin-right:-10px\">ADB   15.4.2020<\/h2><\/div>\n\n\n<div class=\"vlp-link-container vlp-layout-basic-poedi wp-block-visual-link-preview-link\"><a href=\"https:\/\/www.youtube.com\/watch?v=aJ6EaA_8ftk\" class=\"vlp-link\" title=\"P\u00f6delwitz bleibt! Wie wir das Dorf vor der Braunkohle gerettet haben\" rel=\"nofollow\" target=\"_blank\"><\/a><div class=\"vlp-layout-zone-main\"><div class=\"vlp-block-0 vlp-link-image\"><img decoding=\"async\" src=\"https:\/\/img.youtube.com\/vi\/aJ6EaA_8ftk\/maxresdefault.jpg\" style=\"max-width: 768px; max-height: 768px\" \/><\/div><div class=\"vlp-block-1 vlp-link-title\">P\u00f6delwitz bleibt! Wie wir das Dorf vor der Braunkohle gerettet haben<\/div><div class=\"vlp-block-2 vlp-link-summary\">Das sch\u00f6ne Dorf P\u00f6delwitz sollte, wie viele weitere Orte in Deutschland, f\u00fcr die Braunkohle zerst\u00f6rt werden. Wir haben um P\u00f6delwitz gek\u00e4mpft \u2013 und gewonnen! ...<\/div><div class=\"vlp-block-3 vlp-link-button\">zum Artikel<\/div><\/div><\/div><\/div>\n\n\n\n<div class=\"wp-block-uagb-column uagb-column__wrap uagb-column__background-color uagb-block-24299d53\"><div class=\"uagb-column__overlay\"><\/div>\n<div class=\"wp-block-stackable-columns stk-block-columns stk-block stk-b40e372\" data-block-id=\"b40e372\"><div class=\"stk-row stk-inner-blocks stk-block-content stk-content-align stk-b40e372-column\">\n<div class=\"wp-block-stackable-column stk-block-column stk-column stk-block stk-88ec80e pa-speech-bubble-top pa-speech-bubble-top:after\" data-v=\"4\" data-block-id=\"88ec80e\"><style>.stk-88ec80e{margin-top:-10px !important;margin-right:-10px !important;margin-left:5px !important}.stk-88ec80e-container{background-color:var(--nv-text-dark-bg) !important;border-radius:10px !important;overflow:hidden !important}.stk-88ec80e-container:before{background-color:var(--nv-text-dark-bg) !important}<\/style><div class=\"stk-column-wrapper stk-block-column__content stk-container stk-88ec80e-container stk-hover-parent\"><div class=\"has-text-align-left stk-block-content stk-inner-blocks stk-88ec80e-inner-blocks\">\n<div class=\"wp-block-getwid-advanced-heading presse-description has-custom-font-size\" style=\"font-size:120%\"><span class=\"wp-block-getwid-advanced-heading__content has-text-color has-neve-link-color-color\" style=\"line-height:1.5em\"><strong>Wir haben uns stark gemacht, doch wie haben wir das gemacht und was passiert nun? Ein gro\u00dfer Dank geht raus an alle Unterst\u00fctzer*innen.<\/strong><\/span><\/div>\n<\/div><\/div><\/div>\n<\/div><\/div>\n<\/div>\n<\/div><\/section>\n\n\n\n<h2 class=\"wp-block-heading\">2019<\/h2>\n\n\n\n<section class=\"wp-block-uagb-columns uagb-columns__wrap uagb-columns__background-none uagb-columns__stack-mobile uagb-columns__valign- uagb-columns__gap-10 align uagb-block-c3e30786 uagb-columns__columns-2 uagb-columns__max_width-custom\"><div class=\"uagb-columns__overlay\"><\/div><div class=\"uagb-columns__inner-wrap uagb-columns__columns-2\">\n<div class=\"wp-block-uagb-column uagb-column__wrap uagb-column__background-color uagb-block-85230329\"><div class=\"uagb-column__overlay\"><\/div>\n<div class=\"wp-block-getwid-advanced-heading alignwide presse-head alignwide has-custom-font-size\" style=\"font-size:120%;margin-top:-15px\"><h2 class=\"wp-block-getwid-advanced-heading__content has-text-color has-nv-site-bg-color has-background has-neve-link-color-background-color\" style=\"line-height:0.8px;padding-left:20px;margin-left:-10px;margin-right:-10px\">DLF   15.8.2019<\/h2><\/div>\n\n\n<div class=\"vlp-link-container vlp-layout-basic-poedi wp-block-visual-link-preview-link\"><a href=\"https:\/\/www.deutschlandfunkkultur.de\/poedelwitz-kaempft-um-seine-existenz-wir-sind-im.1001.de.html?dram:article_id=456323\" class=\"vlp-link\" title=\"P\u00f6delwitz k\u00e4mpft um seine Existenz - \u201cWir sind im Kohlerevier nicht Menschen zweiter Klasse\u201d\" rel=\"nofollow\" target=\"_blank\"><\/a><div class=\"vlp-layout-zone-main\"><div class=\"vlp-block-0 vlp-link-image\"><img decoding=\"async\" src=\"https:\/\/assets.deutschlandfunk.de\/FILE_75e3b1c3bc34cdabed36abf0c3598155\/1920x1080.jpg?t=1597561857005\" style=\"max-width: 768px; max-height: 768px\" \/><\/div><div class=\"vlp-block-1 vlp-link-title\">P\u00f6delwitz k\u00e4mpft um seine Existenz - \u201cWir sind im Kohlerevier nicht Menschen zweiter Klasse\u201d<\/div><div class=\"vlp-block-2 vlp-link-summary\">Abgesiedelt und bald abgebaggert? In P\u00f6delwitz in Sachsen wohnen nur noch 20 Menschen, alle anderen haben ihre H\u00e4user an das Braunkohleunternehmen Mibrag verkauft. Die letzten aber wehren sich. Nun hat ein Klimacamp seine Zelte dort aufgeschlagen.<\/div><div class=\"vlp-block-3 vlp-link-button\">zum Artikel<\/div><\/div><\/div><\/div>\n\n\n\n<div class=\"wp-block-uagb-column uagb-column__wrap uagb-column__background-color uagb-block-fd224af0\"><div class=\"uagb-column__overlay\"><\/div>\n<div class=\"wp-block-stackable-columns stk-block-columns stk-block stk-d4b4110\" data-block-id=\"d4b4110\"><div class=\"stk-row stk-inner-blocks stk-block-content stk-content-align stk-d4b4110-column\">\n<div class=\"wp-block-stackable-column stk-block-column stk-column stk-block stk-cad888b pa-speech-bubble-top pa-speech-bubble-top:after\" data-v=\"4\" data-block-id=\"cad888b\"><style>.stk-cad888b{margin-top:-10px !important;margin-right:-10px !important;margin-left:5px !important}.stk-cad888b-container{background-color:var(--nv-text-dark-bg) !important;border-radius:10px !important;overflow:hidden !important}.stk-cad888b-container:before{background-color:var(--nv-text-dark-bg) !important}<\/style><div class=\"stk-column-wrapper stk-block-column__content stk-container stk-cad888b-container stk-hover-parent\"><div class=\"has-text-align-left stk-block-content stk-inner-blocks stk-cad888b-inner-blocks\">\n<div class=\"wp-block-getwid-advanced-heading presse-description has-custom-font-size\" style=\"font-size:120%\"><span class=\"wp-block-getwid-advanced-heading__content has-text-color has-neve-link-color-color\" style=\"line-height:1.5em\"><strong>Wir w\u00fcnschen uns eine Kommunikation auf Augenh\u00f6he und fordern das Verst\u00e4ndnis der Politik, kein weiteres Dorf der Braunkohle zu opfern.<\/strong><\/span><\/div>\n\n\n\n<div style=\"height:40px\" aria-hidden=\"true\" class=\"wp-block-spacer\"><\/div>\n\n\n\n<div class=\"wp-block-getwid-advanced-heading presse-comment\"><span class=\"wp-block-getwid-advanced-heading__content\" style=\"line-height:1.4em\"><strong>Anmerkung: 20 Menschen - es wohnten zu diesem Zeitpunkt 27 Menschen in P\u00f6delwitz plus 10 Menschen im Projektgarten des Dorfes. Heute sind es 25.<\/strong><\/span><\/div>\n<\/div><\/div><\/div>\n<\/div><\/div>\n<\/div>\n<\/div><\/section>\n\n\n\n<section class=\"wp-block-uagb-columns uagb-columns__wrap uagb-columns__background-none uagb-columns__stack-mobile uagb-columns__valign- uagb-columns__gap-10 align uagb-block-f5cef643 uagb-columns__columns-2 uagb-columns__max_width-custom\"><div class=\"uagb-columns__overlay\"><\/div><div class=\"uagb-columns__inner-wrap uagb-columns__columns-2\">\n<div class=\"wp-block-uagb-column uagb-column__wrap uagb-column__background-color uagb-block-09dfa9ec\"><div class=\"uagb-column__overlay\"><\/div>\n<div class=\"wp-block-getwid-advanced-heading alignwide presse-head alignwide has-custom-font-size\" style=\"font-size:120%;margin-top:-15px\"><h2 class=\"wp-block-getwid-advanced-heading__content has-text-color has-nv-site-bg-color has-background has-neve-link-color-background-color\" style=\"line-height:0.8px;padding-left:20px;margin-left:-10px;margin-right:-10px\">klimareporter   13.8.2019<\/h2><\/div>\n\n\n<div class=\"vlp-link-container vlp-layout-basic-poedi wp-block-visual-link-preview-link\"><a href=\"https:\/\/www.klimareporter.de\/protest\/zwischen-braunkohlebagger-und-utopie\" class=\"vlp-link\" title=\"P\u00f6delwitz zwischen Braunkohlebagger und Utopie\" rel=\"nofollow\" target=\"_blank\"><\/a><div class=\"vlp-layout-zone-main\"><div class=\"vlp-block-0 vlp-link-image\"><img decoding=\"async\" src=\"https:\/\/www.klimareporter.de\/images\/karo3imgmanager\/resized\/3901-4000\/_1_2-3920-960-640-80-c.jpg\" style=\"max-width: 768px; max-height: 768px\" \/><\/div><div class=\"vlp-block-1 vlp-link-title\">P\u00f6delwitz zwischen Braunkohlebagger und Utopie<\/div><div class=\"vlp-block-2 vlp-link-summary\">Der Braunkohlebagger bedroht das Dorf P\u00f6delwitz im Leipziger Umland. Deshalb haben die Einwohner in diesem August zum zweiten Mal das Klimacamp eingeladen. Die mehr als tausend Aktivisten vereinte nicht nur die Forderung, P\u00f6delwitz zu erhalten, sondern auch ein gr\u00f6\u00dferer Wunsch: Klimagerechtigkeit.<\/div><div class=\"vlp-block-3 vlp-link-button\">zum Artikel<\/div><\/div><\/div><\/div>\n\n\n\n<div class=\"wp-block-uagb-column uagb-column__wrap uagb-column__background-color uagb-block-ea08ee20\"><div class=\"uagb-column__overlay\"><\/div>\n<div class=\"wp-block-stackable-columns stk-block-columns stk-block stk-60e75f3\" data-block-id=\"60e75f3\"><div class=\"stk-row stk-inner-blocks stk-block-content stk-content-align stk-60e75f3-column\">\n<div class=\"wp-block-stackable-column stk-block-column stk-column stk-block stk-01ccf99 pa-speech-bubble-top pa-speech-bubble-top:after\" data-v=\"4\" data-block-id=\"01ccf99\"><style>.stk-01ccf99{margin-top:-10px !important;margin-right:-10px !important;margin-left:5px !important}.stk-01ccf99-container{background-color:var(--nv-text-dark-bg) !important;border-radius:10px !important;overflow:hidden !important}.stk-01ccf99-container:before{background-color:var(--nv-text-dark-bg) !important}<\/style><div class=\"stk-column-wrapper stk-block-column__content stk-container stk-01ccf99-container stk-hover-parent\"><div class=\"has-text-align-left stk-block-content stk-inner-blocks stk-01ccf99-inner-blocks\">\n<div class=\"wp-block-getwid-advanced-heading presse-description has-custom-font-size\" style=\"font-size:120%\"><span class=\"wp-block-getwid-advanced-heading__content has-text-color has-neve-link-color-color\" style=\"line-height:1.5em\"><strong>Das 2. Klimacamp in P\u00f6delwitz fand im August 2019 statt mit 100 Workshops, Podiumsdiskussionen und einer Tanzdemo.<\/strong><\/span><\/div>\n<\/div><\/div><\/div>\n<\/div><\/div>\n<\/div>\n<\/div><\/section>\n\n\n\n<p><\/p>","protected":false},"excerpt":{"rendered":"<p>Pressekontakt Wir stehen Journalist*innen f\u00fcr weitere Informationen gerne zur Verf\u00fcgung. Anfragen k\u00f6nnen an unsere AG \u00d6ffentlichkeitsarbeit gestellt werden (PGP Schl\u00fcssel). Presseartikel (Auszug) 2024 2023 2022 2021 2020 2019<\/p>","protected":false},"author":1,"featured_media":0,"parent":0,"menu_order":0,"comment_status":"closed","ping_status":"closed","template":"","meta":{"inline_featured_image":false,"footnotes":""},"class_list":["post-1837","page","type-page","status-publish","hentry"],"_links":{"self":[{"href":"https:\/\/www.poedelwitz.de\/en\/wp-json\/wp\/v2\/pages\/1837","targetHints":{"allow":["GET"]}}],"collection":[{"href":"https:\/\/www.poedelwitz.de\/en\/wp-json\/wp\/v2\/pages"}],"about":[{"href":"https:\/\/www.poedelwitz.de\/en\/wp-json\/wp\/v2\/types\/page"}],"author":[{"embeddable":true,"href":"https:\/\/www.poedelwitz.de\/en\/wp-json\/wp\/v2\/users\/1"}],"replies":[{"embeddable":true,"href":"https:\/\/www.poedelwitz.de\/en\/wp-json\/wp\/v2\/comments?post=1837"}],"version-history":[{"count":181,"href":"https:\/\/www.poedelwitz.de\/en\/wp-json\/wp\/v2\/pages\/1837\/revisions"}],"predecessor-version":[{"id":5723,"href":"https:\/\/www.poedelwitz.de\/en\/wp-json\/wp\/v2\/pages\/1837\/revisions\/5723"}],"wp:attachment":[{"href":"https:\/\/www.poedelwitz.de\/en\/wp-json\/wp\/v2\/media?parent=1837"}],"curies":[{"name":"wp","href":"https:\/\/api.w.org\/{rel}","templated":true}]}}